{"id":1069,"date":"2022-12-07T10:18:16","date_gmt":"2022-12-07T09:18:16","guid":{"rendered":"https:\/\/stage.usercentrics.com\/de\/?page_id=17783"},"modified":"2025-11-17T07:11:50","modified_gmt":"2025-11-17T06:11:50","slug":"datenschutzerklaerung-bis-nov-2022","status":"publish","type":"page","link":"https:\/\/usercentrics.com\/de\/datenschutzerklaerung-bis-nov-2022\/","title":{"rendered":"Datenschutzerkl\u00e4rung g\u00fcltig bis November 2022"},"content":{"rendered":"<div class=\"uc-flex-row\" style=\"--padding-top: 0px; --padding-bottom: var(--wp--preset--spacing--5-xl);\"><div class=\"uc-flex-column\" style=\"--column-size: var(--column-size-12);--i:1;\">\n    \n\n  window.UC_UI_SUPPRESS_CMP_DISPLAY = true;\n\n\n\n\n\n\n\n\n<h1 class=\"wp-block-heading\">Datenschutzerkl\u00e4rung g\u00fcltig bis November 2022<\/h1>\n\n\n\n\n\n\n\n\n<p>Letzte Aktualisierung: <\/p>\n\n\n\n\n\n\n  <div class=\"uc-accordion-item\" id=\"uc-accordion-item-1\">\n    <h3 class=\"uc-accordion-item__title no-default-margin\">    <button class=\"uc-accordion-item__button\"\n            id=\"uc-accordion-item-1-button\"\n            aria-expanded=\"false\"\n            aria-controls=\"uc-accordion-item-1-content\">\n        Definition    <\/button>\n    <\/h3>    <div class=\"uc-accordion-item__content\"\n         id=\"uc-accordion-item-1-content\"\n         aria-labelledby=\"uc-accordion-item-1-button\">\n        <div class=\"uc-accordion-item__content__inner\">\n            <p>Unsere Datenschutzerkl\u00e4rung basiert auf den Begriffen, die der europ\u00e4ische Gesetzgeber im Rahmen der Datenschutzverordnung (DSGVO) verwendet. Unsere Datenschutzerkl\u00e4rung soll f\u00fcr die \u00d6ffentlichkeit, aber auch f\u00fcr unsere Kunden und Gesch\u00e4ftspartner lesbar und verst\u00e4ndlich sein. Um dies zu gew\u00e4hrleisten, m\u00f6chten wir zun\u00e4chst einige der verwendeten Begriffe erl\u00e4utern.<\/p>\n<h3>1. Personenbezogene Daten<\/h3>\n<p>Personenbezogene Daten sind alle Informationen \u00fcber eine bestimmte oder identifizierbare nat\u00fcrliche Person (\u201eBetroffene\u201c). Eine identifizierbare nat\u00fcrliche Person ist eine Person, die direkt oder indirekt identifiziert werden kann, insbesondere durch Bezugnahme auf einen Identifikator wie einen Namen, eine Identifikationsnummer, Ortsdaten, ein Online-Kennzeichen oder anhand eines oder mehrerer spezifischer Merkmale der physischen, physiologischen, genetischen, geistigen, wirtschaftlichen, kulturellen oder sozialen Identit\u00e4t dieser nat\u00fcrlichen Person.<\/p>\n<h3>2. Betroffener<\/h3>\n<p>Betroffen ist jede identifizierte oder identifizierbare nat\u00fcrliche Person, deren personenbezogene Daten von dem f\u00fcr die Verarbeitung Verantwortlichen verarbeitet werden.<\/p>\n<h3>3. Verarbeitung<\/h3>\n<p>Verarbeitung ist jeder Vorgang oder jede Gesamtheit von Vorg\u00e4ngen, die mit personenbezogenen Daten oder mit personenbezogenen Daten durchgef\u00fchrt werden, unabh\u00e4ngig davon, ob diese automatisiert erfasst, aufgezeichnet, organisiert, strukturiert, gespeichert, angepasst oder ge\u00e4ndert, abgerufen, konsultiert, genutzt, durch \u00dcbermittlung, Verbreitung oder anderweitig zug\u00e4nglich gemacht, ausgerichtet oder kombiniert, eingeschr\u00e4nkt, gel\u00f6scht oder vernichtet werden.<\/p>\n<h3>4. Profiling<\/h3>\n<p>Unter Profiling versteht man jede Form der automatisierten Verarbeitung personenbezogener Daten, die aus der Verwendung\u00a0<a title=\"DSGVO: Definition von personenbezogenen Daten\" href=\"https:\/\/usercentrics.com\/de\/knowledge-hub\/personenbezogene-daten\/\" target=\"_self\" data-ail=\"350\" rel=\"noopener\">personenbezogener Daten<\/a>\u00a0zur Bewertung bestimmter Aspekte einer nat\u00fcrlichen Person besteht, insbesondere zur Analyse oder Vorhersage von Aspekten der Arbeitsleistung, der wirtschaftlichen Situation, der Gesundheit, der pers\u00f6nlichen Pr\u00e4ferenzen, der Interessen, der Zuverl\u00e4ssigkeit, des Verhaltens, des Standorts oder der Bewegungen dieser nat\u00fcrlichen Person.<\/p>\n<h3>5. Pseudonymisierung<\/h3>\n<p>Pseudonymisierung ist die Verarbeitung\u00a0<a title=\"DSGVO: Definition von personenbezogenen Daten\" href=\"https:\/\/usercentrics.com\/de\/knowledge-hub\/personenbezogene-daten\/\" target=\"_self\" data-ail=\"350\" rel=\"noopener\">personenbezogener Daten<\/a>\u00a0in der Weise, dass die personenbezogenen Daten ohne die Verwendung zus\u00e4tzlicher Informationen nicht mehr einer bestimmten Person zugeordnet werden k\u00f6nnen, sofern diese zus\u00e4tzlichen Informationen getrennt aufbewahrt werden und technischen und organisatorischen Ma\u00dfnahmen unterliegen, um sicherzustellen, dass die personenbezogenen Daten nicht einer bestimmten oder bestimmbaren nat\u00fcrlichen Person zugeordnet werden.<\/p>\n<h3>6. Verantwortlicher (eng. Controller)<\/h3>\n<p>Verantwortlich f\u00fcr die Verarbeitung ist die nat\u00fcrliche oder juristische Person, Beh\u00f6rde, Agentur oder sonstige Stelle, die allein oder gemeinsam mit anderen die Zwecke und Mittel der Verarbeitung\u00a0<a title=\"DSGVO: Definition von personenbezogenen Daten\" href=\"https:\/\/usercentrics.com\/de\/knowledge-hub\/personenbezogene-daten\/\" target=\"_self\" data-ail=\"350\" rel=\"noopener\">personenbezogener Daten<\/a>\u00a0festlegt; werden die Zwecke und Mittel dieser Verarbeitung durch das Recht der Union oder der Mitgliedstaaten bestimmt, so kann der f\u00fcr die Verarbeitung Verantwortliche oder die spezifischen Kriterien f\u00fcr ihre Benennung durch das Recht der Union oder der Mitgliedstaaten festgelegt werden.<\/p>\n<h3>7. Auftragsverarbeiter (eng. Processor)<\/h3>\n<p>Auftragsverarbeiter ist eine nat\u00fcrliche oder juristische Person, Beh\u00f6rde, Beh\u00f6rde oder sonstige Stelle, die personenbezogene Daten im Auftrag des Verantwortlichen bzw. Controllers verarbeitet.<\/p>\n<h3>8. Empf\u00e4nger (eng. Recipients)<\/h3>\n<p>Empf\u00e4nger ist eine nat\u00fcrliche oder juristische Person, Beh\u00f6rde, Agentur oder eine andere Stelle, an die die personenbezogenen Daten weitergegeben werden, unabh\u00e4ngig davon, ob es sich um einen Dritten handelt oder nicht. Beh\u00f6rden, die personenbezogene Daten im Rahmen einer besonderen Untersuchung nach dem Recht der Union oder eines Mitgliedstaats erhalten k\u00f6nnen, gelten jedoch nicht als Empf\u00e4nger; die Verarbeitung dieser Daten durch diese Beh\u00f6rden erfolgt im Einklang mit den geltenden Datenschutzvorschriften entsprechend den Zwecken der Verarbeitung.<\/p>\n<h3>9. Dritte<\/h3>\n<p>Dritte sind nat\u00fcrliche oder juristische Personen, Beh\u00f6rden, Agenturen oder Einrichtungen mit Ausnahme der betroffenen Person, des Verantwortlichen, des Auftragsverarbeiters und der Personen, die unter der direkten Aufsicht des Verantwortlichen oder des Auftragsverarbeiters zur Verarbeitung personenbezogener Daten befugt sind.<\/p>\n<h3>10. Einwilligung (eng. Consent)<\/h3>\n<p>Die Einwilligung der betroffenen Person ist jede frei gegebene, spezifische, informierte und eindeutige Darlegung der W\u00fcnsche der betroffenen Person, durch die sie durch eine Erkl\u00e4rung oder durch eine eindeutige Bejahung ihre Einwilligung in die Verarbeitung der sie betreffenden personenbezogenen Daten erkl\u00e4rt.<\/p>\n        <\/div>\n    <\/div>\n<\/div>\n\n\n<div class=\"uc-accordion-item\" id=\"uc-accordion-item-2\">\n    <h3 class=\"uc-accordion-item__title no-default-margin\">    <button class=\"uc-accordion-item__button\"\n            id=\"uc-accordion-item-2-button\"\n            aria-expanded=\"false\"\n            aria-controls=\"uc-accordion-item-2-content\">\n        I. Name des Verantwortlichen    <\/button>\n    <\/h3>    <div class=\"uc-accordion-item__content\"\n         id=\"uc-accordion-item-2-content\"\n         aria-labelledby=\"uc-accordion-item-2-button\">\n        <div class=\"uc-accordion-item__content__inner\">\n            <p>Der Verantwortliche im Sinne der\u00a0DSGVO\u00a0und anderer nationaler Datenschutzgesetze der Mitgliedsstaaten sowie sonstiger datenschutzrechtlicher Bestimmungen ist die<\/p>\n<p>Usercentrics GmbH<br \/>\nSendlinger Stra\u00dfe 7<br \/>\n80331 M\u00fcnchen<br \/>\nDeutschland<\/p>\n<p>E-Mail: <a href=\"mailto:datenschutz@usercentrics.com\">datenschutz@usercentrics.com<\/a> | Website: www.usercentrics.com<\/p>\n        <\/div>\n    <\/div>\n<\/div>\n\n\n<div class=\"uc-accordion-item\" id=\"uc-accordion-item-3\">\n    <h3 class=\"uc-accordion-item__title no-default-margin\">    <button class=\"uc-accordion-item__button\"\n            id=\"uc-accordion-item-3-button\"\n            aria-expanded=\"false\"\n            aria-controls=\"uc-accordion-item-3-content\">\n        II. Datenschutzbeauftragter    <\/button>\n    <\/h3>    <div class=\"uc-accordion-item__content\"\n         id=\"uc-accordion-item-3-content\"\n         aria-labelledby=\"uc-accordion-item-3-button\">\n        <div class=\"uc-accordion-item__content__inner\">\n            <p>Sie erreichen unseren Datenschutzbeauftragten wie folgt:<\/p>\n<p><strong>SECUWING GmbH &amp; Co. KG<\/strong><br \/>\nMaximilian Hartung<\/p>\n<p>Frauentorstr. 9<br \/>\n86152 Augsburg<br \/>\nDeutschland<\/p>\n<p>E-mail: <a class=\"ProsemirrorEditor-link\" href=\"mailto:epost@datenschutz-agentur.de\">epost@datenschutz-agentur.de<\/a> | Telefon: +49 821 90786450 | Telefax: +49 821 90786459<\/p>\n        <\/div>\n    <\/div>\n<\/div>\n\n\n<div class=\"uc-accordion-item\" id=\"uc-accordion-item-4\">\n    <h3 class=\"uc-accordion-item__title no-default-margin\">    <button class=\"uc-accordion-item__button\"\n            id=\"uc-accordion-item-4-button\"\n            aria-expanded=\"false\"\n            aria-controls=\"uc-accordion-item-4-content\">\n        III. Allgemeines zur Erhebung und Verarbeitung Ihrer Daten    <\/button>\n    <\/h3>    <div class=\"uc-accordion-item__content\"\n         id=\"uc-accordion-item-4-content\"\n         aria-labelledby=\"uc-accordion-item-4-button\">\n        <div class=\"uc-accordion-item__content__inner\">\n            <h3>1. Umfang der Verarbeitung<\/h3>\n<p>Wir verarbeiten personenbezogene Daten unserer Webseitenbesucher und Nutzer grunds\u00e4tzlich nur, soweit dies zur Bereitstellung einer funktionsf\u00e4higen Website sowie unserer Inhalte und Leistungen erforderlich ist. Die Verarbeitung personenbezogener Daten unserer Nutzer erfolgt regelm\u00e4\u00dfig nur nach Einwilligung des Nutzers. Eine Ausnahme gilt in solchen F\u00e4llen, in denen eine vorherige Einholung einer Einwilligung aus tats\u00e4chlichen Gr\u00fcnden nicht m\u00f6glich ist und die Verarbeitung der Daten durch gesetzliche Vorschriften gestattet ist.<\/p>\n<h3>2. Rechtsgrundlage<\/h3>\n<p>Soweit wir f\u00fcr Verarbeitungsvorg\u00e4nge personenbezogener Daten eine Einwilligung der betroffenen Person einholen, dient Art. 6 Abs. 1 lit. a\u00a0<a title=\"DSGVO: Alles Wissenswerte zur Datenschutzgrundverordnung\" href=\"https:\/\/usercentrics.com\/de\/knowledge-hub\/\" target=\"_self\" data-ail=\"350\" rel=\"noopener\">DSGVO<\/a>\u00a0als Rechtsgrundlage.<\/p>\n<p>Bei der Verarbeitung von personenbezogenen Daten, die zur Erf\u00fcllung eines Vertrages, dessen Vertragspartei die betroffene Person ist, erforderlich ist, dient Art. 6 Abs. 1 lit. b\u00a0<a title=\"DSGVO: Alles Wissenswerte zur Datenschutzgrundverordnung\" href=\"https:\/\/usercentrics.com\/de\/knowledge-hub\/\" target=\"_self\" data-ail=\"350\" rel=\"noopener\">DSGVO<\/a>\u00a0als Rechtsgrundlage. Dies gilt auch f\u00fcr Verarbeitungsvorg\u00e4nge, die zur Durchf\u00fchrung vorvertraglicher Ma\u00dfnahmen erforderlich sind.<\/p>\n<p>Soweit eine Verarbeitung personenbezogener Daten zur Erf\u00fcllung einer rechtlichen Verpflichtung erforderlich ist, der unser Unternehmen unterliegt, dient Art. 6 Abs. 1 lit. c DSGVO als Rechtsgrundlage.<\/p>\n<p>F\u00fcr den Fall, dass lebenswichtige Interessen der betroffenen Person oder einer anderen nat\u00fcrlichen Person eine Verarbeitung personenbezogener Daten erforderlich machen, dient Art. 6 Abs. 1 lit. d DSGVO als Rechtsgrundlage.<\/p>\n<p>Ist die Verarbeitung zur Wahrung eines berechtigten Interesses unseres Unternehmens oder eines Dritten erforderlich und \u00fcberwiegen die Interessen, Grundrechte und Grundfreiheiten des Betroffenen das erstgenannte Interesse nicht, so dient Art. 6 Abs. 1 lit. f DSGVO als Rechtsgrundlage f\u00fcr die Verarbeitung.<\/p>\n<h3>3. Speicherung und L\u00f6schung Ihrer Daten<\/h3>\n<p>Wir l\u00f6schen oder sperren personenbezogenen Daten der betroffenen Person, sobald der Zweck der Speicherung entf\u00e4llt. Eine Speicherung kann dar\u00fcber hinaus erfolgen, wenn dies durch den europ\u00e4ischen oder nationalen Gesetzgeber in unionsrechtlichen Verordnungen, Gesetzen oder sonstigen Vorschriften, denen unser Unternehmen unterliegt, vorgesehen wurde. Eine Sperrung oder L\u00f6schung der Daten erfolgt auch dann, wenn eine durch die genannten Normen vorgeschriebene Speicherfrist abl\u00e4uft, es sei denn, dass eine Erforderlichkeit zur weiteren Speicherung der Daten f\u00fcr einen Vertragsabschluss oder eine Vertragserf\u00fcllung besteht.<\/p>\n<h3><strong data-renderer-mark=\"true\">4. Hinweis<\/strong><\/h3>\n<p>F\u00fcr die Nutzung dieser Webseite und die Nutzung der eingebundenen Consent Management Platform werden Ihre Einwilligungsdaten verarbeitet. Wir nutzen die Google Cloud Platform von Google Ireland Limited. Die Serverstandorte befinden sich in Frankfurt und Belgien. Aufgrund des Urteils vom 16. Juli 2020 (Rechtssache C311\/18) wurde die \u00dcbermittlung personenbezogener Daten in die USA auf Grundlage des Privacy Shield f\u00fcr unwirksam erkl\u00e4rt. Wir m\u00f6chten Sie dar\u00fcber informieren, dass es nicht ausgeschlossen ist, dass die Daten in die USA \u00fcbermittelt werden und dort einem Zugriff der Sicherheitsbeh\u00f6rden gem. 50 U.S.C. \u00a71881(b)(4), 50 U.S.C. \u00a7 1881a (= FISA 702) ausgesetzt sein k\u00f6nnten.<br \/>\nDies gilt f\u00fcr die Nutzung der Usercentrics Webseite ebenso wie f\u00fcr alle Webseiten, die die Usercentrics Consent Management Platform als Dienst in Ihre Webseite eingebunden haben.<\/p>\n        <\/div>\n    <\/div>\n<\/div>\n\n\n<div class=\"uc-accordion-item\" id=\"uc-accordion-item-5\">\n    <h3 class=\"uc-accordion-item__title no-default-margin\">    <button class=\"uc-accordion-item__button\"\n            id=\"uc-accordion-item-5-button\"\n            aria-expanded=\"false\"\n            aria-controls=\"uc-accordion-item-5-content\">\n        IV. Bereitstellung der Website und Erstellung von Log Files    <\/button>\n    <\/h3>    <div class=\"uc-accordion-item__content\"\n         id=\"uc-accordion-item-5-content\"\n         aria-labelledby=\"uc-accordion-item-5-button\">\n        <div class=\"uc-accordion-item__content__inner\">\n            <h3>1. Umfang der Verarbeitung<\/h3>\n<p>Bei jedem Aufruf unserer Internetseite erfasst unser System automatisiert Daten und Informationen vom Computersystem des aufrufenden Rechners. Dies sind z.B. Informationen wie<\/p>\n<p>Informationen \u00fcber den Typ und die Version Ihres Internet-Browsers,<br \/>\nDas Betriebssystem Ihres Computers oder Smartphones,<br \/>\nIhren Internet-Service-Provider,<br \/>\nIhre IP-Adresse,<br \/>\nDatum und Uhrzeit Ihres Zugriffs,<br \/>\nInternetseiten, von denen aus Sie zu uns gelangt sind,<br \/>\nInternetseiten, welche Sie von unserer Seite aus besuchen.<br \/>\nRechtsgrundlage f\u00fcr die vor\u00fcbergehende Speicherung ist Art. 6 Abs. 1 lit. f DSGVO.<\/p>\n<p>Wir erfassen derartige technische Informationen in sogenannten \u201elog files\u201c (Protokolldateien), damit Sie unsere Internetseite korrekt angezeigt bekommen und wir bei etwaigen technischen Problemen die Ursachen ermitteln k\u00f6nnen, zur technischen Optimierung unserer Internetseiten und zum Zweck der Sicherheit unserer Computersysteme und Netze. In diesen Zwecken liegt auch unser berechtigtes Interesse an der Datenverarbeitung nach Art. 6 Abs. 1 lit. f DSGVO.<\/p>\n<p>Die Daten werden gel\u00f6scht, sobald sie f\u00fcr die Erreichung des Zwecks ihrer Erhebung nicht mehr erforderlich sind. Typischerweise werden diese technischen Informationen sp\u00e4testens nach sieben Tagen gel\u00f6scht oder unkenntlich gemacht.<\/p>\n<p>Die Erfassung der Daten zur Bereitstellung der Website und die Speicherung der Daten in Logfiles ist f\u00fcr den Betrieb der Internetseite zwingend erforderlich. Es besteht folglich seitens des Nutzers keine Widerspruchsm\u00f6glichkeit.<\/p>\n<p>There is consequently no contradiction on the part of the user.<\/p>\n        <\/div>\n    <\/div>\n<\/div>\n\n\n<div class=\"uc-accordion-item\" id=\"uc-accordion-item-6\">\n    <h3 class=\"uc-accordion-item__title no-default-margin\">    <button class=\"uc-accordion-item__button\"\n            id=\"uc-accordion-item-6-button\"\n            aria-expanded=\"false\"\n            aria-controls=\"uc-accordion-item-6-content\">\n        V. Kontaktanfragen zu Produktinformationen, einer Demo oder sonstigen Anliegen    <\/button>\n    <\/h3>    <div class=\"uc-accordion-item__content\"\n         id=\"uc-accordion-item-6-content\"\n         aria-labelledby=\"uc-accordion-item-6-button\">\n        <div class=\"uc-accordion-item__content__inner\">\n            <h3>1. Beschreibung und Umfang der Datenverarbeitung<\/h3>\n<p>Auf unserer Internetseite k\u00f6nnen Sie \u00fcber verschiedene M\u00f6glichkeiten mit uns in Kontakt treten: u.a. Kontaktformular, Demo buchen, Angebot anfordern, Produktinformationen anfordern, Guides anfordern. Nehmen Sie diese M\u00f6glichkeit wahr, so werden die in der Eingabemaske eingegeben Daten an uns \u00fcbermittelt und gespeichert. Neben den spezifischen Eingabemaksedaten werden die IP-Adresse und das Datum und die Zeit der Anfrage erhoben und gespeichert. F\u00fcr die Verarbeitung der Daten geben Sie im Rahmen durch den Absendevorgang Ihre Einwilligung ab.<\/p>\n<p>Alternativ ist eine Kontaktaufnahme per E-Mail-Adresse m\u00f6glich. In diesem Fall werden die mit der E-Mail \u00fcbermittelten personenbezogenen Daten des Nutzers gespeichert.<\/p>\n<p>Es erfolgt in diesem Zusammenhang keine Weitergabe der Daten an Dritte, au\u00dfer wenn dies zur Abwicklung der Abfrage n\u00f6tig ist (z.B. Demo Buchungstool). In jedem Fall werden die Daten ausschlie\u00dflich f\u00fcr die Verarbeitung der Konversation verwendet.<\/p>\n<h3>2. Rechtsgrundlage f\u00fcr die Verarbeitung<\/h3>\n<p>Rechtsgrundlage f\u00fcr die Verarbeitung der Daten ist bei Vorliegen einer Einwilligung des Nutzers Art. 6 Abs. 1 lit. a DSGVO.<\/p>\n<p>Rechtsgrundlage f\u00fcr die Verarbeitung der Daten, die im Zuge einer \u00dcbersendung einer E-Mail \u00fcbermittelt werden, ist Art. 6 Abs. 1 lit. f DSGVO. Zielt der E-Mail-Kontakt auf den Abschluss eines Vertrages ab, so ist zus\u00e4tzliche Rechtsgrundlage f\u00fcr die Verarbeitung Art. 6 Abs. 1 lit. b DSGVO.<\/p>\n<h3>3. Zweck der Datenverarbeitung<\/h3>\n<p>Die Verarbeitung der personenbezogenen Daten aus der Eingabemaske dient uns allein zur Bearbeitung Ihrer Anfrage. Im Falle einer Kontaktaufnahme per E-Mail liegt hieran auch das erforderliche berechtigte Interesse an der Verarbeitung der Daten.<\/p>\n<p>Die sonstigen w\u00e4hrend des Absendevorgangs verarbeiteten personenbezogenen Daten dienen dazu, einen Missbrauch des Kontaktformulars zu verhindern und die Sicherheit unserer informationstechnischen Systeme sicherzustellen.<\/p>\n<h3>4. Dauer der Speicherung<\/h3>\n<p>Sollten Sie eine Demo gebucht, Produktinformationen oder ein Angebot angefordert haben, behalten wir uns vor, die Daten zwei Jahre zu speichern, um die Wirtschaftlichkeit unseres Vertriebs und des Marketings zu messen. Ansonsten l\u00f6schen wir die Daten, sobald sie f\u00fcr die Erreichung des Zweckes ihrer Erhebung nicht mehr erforderlich sind. F\u00fcr die personenbezogenen Daten aus der Eingabemaske des Kontaktformulars und diejenigen, die per E-Mail \u00fcbersandt wurden, ist dies dann der Fall, wenn die jeweilige Konversation mit dem Nutzer beendet ist. Beendet ist die Konversation dann, wenn sich aus den Umst\u00e4nden entnehmen l\u00e4sst, dass der betroffene Sachverhalt abschlie\u00dfend gekl\u00e4rt ist.<\/p>\n<p>Die w\u00e4hrend des Absendevorgangs zus\u00e4tzlich erhobenen personenbezogenen Daten werden sp\u00e4testens nach einer Frist von sieben Tagen gel\u00f6scht.<\/p>\n<h3>5. Widerspruchs- und Beseitigungsm\u00f6glichkeit<\/h3>\n<p>Der Nutzer hat jederzeit die M\u00f6glichkeit, seine Einwilligung zur Verarbeitung der personenbezogenen Daten zu widerrufen. Nimmt der Nutzer per E-Mail Kontakt mit uns auf, so kann er der Speicherung seiner personenbezogenen Daten jederzeit widersprechen. In einem solchen Fall kann die Konversation nicht fortgef\u00fchrt werden.<\/p>\n<p>Alle personenbezogenen Daten, die im Zuge der Kontaktaufnahme gespeichert wurden, werden in diesem Fall gel\u00f6scht.<\/p>\n        <\/div>\n    <\/div>\n<\/div>\n\n\n<div class=\"uc-accordion-item\" id=\"uc-accordion-item-7\">\n    <h3 class=\"uc-accordion-item__title no-default-margin\">    <button class=\"uc-accordion-item__button\"\n            id=\"uc-accordion-item-7-button\"\n            aria-expanded=\"false\"\n            aria-controls=\"uc-accordion-item-7-content\">\n        VI. Sie werden Kunde oder Partner von Usercentrics    <\/button>\n    <\/h3>    <div class=\"uc-accordion-item__content\"\n         id=\"uc-accordion-item-7-content\"\n         aria-labelledby=\"uc-accordion-item-7-button\">\n        <div class=\"uc-accordion-item__content__inner\">\n            <h3>1. Beschreibung und Umfang der Datenverarbeitung<\/h3>\n<p>Wir bieten die M\u00f6glichkeit, unter Angabe personenbezogener Daten Kunde oder Partner zu werden. Die Daten werden dabei im Vertragsprozess erhoben und gespeichert. Eine Weitergabe der Daten an Dritte findet nicht statt. Folgende Daten werden im Rahmen des Registrierungsprozesses erhoben:<\/p>\n<p>Ihre E-Mail Adresse,<br \/>\nVorname und Nachname,<br \/>\nggf. Firmenzugeh\u00f6rigkeit,<br \/>\nZahlungsinformation (ggf. der Firma),<br \/>\nweitere Daten, die wir von Ihnen erfragen und<br \/>\nggf. Daten, die wir im Rahmen der Gesch\u00e4ftsbeziehung erhalten.<\/p>\n<h3>2. Rechtsgrundlage f\u00fcr die Verarbeitung<\/h3>\n<p>Rechtsgrundlage f\u00fcr die Verarbeitung der Daten ist bei Vorliegen einer Einwilligung des Nutzers Art. 6 Abs. 1 lit. a DSGVO sowie Art. 6 Abs. 1 lit. b DSGVO, da die Registrierung der Erf\u00fcllung eines Vertrages bzw. der Durchf\u00fchrung vorvertraglicher Ma\u00dfnahmen.<\/p>\n<h3>3. Zweck der Datenverarbeitung<\/h3>\n<p>Eine Registrierung ist zur Erf\u00fcllung des Kunden- bzw. Partnervertrages oder zur Durchf\u00fchrung vorvertraglicher Ma\u00dfnahmen erforderlich.<\/p>\n<h3>4. Dauer der Speicherung<\/h3>\n<p>Die Daten werden gel\u00f6scht, sobald sie f\u00fcr die Erreichung des Zweckes ihrer Erhebung nicht mehr erforderlich sind. Dies ist f\u00fcr die w\u00e4hrend des Registrierungsvorgangs zur Erf\u00fcllung eines Vertrags oder zur Durchf\u00fchrung vorvertraglicher Ma\u00dfnahmen dann der Fall, wenn die Daten f\u00fcr die Durchf\u00fchrung des Vertrages nicht mehr erforderlich sind. Auch nach Abschluss des Vertrags kann eine Erforderlichkeit, personenbezogene Daten des Vertragspartners zu speichern, bestehen, um vertraglichen oder gesetzlichen Verpflichtungen nachzukommen. Insbesondere hat unser Unternehmen in diesem Zusammenhang die Aufbewahrungspflcihten von \u00a7 257 HGB zu beachten.<\/p>\n<h3>5. Widerspruchs- und Beseitigungsm\u00f6glichkeit<\/h3>\n<p>Als Nutzer haben sie jederzeit die M\u00f6glichkeit, die ihr Konto aufzul\u00f6sen. Die \u00fcber Sie gespeicherten Daten k\u00f6nnen Sie jederzeit ab\u00e4ndern lassen. Sind die Daten zur Erf\u00fcllung eines Vertrages oder zur Durchf\u00fchrung vorvertraglicher Ma\u00dfnahmen erforderlich, ist eine vorzeitige L\u00f6schung der Daten nur m\u00f6glich, soweit nicht vertragliche oder gesetzliche Verpflichtungen einer L\u00f6schung entgegenstehen.<\/p>\n        <\/div>\n    <\/div>\n<\/div>\n\n\n<div class=\"uc-accordion-item\" id=\"uc-accordion-item-8\">\n    <h3 class=\"uc-accordion-item__title no-default-margin\">    <button class=\"uc-accordion-item__button\"\n            id=\"uc-accordion-item-8-button\"\n            aria-expanded=\"false\"\n            aria-controls=\"uc-accordion-item-8-content\">\n        VII. Cookies und Tracking Technologies    <\/button>\n    <\/h3>    <div class=\"uc-accordion-item__content\"\n         id=\"uc-accordion-item-8-content\"\n         aria-labelledby=\"uc-accordion-item-8-button\">\n        <div class=\"uc-accordion-item__content__inner\">\n            <h3>1. Was sind Cookies &amp; Co?<\/h3>\n<p><strong>Web-Browser-Cookies<\/strong><\/p>\n<p>Ein Webbrowser-Cookie ist eine kleine Textdatei, die von einer Website an Ihren Computer oder Ihr mobiles Ger\u00e4t gesendet wird, wo sie von Ihrem Webbrowser gespeichert wird. Webbrowser-Cookies k\u00f6nnen Informationen wie Ihre IP-Adresse oder eine andere Kennung, Ihren Browsertyp und Informationen \u00fcber die Inhalte, die Sie auf den digitalen Diensten anzeigen und mit denen Sie interagieren, speichern. Durch das Speichern solcher Informationen k\u00f6nnen Webbrowser-Cookies Ihre Pr\u00e4ferenzen und Einstellungen f\u00fcr Online-Dienste speichern und analysieren, wie Sie Online-Dienste nutzen.<\/p>\n<p><strong>Tracking-Technologien: Web Beacons\/Gifs, Pixel, Seiten-Tags, Script<\/strong><\/p>\n<p>E-Mails und mobile Anwendungen k\u00f6nnen kleine, transparente Bilddateien oder Codezeilen enthalten, um aufzuzeichnen, wie Sie mit ihnen interagieren. Diese Informationen werden verwendet, um Website- und App-Publisher dabei zu unterst\u00fctzen, ihre Dienste besser zu analysieren und zu verbessern.<\/p>\n<h3>2. Verwendung, Rechtsgrundlage und Zweck<\/h3>\n<p>Wir setzen Cookies ein, um unsere Website nutzerfreundlicher zu gestalten. Einige Elemente unserer Internetseite erfordern es, dass der aufrufende Browser auch nach einem Seitenwechsel identifiziert werden kann.<\/p>\n<p>Vor der Einwilligung werden 2 funktionale Cookies gesetzt. Das \u201ePHPSESSID\u201c Cookie wird verwendet, um die Browsersprache zu erkennen und damit die Sprache der Webseite passend anzuzeigen. Nach Schlie\u00dfen des Browsers wird dieses Cookie wieder gel\u00f6scht. Das Cookie &#8222;wBounce&#8220; enth\u00e4lt lediglich den Wert \u201etrue\u201c. Dieser Wert wird verwendet um zuerkennen, ob der User schon einmal ein PopUp gesehen haben oder nicht. Falls er bereits damit interagiert hat, wollen wir es ihm f\u00fcr einen bestimmten Zeitraum nicht noch einmal anzeigen.<\/p>\n<p>Dar\u00fcber hinaus setzen wir noch die beiden IAB Cookies \u201eeuconsent\u201c und \u201eeupubconsent\u201c. In diesen Cookies wird gespeichert, wenn ein User nicht getrackt werden m\u00f6chte. Dasselbe gilt f\u00fcr die Speicherung von Daten im Local Storage. Dies dient lediglich dazu, uns zu merken, wenn ein User seinen Consent nicht gegeben hat. Andernfalls m\u00fcssten wir dies bei jedem Seitenaufruf neu abfragen.<\/p>\n<p>Die genannten Cookies sowie die Speicherung der Daten im Local Storage erm\u00f6glichen somit lediglich Funktionalit\u00e4ten, die zu einer positiven User-Experience auf unserer Webseite beitragen sollen. Wir setzen ohne Einwilligung keine Cookies mit personenbezogenen Daten.<\/p>\n<p>Wir verwenden auf unserer Website dar\u00fcber hinaus Cookies, die eine Analyse des Surfverhaltens der Nutzer erm\u00f6glichen.<\/p>\n<p>Beim Aufruf unserer Website wird der Nutzer \u00fcber die Verwendung von Cookies zu Analysezwecken informiert und seine Einwilligung zur Verarbeitung der in diesem Zusammenhang verwendeten personenbezogenen Daten eingeholt. In diesem Zusammenhang erfolgt auch ein Hinweis auf diese Datenschutzerkl\u00e4rung.<\/p>\n<p>Die Rechtsgrundlage f\u00fcr die Verarbeitung personenbezogener Daten unter Verwendung technisch notweniger Cookies ist Art. 6 Abs. 1 lit. f DSGVO.<\/p>\n<p>Die Rechtsgrundlage f\u00fcr die Verarbeitung personenbezogener Daten unter Verwendung von Cookies zu Analysezwecken ist bei Vorliegen einer diesbez\u00fcglichen Einwilligung des Nutzers Art. 6 Abs. 1 lit. a DSGVO.<\/p>\n<p>Der Zweck der Verwendung technisch notwendiger Cookies ist, die Nutzung von Websites f\u00fcr die Nutzer zu vereinfachen. Einige Funktionen unserer Internetseite k\u00f6nnen ohne den Einsatz von Cookies nicht angeboten werden. F\u00fcr diese ist es erforderlich, dass der Browser auch nach einem Seitenwechsel wiedererkannt wird. F\u00fcr folgende Anwendungen ben\u00f6tigen wir Cookies: \u00dcbernahme von Spracheinstellungen. Die durch technisch notwendige Cookies erhobenen Nutzerdaten werden nicht zur Erstellung von Nutzerprofilen verwendet.<\/p>\n<p>Die Verwendung der Analyse-Cookies erfolgt zu dem Zweck, die Qualit\u00e4t unserer Website und ihre Inhalte zu verbessern. Durch die Analyse-Cookies erfahren wir, wie die Website genutzt wird und k\u00f6nnen so unser Angebot stetig optimieren.<\/p>\n<h3>3. Dauer der Speicherung, Widerspruchs- und Beseitigungsm\u00f6glichkeit<\/h3>\n<p>Cookies werden auf dem Rechner des Nutzers gespeichert und von diesem an unserer Seite \u00fcbermittelt. Daher haben Sie als Nutzer auch die volle Kontrolle \u00fcber die Verwendung von Cookies. Durch eine \u00c4nderung der Einstellungen in Ihrem Internetbrowser k\u00f6nnen Sie die \u00dcbertragung von Cookies deaktivieren oder einschr\u00e4nken. Bereits gespeicherte Cookies k\u00f6nnen jederzeit gel\u00f6scht werden. Dies kann auch automatisiert erfolgen. Werden Cookies f\u00fcr unsere Website deaktiviert, k\u00f6nnen m\u00f6glicherweise nicht mehr alle Funktionen der Website vollumf\u00e4nglich genutzt werden.<\/p>\n        <\/div>\n    <\/div>\n<\/div>\n\n\n<div class=\"uc-accordion-item\" id=\"uc-accordion-item-9\">\n    <h3 class=\"uc-accordion-item__title no-default-margin\">    <button class=\"uc-accordion-item__button\"\n            id=\"uc-accordion-item-9-button\"\n            aria-expanded=\"false\"\n            aria-controls=\"uc-accordion-item-9-content\">\n        VIII. Implementierte Technologien    <\/button>\n    <\/h3>    <div class=\"uc-accordion-item__content\"\n         id=\"uc-accordion-item-9-content\"\n         aria-labelledby=\"uc-accordion-item-9-button\">\n        <div class=\"uc-accordion-item__content__inner\">\n            <div class=\"uc-embed\" uc-layout=\"1\" uc-embed-type=\"all\"\n                                                                       uc-embed-show-toggle=\"true\"><\/div>\n<h3><b>Google Sign-in<\/b><span style=\"font-weight: 400\">\u00a0<\/span><\/h3>\n<p><span style=\"font-weight: 400\">Wir verwenden den Google Sign-in Service, um die Registrierung oder Anmeldung bei der Usercentrics Consent Management Platform zu erm\u00f6glichen. Dieser Dienst wird von Google Ireland Limited, Gordon House, Barrow Street, Dublin 4, Irland, bereitgestellt.\u00a0<\/span><\/p>\n<p><span style=\"font-weight: 400\">Um sich anzumelden oder zu registrieren, werden Sie auf die Google-Website weitergeleitet, wo Sie sich mit Ihren Kontodaten anmelden k\u00f6nnen. Dadurch wird Ihr Google-Profil mit unserem Dienst verkn\u00fcpft. Bei der Nutzung dieses Dienstes kann Google die folgenden Daten von Ihnen erfassen:\u00a0<\/span><\/p>\n<ul>\n<li style=\"font-weight: 400\"><span style=\"font-weight: 400\">Name,\u00a0<\/span><\/li>\n<li style=\"font-weight: 400\"><span style=\"font-weight: 400\">E-Mail Adresse<\/span><\/li>\n<li style=\"font-weight: 400\"><span style=\"font-weight: 400\">Google ID.<\/span><\/li>\n<\/ul>\n<p><span style=\"font-weight: 400\">Wir erhalten von dem Dienst nur Ihre User-ID in einem gehashten Format, die f\u00fcr unsere Dienste erforderlich ist, um Ihre Datenschutzeinstellungen zu erkennen. Wir verwenden diese Daten ausschlie\u00dflich zur Vervollst\u00e4ndigung Ihres Nutzerprofils. Wir erhalten nicht Ihre Anmeldeinformationen.<\/span><\/p>\n<p><span style=\"font-weight: 400\">Bitte beachten Sie, dass bei der Nutzung eine \u00dcbermittlung von Daten in ein Drittland,das keine angemessenen Garantien bietet, insbesondere an die Holdinggesellschaft Alphabet Inc. in den USA.<\/span><\/p>\n<p><span style=\"font-weight: 400\">Weitere Informationen zu Google Sign-In und den Datenschutzeinstellungen finden Sie in den Datenschutzbestimmungen (https:\/\/policies.google.com\/privacy) und Nutzungsbedingungen (https:\/\/policies.google.com\/terms) von Google Ireland Limited.<\/span><\/p>\n<h3><b>Apple Sign-in<\/b><\/h3>\n<p><span style=\"font-weight: 400\">Wir verwenden den Apple Sign-In Service, um die Registrierung oder Anmeldung bei der Usercentrics Consent Management Platform zu erm\u00f6glichen. Dieser Dienst wird von Apple Distribution International Limited, Hollyhill Industrial Estate, Hollyhill, Cork, Irland, bereitgestellt.\u00a0<\/span><\/p>\n<p><span style=\"font-weight: 400\">Um sich anzumelden oder zu registrieren, werden Sie zu Apple weitergeleitet, wo Sie sich mit Ihren Kontodaten anmelden k\u00f6nnen. Dadurch wird Ihr Apple-Profil mit unserem Dienst verkn\u00fcpft. Bei der Nutzung dieses Dienstes kann Apple die folgenden Daten von Ihnen erheben:\u00a0<\/span><\/p>\n<ul>\n<li style=\"font-weight: 400\"><span style=\"font-weight: 400\">Name,\u00a0<\/span><\/li>\n<li style=\"font-weight: 400\"><span style=\"font-weight: 400\">E-Mail-Adresse\/Apple ID.<\/span><\/li>\n<\/ul>\n<p><span style=\"font-weight: 400\">Wir erhalten von dem Dienst nur Ihre User-ID in einem gehashten Format, die f\u00fcr unsere Dienste unerl\u00e4sslich ist, um Ihre Datenschutzeinstellungen identifizieren zu k\u00f6nnen. Wir verwenden diese Daten ausschlie\u00dflich zur Vervollst\u00e4ndigung Ihres Nutzerprofils. Wir erhalten nicht Ihre Anmeldeinformationen.<\/span><\/p>\n<p><span style=\"font-weight: 400\">Bitte beachten Sie, dass bei der Nutzung eine \u00dcbermittlung von Daten in ein Drittland,das keine angemessenen Garantien bietet, insbesondere an die Holdinggesellschaft Apple Inc. in den USA.<\/span><\/p>\n<p><span style=\"font-weight: 400\">Weitere Informationen zum Apple Sign-In und zu den Datenschutzeinstellungen finden Sie in den Datenschutzbestimmungen (https:\/\/www.apple.com\/legal\/privacy\/) und Nutzungsbedingungen (https:\/\/www.apple.com\/legal\/internet-services\/terms\/site.html) von Apple.<\/span><\/p>\n<h3><b>Matomo Opt-Out<\/b><\/h3>\n        <\/div>\n    <\/div>\n<\/div>\n\n\n<div class=\"uc-accordion-item\" id=\"uc-accordion-item-10\">\n    <h3 class=\"uc-accordion-item__title no-default-margin\">    <button class=\"uc-accordion-item__button\"\n            id=\"uc-accordion-item-10-button\"\n            aria-expanded=\"false\"\n            aria-controls=\"uc-accordion-item-10-content\">\n        IX. Minderj\u00e4hrige    <\/button>\n    <\/h3>    <div class=\"uc-accordion-item__content\"\n         id=\"uc-accordion-item-10-content\"\n         aria-labelledby=\"uc-accordion-item-10-button\">\n        <div class=\"uc-accordion-item__content__inner\">\n            <p>Unsere Dienste richten sich nicht an Kinder unter 13 Jahren. Wir erfassen Daten von Kindern unter 13 Jahren nicht wissentlich. Wenn Sie die Altersgrenze noch nicht erreicht haben, nutzen Sie die Dienste nicht und geben Sie uns Ihre personenbezogenen Daten nicht. Wenn Sie ein Elternteil eines Kindes unter der Altersgrenze sind und Ihnen bekannt wird, dass Ihr Kind Usercentrics personenbezogene Daten \u00fcbermittelt hat, setzen Sie sich mit uns unter\u00a0<a href=\"mailto:privacy@usercentrics.com\">privacy@usercentrics.com<\/a>\u00a0in Verbindung und bestehen Sie auf der Aus\u00fcbung Ihrer Rechte auf Zugriff, Korrektur, L\u00f6schung und\/oder Widerspruch. Wenn Sie in Kalifornien ans\u00e4ssig sind und noch nicht 18 Jahre alt sind und \u00f6ffentlich zug\u00e4ngliche Inhalte l\u00f6schen wollen, setzen Sie sich mit uns unter\u00a0<a href=\"mailto:privacy@usercentrics.com\">privacy@usercentrics.com<\/a>\u00a0in Verbindung.<\/p>\n        <\/div>\n    <\/div>\n<\/div>\n\n\n<div class=\"uc-accordion-item\" id=\"uc-accordion-item-11\">\n    <h3 class=\"uc-accordion-item__title no-default-margin\">    <button class=\"uc-accordion-item__button\"\n            id=\"uc-accordion-item-11-button\"\n            aria-expanded=\"false\"\n            aria-controls=\"uc-accordion-item-11-content\">\n        X. Ihre Rechte    <\/button>\n    <\/h3>    <div class=\"uc-accordion-item__content\"\n         id=\"uc-accordion-item-11-content\"\n         aria-labelledby=\"uc-accordion-item-11-button\">\n        <div class=\"uc-accordion-item__content__inner\">\n            <p>Werden personenbezogene Daten von Ihnen verarbeitet, sind Sie Betroffener i.S.d. DSGVO und es stehen Ihnen \u2013 nach erfolgreicher Identifizierung \u2013 folgende Rechte gegen\u00fcber uns zu:<\/p>\n<h3>1. Auskunftsrecht<\/h3>\n<p>Sie k\u00f6nnen von unserem Unternehmen eine Best\u00e4tigung dar\u00fcber verlangen, ob wir personenbezogene Daten verarbeiten, welche Ihre Person betreffen.<\/p>\n<p>Liegt eine solche Verarbeitung vor, k\u00f6nnen Sie gem\u00e4\u00df DSGVO von uns Auskunft \u00fcber eine Vielzahl von Sachverhalten verlangen wie etwa<\/p>\n<p>(1) die Zwecke, zu denen Ihre personenbezogenen Daten verarbeitet werden;<\/p>\n<p>(2) die Kategorien von personenbezogenen Daten, welche verarbeitet werden;<\/p>\n<p>(3) die Empf\u00e4nger bzw. die Kategorien von Empf\u00e4ngern, gegen\u00fcber denen Ihre personenbezogenen Daten offengelegt wurden oder noch offengelegt werden;<\/p>\n<p>(4) die geplante Dauer der Speicherung Ihrer personenbezogenen Daten oder, falls konkrete Angaben hierzu nicht m\u00f6glich sind, Kriterien f\u00fcr die Festlegung der Speicherdauer;<\/p>\n<p>(5) das Bestehen eines Rechts auf Berichtigung oder L\u00f6schung Ihrer personenbezogenen Daten, eines Rechts auf Einschr\u00e4nkung der Verarbeitung durch unser Unternehmen oder eines Widerspruchsrechts gegen diese Verarbeitung;<\/p>\n<p>(6) das Bestehen eines Beschwerderechts bei einer Aufsichtsbeh\u00f6rde;<\/p>\n<p>(7) alle verf\u00fcgbaren Informationen \u00fcber die Herkunft Ihrer personenbezogenen Daten, sofern Ihre personenbezogenen Daten nicht bei Ihnen selbst erhoben wurden;<\/p>\n<p>(8) das Bestehen einer automatisierten Entscheidungsfindung einschlie\u00dflich Profiling gem\u00e4\u00df Art. 22 Abs. 1 und 4 DSGVO und \u2013 zumindest in diesen F\u00e4llen \u2013 aussagekr\u00e4ftige Informationen \u00fcber die involvierte Logik sowie die Tragweite und die angestrebten Auswirkungen einer derartigen Verarbeitung f\u00fcr die betroffene Person.<\/p>\n<p>Ihnen steht das Recht zu, Auskunft dar\u00fcber zu verlangen, ob die Sie betreffenden personenbezogenen Daten in ein Drittland oder an eine internationale Organisation \u00fcbermittelt werden. In diesem Zusammenhang k\u00f6nnen Sie verlangen, \u00fcber die geeigneten Garantien gem. Art. 46 DSGVO im Zusammenhang mit der \u00dcbermittlung unterrichtet zu werden.<\/p>\n<p><span style=\"font-size: 20px;font-weight: 600\">2. Recht auf Berichtigung<\/span><\/p>\n<p>Sie haben ein Recht auf Berichtigung und\/oder Vervollst\u00e4ndigung Ihrer personenbezogenen Daten, sofern diese Daten unrichtig oder unvollst\u00e4ndig sind. Wir werden die Berichtigung unverz\u00fcglich vornehmen.<\/p>\n<h3>3. Recht auf Einschr\u00e4nkung der Verarbeitung<\/h3>\n<p>Sie k\u00f6nnen unter bestimmten Voraussetzungen die Einschr\u00e4nkung der Verarbeitung Ihrer personenbezogenen Daten verlangen.<\/p>\n<p>(1) wenn Sie die Richtigkeit der Sie betreffenden personenbezogenen Daten bestreiten f\u00fcr eine Dauer, die es uns erm\u00f6glicht, die Richtigkeit der personenbezogenen Daten zu \u00fcberpr\u00fcfen;<\/p>\n<p>(2) wenn die Verarbeitung unrechtm\u00e4\u00dfig ist und Sie die L\u00f6schung Ihrer personenbezogenen Daten ablehnen und stattdessen die Einschr\u00e4nkung der Nutzung Ihrer personenbezogenen Daten verlangen;<\/p>\n<p>(3) wenn wir Ihre personenbezogenen Daten f\u00fcr die Zwecke der Verarbeitung zwar nicht l\u00e4nger ben\u00f6tigen, Sie diese jedoch zur Geltendmachung, Aus\u00fcbung oder Verteidigung von Rechtsanspr\u00fcchen ben\u00f6tigen, oder<\/p>\n<p>(4) wenn Sie Widerspruch gegen die Verarbeitung eingelegt haben und noch nicht feststeht, ob die berechtigten Gr\u00fcnde unserer Unternehmensgruppe und verbundenen Tochterunternehmen gegen\u00fcber Ihren Gr\u00fcnden \u00fcberwiegen.<\/p>\n<p>Wurde die Verarbeitung Ihrer personenbezogenen Daten eingeschr\u00e4nkt, d\u00fcrfen wir diese Daten \u2013 von ihrer Speicherung abgesehen \u2013 nur mit Ihrer Einwilligung oder zur Geltendmachung, Aus\u00fcbung oder Verteidigung von Rechtsanspr\u00fcchen oder zum Schutz der Rechte einer anderen nat\u00fcrlichen oder juristischen Person verarbeiten.<\/p>\n<p>Wurde die Einschr\u00e4nkung der Verarbeitung nach den o.g. Voraussetzungen eingeschr\u00e4nkt, werden Sie von uns unterrichtet, bevor die Einschr\u00e4nkung aufgehoben wird.<\/p>\n<h3>4. Recht auf L\u00f6schung<\/h3>\n<p>Sie k\u00f6nnen von uns verlangen, dass Ihre personenbezogenen Daten unverz\u00fcglich gel\u00f6scht werden, und wir sind dann verpflichtet, diese Daten unverz\u00fcglich zu l\u00f6schen, sofern einer der folgenden Gr\u00fcnde zutrifft:<\/p>\n<p>(1) Ihre personenbezogenen Daten sind f\u00fcr die Zwecke, f\u00fcr die sie erhoben oder auf sonstige Weise verarbeitet wurden, nicht mehr notwendig;<\/p>\n<p>(2) Sie widerrufen Ihre Einwilligung, auf die sich die Verarbeitung gem. Art. 6 Abs. 1 lit. a oder Art. 9 Abs. 2 lit. a DSGVO st\u00fctzte, und es fehlt an einer anderweitigen Rechtsgrundlage f\u00fcr die Verarbeitung.<\/p>\n<p>(3) Sie legen gem. Art. 21 Abs. 1 DSGVO Widerspruch gegen die Verarbeitung ein und es liegen keine vorrangigen berechtigten Gr\u00fcnde f\u00fcr die Verarbeitung vor, oder Sie legen gem. Art. 21 Abs. 2 DSGVO Widerspruch gegen die Verarbeitung ein.<\/p>\n<p>(4) Die Sie betreffenden personenbezogenen Daten wurden unrechtm\u00e4\u00dfig verarbeitet.<\/p>\n<p>(5) Die L\u00f6schung der Sie betreffenden personenbezogenen Daten ist zur Erf\u00fcllung einer rechtlichen Verpflichtung nach dem Unionsrecht oder dem Recht der Mitgliedstaaten erforderlich, dem der Verantwortliche unterliegt.<\/p>\n<p>Haben wir Ihre personenbezogenen Daten \u00f6ffentlich gemacht und sind wir gem. Art. 17 Abs. 1 DSGVO zu deren L\u00f6schung verpflichtet, m\u00fcssen wir unter Ber\u00fccksichtigung der verf\u00fcgbaren Technologie und der Implementierungskosten angemessene Ma\u00dfnahmen treffen, um andere Unternehmen, welche Ihre personenbezogenen Daten verarbeiten, dar\u00fcber zu informieren, dass Sie von ihnen die L\u00f6schung aller Links zu Ihren personenbezogenen Daten (sowie allen Kopien davon) verlangt haben (\u201eRecht auf Vergessenwerden\u201c).<\/p>\n<p>Das Recht auf L\u00f6schung besteht nicht, soweit die Verarbeitung erforderlich ist<\/p>\n<p>(1) zur Aus\u00fcbung des Rechts auf freie Meinungs\u00e4u\u00dferung und Information;<\/p>\n<p>(2) zur Erf\u00fcllung einer rechtlichen Verpflichtung, die die Verarbeitung nach dem Recht der Union oder der Mitgliedstaaten, dem der Verantwortliche unterliegt, erfordert, oder zur Wahrnehmung einer Aufgabe, die im \u00f6ffentlichen Interesse liegt oder in Aus\u00fcbung \u00f6ffentlicher Gewalt erfolgt, die dem Verantwortlichen \u00fcbertragen wurde;<\/p>\n<p>(3) aus Gr\u00fcnden des \u00f6ffentlichen Interesses im Bereich der \u00f6ffentlichen Gesundheit gem\u00e4\u00df Art. 9 Abs. 2 lit. h und i sowie Art. 9 Abs. 3 DSGVO, oder<\/p>\n<p>(4) zur Geltendmachung, Aus\u00fcbung oder Verteidigung von Rechtsanspr\u00fcchen.<\/p>\n<h3>5. Recht auf Unterrichtung dritter Parteien durch unser Unternehmen<\/h3>\n<p>Haben Sie das Recht auf Berichtigung, L\u00f6schung oder Einschr\u00e4nkung der Verarbeitung gegen\u00fcber unserem Unternehmen geltend gemacht, sind wir verpflichtet, allen Empf\u00e4ngern, denen wir Ihre personenbezogenen Daten offengelegt haben, diese Berichtigung oder L\u00f6schung der Daten oder Einschr\u00e4nkung der Verarbeitung mitzuteilen, es sei denn, dies erweist sich als unm\u00f6glich oder ist mit einem unverh\u00e4ltnism\u00e4\u00dfigen Aufwand verbunden. Ihnen steht auch das Recht zu, von uns \u00fcber diese Empf\u00e4nger unterrichtet zu werden.<\/p>\n<h3>6. Recht auf Daten\u00fcbertragbarkeit<\/h3>\n<p>Sie haben das Recht, die Sie betreffenden personenbezogenen Daten, die Sie uns bereitgestellt haben, in einem strukturierten, g\u00e4ngigen und maschinenlesbaren Format zu erhalten. Au\u00dferdem haben Sie das Recht, diese Daten einem anderen Verantwortlichen ohne Behinderung durch den Verantwortlichen, dem die personenbezogenen Daten bereitgestellt wurden, zu \u00fcbermitteln, sofern<\/p>\n<p>(1) die Verarbeitung auf einer Einwilligung gem. Art. 6 Abs. 1 lit. a DSGVO oder Art. 9 Abs. 2 lit. a DSGVO oder auf einem Vertrag gem. Art. 6 Abs. 1 lit. b DSGVO beruht und<\/p>\n<p>(2) die Verarbeitung mithilfe automatisierter Verfahren erfolgt.<\/p>\n<p>In Aus\u00fcbung dieses Rechts haben Sie ferner das Recht, zu erwirken, dass die Sie betreffenden personenbezogenen Daten direkt von einem Verantwortlichen einem anderen Verantwortlichen \u00fcbermittelt werden, soweit dies technisch machbar ist. Freiheiten und Rechte anderer Personen d\u00fcrfen hierdurch nicht beeintr\u00e4chtigt werden.<\/p>\n<p>Das Recht auf Daten\u00fcbertragbarkeit gilt nicht f\u00fcr eine Verarbeitung personenbezogener Daten, die f\u00fcr die Wahrnehmung einer Aufgabe erforderlich ist, die im \u00f6ffentlichen Interesse liegt oder in Aus\u00fcbung \u00f6ffentlicher Gewalt erfolgt, die dem Verantwortlichen \u00fcbertragen wurde.<\/p>\n<h3>7. Widerspruchsrecht<\/h3>\n<p>Sie haben das Recht, aus Gr\u00fcnden, die sich aus ihrer besonderen Situation ergeben, jederzeit gegen die Verarbeitung der Sie betreffenden personenbezogenen Daten, die aufgrund von Art. 6 Abs. 1 lit. e oder f DSGVO erfolgt, Widerspruch einzulegen; dies gilt auch f\u00fcr ein auf diese Bestimmungen gest\u00fctztes Profiling.<\/p>\n<p>Wir verarbeiten die Sie betreffenden personenbezogenen Daten in diesem Fall nicht mehr, es sei denn, es liegen zwingende schutzw\u00fcrdige Gr\u00fcnde f\u00fcr die Verarbeitung vor, die gegen\u00fcber Ihren Interessen, Rechten und Freiheiten \u00fcberwiegen, oder die Verarbeitung dient der Geltendmachung, Aus\u00fcbung oder Verteidigung von Rechtsanspr\u00fcchen.<\/p>\n<p>Werden die Sie betreffenden personenbezogenen Daten verarbeitet, um Direktwerbung zu betreiben, haben Sie das Recht, jederzeit Widerspruch gegen die Verarbeitung der Sie betreffenden personenbezogenen Daten zum Zwecke derartiger Werbung einzulegen; dies gilt auch f\u00fcr das Profiling, soweit es mit solcher Direktwerbung in Verbindung steht.<\/p>\n<p>Widersprechen Sie der Verarbeitung f\u00fcr Zwecke der Direktwerbung, so verarbeiten wir die Sie betreffenden personenbezogenen Daten nicht mehr f\u00fcr diese Zwecke.<\/p>\n<h3>8. Recht auf Widerruf der datenschutzrechtlichen Einwilligungserkl\u00e4rung<\/h3>\n<p>Sie haben das Recht, Ihre datenschutzrechtliche Einwilligungserkl\u00e4rung jederzeit zu widerrufen. Durch den Widerruf der Einwilligung wird die Rechtm\u00e4\u00dfigkeit der aufgrund der Einwilligung bis zum Widerruf erfolgten Verarbeitung nicht ber\u00fchrt.<\/p>\n<h3>9. Automatisierte Entscheidung im Einzelfall einschlie\u00dflich Profiling<\/h3>\n<p>Sie haben das Recht, nicht einer ausschlie\u00dflich auf einer automatisierten Verarbeitung \u2013 einschlie\u00dflich Profiling \u2013 beruhenden Entscheidung unterworfen zu werden, die Ihnen gegen\u00fcber rechtliche Wirkung entfaltet oder Sie in \u00e4hnlicher Weise erheblich beeintr\u00e4chtigt.<\/p>\n<p>Dies gilt nicht, wenn die Entscheidung<\/p>\n<p>(1) f\u00fcr den Abschluss oder die Erf\u00fcllung eines Vertrags zwischen Ihnen und uns erforderlich ist,<\/p>\n<p>(2) aufgrund von Rechtsvorschriften der Union oder der Mitgliedstaaten, denen der Verantwortliche unterliegt, zul\u00e4ssig ist und diese Rechtsvorschriften angemessene Ma\u00dfnahmen zur Wahrung Ihrer Rechte und Freiheiten sowie Ihrer berechtigten Interessen enthalten oder<\/p>\n<p>(3) mit Ihrer ausdr\u00fccklichen Einwilligung erfolgt.<\/p>\n<p>Hinsichtlich der in (1) und (3) genannten F\u00e4lle trifft der Verantwortliche angemessene Ma\u00dfnahmen, um die Rechte und Freiheiten sowie Ihre berechtigten Interessen zu wahren, wozu mindestens das Recht auf Erwirkung des Eingreifens einer Person unseres Unternehmens auf Darlegung des eigenen Standpunkts und auf Anfechtung der Entscheidung geh\u00f6rt.<\/p>\n<h3>10. Recht auf Beschwerde bei der Aufsichtsbeh\u00f6rde<\/h3>\n<p>Unbeschadet eines anderweitigen verwaltungsrechtlichen oder gerichtlichen Rechtsbehelfs steht Ihnen das Recht auf Beschwerde bei einer Aufsichtsbeh\u00f6rde, insbesondere in dem Mitgliedstaat ihres Aufenthaltsorts, ihres Arbeitsplatzes oder des Orts des mutma\u00dflichen Versto\u00dfes, zu, wenn Sie der Ansicht sind, dass die Verarbeitung der Sie betreffenden personenbezogenen Daten gegen die DSGVO verst\u00f6\u00dft. Namen und Kontaktinformationen der zust\u00e4ndigen Aufsichtsbeh\u00f6rden in der Europ\u00e4ischen Union finden Sie unter\u00a0<a href=\"https:\/\/ec.europa.eu\/justice\/article-29\/structure\/data-protection-authorities\/index_en.htm\" target=\"_blank\" rel=\"nofollow noopener noreferrer\">https:\/\/ec.europa.eu\/justice\/article-29\/structure\/data-protection-authorities\/index_en.htm<\/a><\/p>\n<p>Die Aufsichtsbeh\u00f6rde, bei der die Beschwerde eingereicht wurde, unterrichtet den Beschwerdef\u00fchrer \u00fcber den Stand und die Ergebnisse der Beschwerde einschlie\u00dflich der M\u00f6glichkeit eines gerichtlichen Rechtsbehelfs nach Art. 78 DSGVO.<\/p>\n        <\/div>\n    <\/div>\n<\/div>\n\n\n<div class=\"uc-accordion-item\" id=\"uc-accordion-item-12\">\n    <h3 class=\"uc-accordion-item__title no-default-margin\">    <button class=\"uc-accordion-item__button\"\n            id=\"uc-accordion-item-12-button\"\n            aria-expanded=\"false\"\n            aria-controls=\"uc-accordion-item-12-content\">\n        XI. Sicherheit und Integrit\u00e4t der Daten    <\/button>\n    <\/h3>    <div class=\"uc-accordion-item__content\"\n         id=\"uc-accordion-item-12-content\"\n         aria-labelledby=\"uc-accordion-item-12-button\">\n        <div class=\"uc-accordion-item__content__inner\">\n            <p>Der Schutz der Informationen, die Sie uns geben oder die wir \u00fcber Sie erhalten, hat f\u00fcr uns Priorit\u00e4t. Wir ergreifen geeignete Sicherheitsma\u00dfnahmen, um Ihre Daten vor Verlust, Missbrauch und unbefugtem Zugriff, Ver\u00e4nderung, Offenlegung oder Zerst\u00f6rung zu sch\u00fctzen. Usercentrics hat Ma\u00dfnahmen ergriffen, um die laufende Vertraulichkeit, Integrit\u00e4t, Verf\u00fcgbarkeit und Ausfallsicherheit von Systemen und Diensten, die personenbezogene Daten verarbeiten, zu gew\u00e4hrleisten, und wird die Verf\u00fcgbarkeit und den Zugang zu Informationen im Falle eines physischen oder technischen Vorfalls rechtzeitig wiederherstellen.<\/p>\n        <\/div>\n    <\/div>\n<\/div>\n\n\n<div class=\"uc-accordion-item\" id=\"uc-accordion-item-13\">\n    <h3 class=\"uc-accordion-item__title no-default-margin\">    <button class=\"uc-accordion-item__button\"\n            id=\"uc-accordion-item-13-button\"\n            aria-expanded=\"false\"\n            aria-controls=\"uc-accordion-item-13-content\">\n        XII. Updates    <\/button>\n    <\/h3>    <div class=\"uc-accordion-item__content\"\n         id=\"uc-accordion-item-13-content\"\n         aria-labelledby=\"uc-accordion-item-13-button\">\n        <div class=\"uc-accordion-item__content__inner\">\n            <p>Wir behalten uns das Recht vor, diese Datenschutzerkl\u00e4rung von Zeit zu Zeit aktualisieren. F\u00fcr den Fall, dass wir wesentliche \u00c4nderungen vornehmen, die Ihre Rechte oder die Verpflichtungen von Usercentrics im Rahmen dieser Datenschutzerkl\u00e4rung einschr\u00e4nken, werden wir in diesem Abschnitt dieser Datenschutzerkl\u00e4rung einen deutlichen Hinweis ver\u00f6ffentlichen, der die Benutzer informiert, wenn diese aktualisiert werden.<\/p>\n        <\/div>\n    <\/div>\n<\/div>\n\n\n\n\n\n\n\n<p>Klicken Sie <a href=\"https:\/\/usercentrics.com\/de\/datenschutzerklaerung\/\" target=\"_blank\" rel=\"noopener\">hier<\/a>, um die ab August 2023 g\u00fcltige Datenschutzerkl\u00e4rung zu sehen.<\/p>\n\n<\/div>\n<\/div>","protected":false},"excerpt":{"rendered":"","protected":false},"author":6,"featured_media":0,"parent":0,"menu_order":0,"comment_status":"closed","ping_status":"closed","template":"","meta":{"_acf_changed":false,"editor_notices":[],"footnotes":""},"class_list":["post-1069","page","type-page","status-publish","hentry"],"acf":[],"yoast_head":"<title>Datenschutzerkl\u00e4rung g\u00fcltig bis November 2022 - Consent Management Platform (CMP) Usercentrics<\/title>\n<meta name=\"description\" content=\"Usercentrics Datenschutzerkl\u00e4rung: Finden Sie nachfolgend alle Informationen zu erhobenen und verarbeiteten Daten sowie zu eingesetzten Technologien.\" \/>\n<meta name=\"robots\" content=\"noindex, nofollow\" \/>\n<meta property=\"og:locale\" content=\"de_DE\" \/>\n<meta property=\"og:type\" content=\"article\" \/>\n<meta property=\"og:title\" content=\"Datenschutzerkl\u00e4rung g\u00fcltig bis November 2022\" \/>\n<meta property=\"og:description\" content=\"Usercentrics Datenschutzerkl\u00e4rung: Finden Sie nachfolgend alle Informationen zu erhobenen und verarbeiteten Daten sowie zu eingesetzten Technologien.\" \/>\n<meta property=\"og:url\" content=\"https:\/\/usercentrics.com\/de\/datenschutzerklaerung-bis-nov-2022\/\" \/>\n<meta property=\"og:site_name\" content=\"Consent Management Platform (CMP) Usercentrics\" \/>\n<meta property=\"article:publisher\" content=\"https:\/\/www.facebook.com\/usercentrics\" \/>\n<meta property=\"article:modified_time\" content=\"2025-11-17T06:11:50+00:00\" \/>\n<meta property=\"og:image\" content=\"https:\/\/usercentrics.com\/de\/wp-content\/uploads\/sites\/2\/2024\/09\/Asset-93-100.jpg\" \/>\n\t<meta property=\"og:image:width\" content=\"1201\" \/>\n\t<meta property=\"og:image:height\" content=\"631\" \/>\n\t<meta property=\"og:image:type\" content=\"image\/jpeg\" \/>\n<meta name=\"twitter:card\" content=\"summary_large_image\" \/>\n<meta name=\"twitter:site\" content=\"@usercentrics\" \/>\n<script type=\"application\/ld+json\" class=\"yoast-schema-graph\">{\"@context\":\"https:\\\/\\\/schema.org\",\"@graph\":[{\"@type\":\"WebPage\",\"@id\":\"https:\\\/\\\/usercentrics.com\\\/de\\\/datenschutzerklaerung-bis-nov-2022\\\/\",\"url\":\"https:\\\/\\\/usercentrics.com\\\/de\\\/datenschutzerklaerung-bis-nov-2022\\\/\",\"name\":\"Datenschutzerkl\u00e4rung g\u00fcltig bis November 2022 - Consent Management Platform (CMP) Usercentrics\",\"isPartOf\":{\"@id\":\"https:\\\/\\\/usercentrics.com\\\/de\\\/#website\"},\"datePublished\":\"2022-12-07T09:18:16+00:00\",\"dateModified\":\"2025-11-17T06:11:50+00:00\",\"description\":\"Usercentrics Datenschutzerkl\u00e4rung: Finden Sie nachfolgend alle Informationen zu erhobenen und verarbeiteten Daten sowie zu eingesetzten Technologien.\",\"inLanguage\":\"de-DE\",\"potentialAction\":[{\"@type\":\"ReadAction\",\"target\":\"https:\\\/\\\/usercentrics.com\\\/de\\\/datenschutzerklaerung-bis-nov-2022\\\/\"}]},{\"@type\":\"WebSite\",\"@id\":\"https:\\\/\\\/usercentrics.com\\\/de\\\/#website\",\"url\":\"https:\\\/\\\/usercentrics.com\\\/de\\\/\",\"name\":\"Consent Management Platform (CMP) Usercentrics\",\"description\":\"Consent Management Platform (CMP) Usercentrics\",\"potentialAction\":[{\"@type\":\"SearchAction\",\"target\":{\"@type\":\"EntryPoint\",\"urlTemplate\":\"https:\\\/\\\/usercentrics.com\\\/de\\\/?s={search_term_string}\"}}],\"inLanguage\":\"de-DE\"}]}<\/script>","yoast_head_json":{"title":"Datenschutzerkl\u00e4rung g\u00fcltig bis November 2022 - Consent Management Platform (CMP) Usercentrics","description":"Usercentrics Datenschutzerkl\u00e4rung: Finden Sie nachfolgend alle Informationen zu erhobenen und verarbeiteten Daten sowie zu eingesetzten Technologien.","robots":{"index":"noindex","follow":"nofollow"},"og_locale":"de_DE","og_type":"article","og_title":"Datenschutzerkl\u00e4rung g\u00fcltig bis November 2022","og_description":"Usercentrics Datenschutzerkl\u00e4rung: Finden Sie nachfolgend alle Informationen zu erhobenen und verarbeiteten Daten sowie zu eingesetzten Technologien.","og_url":"https:\/\/usercentrics.com\/de\/datenschutzerklaerung-bis-nov-2022\/","og_site_name":"Consent Management Platform (CMP) Usercentrics","article_publisher":"https:\/\/www.facebook.com\/usercentrics","article_modified_time":"2025-11-17T06:11:50+00:00","og_image":[{"width":1201,"height":631,"url":"https:\/\/usercentrics.com\/de\/wp-content\/uploads\/sites\/2\/2024\/09\/Asset-93-100.jpg","type":"image\/jpeg"}],"twitter_card":"summary_large_image","twitter_site":"@usercentrics","schema":{"@context":"https:\/\/schema.org","@graph":[{"@type":"WebPage","@id":"https:\/\/usercentrics.com\/de\/datenschutzerklaerung-bis-nov-2022\/","url":"https:\/\/usercentrics.com\/de\/datenschutzerklaerung-bis-nov-2022\/","name":"Datenschutzerkl\u00e4rung g\u00fcltig bis November 2022 - Consent Management Platform (CMP) Usercentrics","isPartOf":{"@id":"https:\/\/usercentrics.com\/de\/#website"},"datePublished":"2022-12-07T09:18:16+00:00","dateModified":"2025-11-17T06:11:50+00:00","description":"Usercentrics Datenschutzerkl\u00e4rung: Finden Sie nachfolgend alle Informationen zu erhobenen und verarbeiteten Daten sowie zu eingesetzten Technologien.","inLanguage":"de-DE","potentialAction":[{"@type":"ReadAction","target":"https:\/\/usercentrics.com\/de\/datenschutzerklaerung-bis-nov-2022\/"}]},{"@type":"WebSite","@id":"https:\/\/usercentrics.com\/de\/#website","url":"https:\/\/usercentrics.com\/de\/","name":"Consent Management Platform (CMP) Usercentrics","description":"Consent Management Platform (CMP) Usercentrics","potentialAction":[{"@type":"SearchAction","target":{"@type":"EntryPoint","urlTemplate":"https:\/\/usercentrics.com\/de\/?s={search_term_string}"}}],"inLanguage":"de-DE"}]}},"_links":{"self":[{"href":"https:\/\/usercentrics.com\/de\/wp-json\/wp\/v2\/pages\/1069","targetHints":{"allow":["GET"]}}],"collection":[{"href":"https:\/\/usercentrics.com\/de\/wp-json\/wp\/v2\/pages"}],"about":[{"href":"https:\/\/usercentrics.com\/de\/wp-json\/wp\/v2\/types\/page"}],"author":[{"embeddable":true,"href":"https:\/\/usercentrics.com\/de\/wp-json\/wp\/v2\/users\/6"}],"replies":[{"embeddable":true,"href":"https:\/\/usercentrics.com\/de\/wp-json\/wp\/v2\/comments?post=1069"}],"version-history":[{"count":0,"href":"https:\/\/usercentrics.com\/de\/wp-json\/wp\/v2\/pages\/1069\/revisions"}],"wp:attachment":[{"href":"https:\/\/usercentrics.com\/de\/wp-json\/wp\/v2\/media?parent=1069"}],"curies":[{"name":"wp","href":"https:\/\/api.w.org\/{rel}","templated":true}]}}