{"id":3648,"date":"2024-08-19T14:57:21","date_gmt":"2024-08-19T12:57:21","guid":{"rendered":"https:\/\/stage.usercentrics.com\/es\/?post_type=knowledge&#038;p=24058"},"modified":"2026-01-15T15:34:11","modified_gmt":"2026-01-15T14:34:11","slug":"texto-lopdgdd-para-facturas","status":"publish","type":"knowledge","link":"https:\/\/usercentrics.com\/es\/knowledge-hub\/texto-lopdgdd-para-facturas\/","title":{"rendered":"Modelos de texto LOPDGDD para facturas"},"content":{"rendered":"\n<h2 class=\"wp-block-heading\" id=\"h-por-que-se-debe-incorporar-el-texto-de-proteccion-de-datos-en-facturas\">Por qu\u00e9 se debe incorporar el texto de protecci\u00f3n de datos en facturas<\/h2>\n\n\n<p>La Ley Org\u00e1nica de Protecci\u00f3n de Datos Personales y Garant\u00eda de los Derechos Digitales (LOPDGDD) establece un marco legal, que regula la recopilaci\u00f3n, el uso y el almacenamiento de datos personales de ciudadanos de Espa\u00f1a.<\/p>\n<p>La LOPGDD exige que toda empresa que trate datos personales informe a los interesados sobre:<\/p>\n<ul>\n<li>La finalidad del tratamiento<\/li>\n<li>Sus derechos<\/li>\n<li>C\u00f3mo pueden ejercerlos<\/li>\n<\/ul>\n<p>Las facturas, al ser documentos que contienen informaci\u00f3n personal, no son una excepci\u00f3n. Por ello se debe a\u00f1adir una cl\u00e1usula en relaci\u00f3n al tratamiento de datos.<\/p>\n<p>Adem\u00e1s, incorporar un texto legal en las facturas demuestra a los clientes que la empresa se preocupa por la protecci\u00f3n de sus datos y que cumple con la normativa vigente. Esto genera confianza y transparencia en la relaci\u00f3n comercial.<\/p>\n<p><a href=\"https:\/\/usercentrics.com\/es\/wp-content\/uploads\/sites\/6\/2024\/08\/uc_blog_900x350_Por-que-se-debe-incorporar-el-texto-de-proteccion-de-datos-en-facturas.svg\"><img loading=\"lazy\" decoding=\"async\" class=\"alignnone size-full wp-image-7189\" src=\"https:\/\/usercentrics.com\/es\/wp-content\/uploads\/sites\/6\/2024\/08\/uc_blog_900x350_Por-que-se-debe-incorporar-el-texto-de-proteccion-de-datos-en-facturas.svg\" alt=\"\" width=\"900\" height=\"350\" \/><\/a><\/p>\n\n\n<h2 class=\"wp-block-heading\" id=\"h-requisitos-legales-del-texto-lopdgdd-en-facturas\">Requisitos legales del texto LOPDGDD en facturas<\/h2>\n\n\n<p>La LOPDGDD no establece de forma expl\u00edcita la obligatoriedad de incluir un texto legal en las facturas. Sin embargo, s\u00ed se desprende de varios art\u00edculos la necesidad de informar a los clientes sobre el tratamiento de sus datos personales en este tipo de documentos.<\/p>\n<p>As\u00ed lo se\u00f1ala de manera clara la LOPDGDD en el cap\u00edtulo I, art\u00edculo 11, sobre transparencia e informaci\u00f3n al afectado.<\/p>\n<blockquote>\n<p><em>\u201cCuando los datos personales sean obtenidos del afectado, el responsable del tratamiento podr\u00e1 dar cumplimiento al deber de informaci\u00f3n (&#8230;) indic\u00e1ndole una direcci\u00f3n electr\u00f3nica u otro medio que permita acceder de forma sencilla e inmediata a la restante informaci\u00f3n\u201d.<\/em><\/p>\n<p><em>(&#8230;) La informaci\u00f3n b\u00e1sica a la que se refiere el apartado anterior deber\u00e1 contener, al menos:<\/em><\/p>\n<p><em>a) La identidad del responsable del tratamiento y de su representante, en su caso.<\/em><\/p>\n<p><em>b) La finalidad del tratamiento.<\/em><\/p>\n<p><em>c) La posibilidad de ejercer los derechos establecidos en los art\u00edculos 15 a 22 del Reglamento (UE) 2016\/679.\u201d<\/em><\/p>\n<\/blockquote>\n<p>La ley espa\u00f1ola se basa en la de la UE sobre protecci\u00f3n de datos, por lo que esto tambi\u00e9n entrar\u00eda dentro de la <a href=\"\/es\/resources\/lista-de-comprobacion-del-rgpd\/\">checklist RGPD<\/a>.<\/p>\n\n\n<h2 class=\"wp-block-heading\" id=\"h-como-redactar-el-texto-de-proteccion-de-datos-para-facturas\">C\u00f3mo redactar el texto de protecci\u00f3n de datos para facturas<\/h2>\n\n\n<p>La factura debe indicar la identidad del responsable del tratamiento de datos personales. Todo esto podr\u00eda coincidir con los datos de facturaci\u00f3n. Sin embargo, no es suficiente. Adem\u00e1s, se debe explicar claramente para qu\u00e9 se usar\u00e1 la informaci\u00f3n de car\u00e1cter personal.<\/p>\n<p>Esto se puede agregar con un texto similar a \u00e9ste:<\/p>\n<blockquote>\n<p><em>\u201cLos datos personales recabados en esta factura se utilizar\u00e1n para gestionar la facturaci\u00f3n y cumplir con las obligaciones legales\u201d.<\/em><\/p>\n<\/blockquote>\n<p>Adem\u00e1s, se debe explicar para qu\u00e9 se van a utilizar los datos personales que se recopilan en la factura.<\/p>\n<blockquote>\n<p><em>\u201cEl tratamiento de sus datos personales est\u00e1 legitimado por su consentimiento expreso y nuestro inter\u00e9s leg\u00edtimo en prestarle el mejor servicio posible\u201d.<\/em><\/p>\n<\/blockquote>\n<p>Tambi\u00e9n debe aparecer una direcci\u00f3n de correo a la que los interesados puedan acudir para ejercer sus derechos. As\u00ed podr\u00e1n acceder, rectificar y suprimir los datos conforme marca la ley.<\/p>\n<p><a href=\"https:\/\/usercentrics.com\/es\/wp-content\/uploads\/sites\/6\/2024\/08\/uc_blog_900x350_Como-redactar-el-texto-de-proteccion-de-datos-para-facturas.svg\"><img loading=\"lazy\" decoding=\"async\" class=\"alignnone size-full wp-image-7190\" src=\"https:\/\/usercentrics.com\/es\/wp-content\/uploads\/sites\/6\/2024\/08\/uc_blog_900x350_Como-redactar-el-texto-de-proteccion-de-datos-para-facturas.svg\" alt=\"\" width=\"900\" height=\"350\" \/><\/a><\/p>\n<h3>Elementos clave que debe incluir el texto<\/h3>\n<p>En resumen, estos son los elementos que no pueden faltar en la factura, m\u00e1s all\u00e1 de los obligatorios por cuestiones fiscales, para cumplir el reglamento de la Uni\u00f3n Europea y Espa\u00f1a en materia de protecci\u00f3n de datos.<\/p>\n<ul>\n<li>Nombre, direcci\u00f3n, email y tel\u00e9fono del responsable del tratamiento<\/li>\n<li>Finalidad del tratamiento de los datos<\/li>\n<li>Legitimaci\u00f3n del tratamiento<\/li>\n<li>Derechos que tiene el usuario sobre sus datos<\/li>\n<li>Plazo de conservaci\u00f3n de la informaci\u00f3n<\/li>\n<li>Destinatarios de los datos, si los hay<\/li>\n<li>Medidas de seguridad tomadas<\/li>\n<\/ul>\n<p>Toda esta informaci\u00f3n puede incluirse de manera detallada o a\u00f1adir una peque\u00f1a cl\u00e1usula que haga referencia a un documento anexo o un enlace que se pueda visitar con una pol\u00edtica de privacidad.<\/p>\n<p>Si adem\u00e1s de tener un <a href=\"\/es\/knowledge-hub\/software-rgpd\/\">software RGPD<\/a>, la empresa cuenta con un programa de facturaci\u00f3n, hay soluciones que se pueden integrar entre s\u00ed y que cuentan con este texto legal incorporado.<\/p>\n\n<h3>Ejemplos pr\u00e1cticos de textos LOPDGDD aplicados en facturas<\/h3>\n<p>A continuaci\u00f3n podemos ver un ejemplo de factura con su texto legal incluido al final de la misma, en el pie de p\u00e1gina.<\/p>\n<p><img loading=\"lazy\" decoding=\"async\" class=\"alignnone wp-image-24062 size-large\" src=\"https:\/\/usercentrics.com\/wp-content\/uploads\/sites\/6\/2024\/08\/Factura-ejemplo-1-728x1030.png\" alt=\"Factura ejemplo 1\" width=\"728\" height=\"1030\" \/><\/p>\n<p>En este caso, el texto que consta y que se puede aplicar a otras empresas es el siguiente:<\/p>\n<blockquote>\n<p><em>\u00abLos datos personales recogidos ser\u00e1n tratados por [Nombre de la empresa] con la finalidad de gestionar la relaci\u00f3n comercial y emitir las facturas correspondientes. La base legal del tratamiento es la ejecuci\u00f3n del contrato. Los datos no ser\u00e1n cedidos a terceros salvo obligaci\u00f3n legal. Puede ejercer sus derechos de acceso, rectificaci\u00f3n, supresi\u00f3n, limitaci\u00f3n, oposici\u00f3n y portabilidad ante [Nombre de la empresa] en [Direcci\u00f3n de la empresa] o [Correo electr\u00f3nico de contacto].\u00bb<\/em><\/p>\n<\/blockquote>\n<p>En otros casos podemos ver un texto legal m\u00e1s escueto, por ejemplo, si se trata de una factura electr\u00f3nica. Basta con agregar un fragmento m\u00e1s breve con un enlace a la Pol\u00edtica de Privacidad.<\/p>\n<p>Aqu\u00ed podemos ver un ejemplo de factura con texto de protecci\u00f3n de datos m\u00e1s breve:<\/p>\n<p><img loading=\"lazy\" decoding=\"async\" class=\"alignnone size-full wp-image-24063\" src=\"https:\/\/usercentrics.com\/wp-content\/uploads\/sites\/6\/2024\/08\/Factura-ejemplo-2.png\" alt=\"Factura ejemplo 2\" width=\"1655\" height=\"2340\" \/><\/p>\n<p>Esta cl\u00e1usula es la que se puede a\u00f1adir en este caso, con su respectivo enlace a la pol\u00edtica de privacidad:<\/p>\n<blockquote>\n<p><em>\u00abLos datos personales recogidos ser\u00e1n tratados de acuerdo con nuestra Pol\u00edtica de Privacidad [enlace a la Pol\u00edtica de Privacidad]. Puede ejercer sus derechos enviando un correo electr\u00f3nico a [email de contacto].\u00bb<\/em><\/p>\n<\/blockquote>\n<p>Dependiendo de los clientes a quienes vayan dirigidas las facturas, se puede adaptar el texto, para hacerlo acorde con la legislaci\u00f3n. Por ejemplo, en el caso de Espa\u00f1a, se puede incluir antes algo as\u00ed:<\/p>\n<blockquote>\n<p><em>\u201cDe conformidad con la LOPDGDD, los datos personales recopilados se tratar\u00e1n siguiendo la normativa vigente. Puede ejercer sus derechos enviando un email a <a href=\"mailto:correo@empresa.com\">correo@empresa.com<\/a>\u201d.<\/em><\/p>\n<\/blockquote>\n<p>La ventaja de referirse directamente a una ley sin entrar en detalle es que la empresa se compromete a seguir lo que estipula la legislaci\u00f3n, sin tener que concretar los detalles, que cualquiera puede consultar directamente en la ley mencionada. Sin embargo, es importante asegurarse de cumplir con lo que dispone la normativa, y de actualizar el texto legal incluido en las facturas ante cualquier cambio de las leyes.<\/p>\n\n<div id=\"uc-cta_69f228beb955d\" class=\"uc-cta uc-cta--button uc-cta--primary uc-ctx--blue\">\n    <div class=\"uc-cta__inner container\">\n        <div class=\"uc-cta__content\">\n                                        <div class=\"uc-cta__heading no-default-margin\">\u00bfEst\u00e1 libre de riesgos de seguridad?<\/div>\n                                        <div class=\"uc-cta__description\">\n                    <p>En Usercentrics le ayudamos a protegerse de problemas por incumplimiento de la normativa sobre privacidad, como posibles sanciones.<\/p>\n                <\/div>\n                                                                    <\/div>\n                            <div class=\"uc-cta__section\">\n                                        <a id=\"2ff4caa8-3fdc-4d3a-906c-e3243767cd8a\" class=\"uc-button uc-button-size-m uc-button-contained  no-default-link-decoration\" href=\"\/es\/data-privacy-audit\/\" target=\"\"><span>Solicite una Auditor\u00eda de Privacidad<\/span><\/a>                                    <\/div>\n            <\/div>\n<\/div>\n    <script type=\"module\">\n        new Uc_Cta(document.getElementById(\"uc-cta_69f228beb955d\"));\n    <\/script>\n\n\n<h3>\u00bfEn qu\u00e9 parte de la factura se debe a\u00f1adir el texto legal?<\/h3>\n<p>Para <a href=\"\/es\/knowledge-hub\/como-cumplir-lopd\/\">cumplir la LOPDGDD<\/a>, el texto debe aparecer en la factura de manera accesible y f\u00e1cilmente legible. Esto no significa que deba tener demasiado protagonismo. Suele a\u00f1adirse al pie de la factura, es decir, tras el apartado donde aparece el total del importe a cobrar.<\/p>\n<p>En caso de facturas de larga extensi\u00f3n, que pueden tener m\u00e1s de una p\u00e1gina, es posible incluir el texto de protecci\u00f3n de datos en el anexo. En ese caso, es fundamental mencionar dicho anexo en el documento principal de la factura.<\/p>\n\n\n<h2 class=\"wp-block-heading\" id=\"h-conclusion\">Conclusi\u00f3n<\/h2>\n\n\n<p>La LOPDGDD en Espa\u00f1a y el RGPD a nivel de toda la Uni\u00f3n Europea establecen obligaciones claras para las empresas en cuanto al tratamiento de datos personales. No solo es obligatorio tomar medidas de seguridad, sino tambi\u00e9n notificar a los usuarios sobre la protecci\u00f3n de su informaci\u00f3n de car\u00e1cter personal.<\/p>\n<p>Por ello, incluso en el contexto de la emisi\u00f3n de facturas es crucial incluir la informaci\u00f3n adecuada para cumplir la normativa. De esta forma, el destinatario de la factura puede ejercer sus derechos sobre sus datos personales.<\/p>\n<p>Usercentrics le ofrece una soluci\u00f3n digital que le ayudar\u00e1 a cumplir con las leyes de protecci\u00f3n de datos. Aseg\u00farese de cumplir con la normativa vigente, evitando posibles sanciones o da\u00f1os en su reputaci\u00f3n.<\/p>\n<p>&#8211;<\/p>\n<p><em>Descargo de responsabilidad: Usercentrics no provee asesor\u00eda legal, y la informaci\u00f3n provista tiene fines \u00fanicamente educativos. Siempre recomendamos recurrir a consultor\u00edas legales cualificadas o especialistas en privacidad en relaci\u00f3n a las cuestiones y operaciones sobre privacidad y protecci\u00f3n de datos.<\/em><\/p>","protected":false},"excerpt":{"rendered":"<p>Ya que las facturas contienen informaci\u00f3n de car\u00e1cter personal, deben incluir un texto legal que informe sobre c\u00f3mo se tratar\u00e1n los datos. El texto LOPDGDD hace referencia a la ley de protecci\u00f3n de datos vigente en Espa\u00f1a. A continuaci\u00f3n veremos modelos de textos que se pueden incluir en facturas para cumplir las leyes como la LOPDGDD o el RGPD.<\/p>\n","protected":false},"featured_media":7188,"template":"","meta":{"_acf_changed":false,"editor_notices":[],"footnotes":""},"tags":[],"magazine_issue":[],"magazine_tag":[],"resource_tag":[47],"class_list":["post-3648","knowledge","type-knowledge","status-publish","has-post-thumbnail","hentry","resource_tag-normativas"],"acf":[],"yoast_head":"<title>Modelos de texto LOPDGDD para facturas<\/title>\n<meta name=\"description\" content=\"Descubre por qu\u00e9 es esencial incluir el texto LOPDGDD en las facturas y c\u00f3mo redactarlo para cumplir la normativa.\" \/>\n<meta name=\"robots\" content=\"index, follow, max-snippet:-1, max-image-preview:large, max-video-preview:-1\" \/>\n<link rel=\"canonical\" href=\"https:\/\/usercentrics.com\/es\/knowledge-hub\/texto-lopdgdd-para-facturas\/\" \/>\n<meta property=\"og:locale\" content=\"es_ES\" \/>\n<meta property=\"og:type\" content=\"article\" \/>\n<meta property=\"og:title\" content=\"Modelos de texto LOPDGDD para facturas\" \/>\n<meta property=\"og:description\" content=\"Descubre por qu\u00e9 es esencial incluir el texto LOPDGDD en las facturas y c\u00f3mo redactarlo para cumplir la normativa.\" \/>\n<meta property=\"og:url\" content=\"https:\/\/usercentrics.com\/es\/knowledge-hub\/texto-lopdgdd-para-facturas\/\" \/>\n<meta property=\"og:site_name\" content=\"Consent Management Platform (CMP) Usercentrics\" \/>\n<meta property=\"article:publisher\" content=\"https:\/\/www.facebook.com\/usercentrics\" \/>\n<meta property=\"article:modified_time\" content=\"2026-01-15T14:34:11+00:00\" \/>\n<meta property=\"og:image\" content=\"https:\/\/usercentrics.com\/wp-content\/uploads\/sites\/6\/2024\/08\/uc_blog_hero_500px_es_LOPDGDD_blue_01.png\" \/>\n<meta name=\"twitter:card\" content=\"summary_large_image\" \/>\n<meta name=\"twitter:site\" content=\"@usercentrics\" \/>\n<meta name=\"twitter:label1\" content=\"Est. reading time\" \/>\n\t<meta name=\"twitter:data1\" content=\"6 minutos\" \/>\n<script type=\"application\/ld+json\" class=\"yoast-schema-graph\">{\"@context\":\"https:\\\/\\\/schema.org\",\"@graph\":[{\"@type\":\"WebPage\",\"@id\":\"https:\\\/\\\/usercentrics.com\\\/es\\\/knowledge-hub\\\/texto-lopdgdd-para-facturas\\\/\",\"url\":\"https:\\\/\\\/usercentrics.com\\\/es\\\/knowledge-hub\\\/texto-lopdgdd-para-facturas\\\/\",\"name\":\"Modelos de texto LOPDGDD para facturas\",\"isPartOf\":{\"@id\":\"https:\\\/\\\/usercentrics.com\\\/es\\\/#website\"},\"primaryImageOfPage\":{\"@id\":\"https:\\\/\\\/usercentrics.com\\\/es\\\/knowledge-hub\\\/texto-lopdgdd-para-facturas\\\/#primaryimage\"},\"image\":{\"@id\":\"https:\\\/\\\/usercentrics.com\\\/es\\\/knowledge-hub\\\/texto-lopdgdd-para-facturas\\\/#primaryimage\"},\"thumbnailUrl\":\"https:\\\/\\\/usercentrics.com\\\/es\\\/wp-content\\\/uploads\\\/sites\\\/6\\\/2024\\\/08\\\/uc_blog_1000x1000_Modelos-de-texto-LOPDGDD-para-facturas_b.jpg\",\"datePublished\":\"2024-08-19T12:57:21+00:00\",\"dateModified\":\"2026-01-15T14:34:11+00:00\",\"description\":\"Descubre por qu\u00e9 es esencial incluir el texto LOPDGDD en las facturas y c\u00f3mo redactarlo para cumplir la normativa.\",\"breadcrumb\":{\"@id\":\"https:\\\/\\\/usercentrics.com\\\/es\\\/knowledge-hub\\\/texto-lopdgdd-para-facturas\\\/#breadcrumb\"},\"inLanguage\":\"es\",\"potentialAction\":[{\"@type\":\"ReadAction\",\"target\":\"https:\\\/\\\/usercentrics.com\\\/es\\\/knowledge-hub\\\/texto-lopdgdd-para-facturas\\\/\"}]},{\"@type\":\"ImageObject\",\"inLanguage\":\"es\",\"@id\":\"https:\\\/\\\/usercentrics.com\\\/es\\\/knowledge-hub\\\/texto-lopdgdd-para-facturas\\\/#primaryimage\",\"url\":\"https:\\\/\\\/usercentrics.com\\\/es\\\/wp-content\\\/uploads\\\/sites\\\/6\\\/2024\\\/08\\\/uc_blog_1000x1000_Modelos-de-texto-LOPDGDD-para-facturas_b.jpg\",\"contentUrl\":\"https:\\\/\\\/usercentrics.com\\\/es\\\/wp-content\\\/uploads\\\/sites\\\/6\\\/2024\\\/08\\\/uc_blog_1000x1000_Modelos-de-texto-LOPDGDD-para-facturas_b.jpg\",\"width\":1000,\"height\":1000,\"copyrightNotice\":\"\u00a9 Copyright 2026 Usercentrics GmbH\",\"creator\":{\"@type\":\"Organization\",\"name\":\"Usercentrics GmbH\"},\"creditText\":\"Image: Usercentrics GmbH\"},{\"@type\":\"BreadcrumbList\",\"@id\":\"https:\\\/\\\/usercentrics.com\\\/es\\\/knowledge-hub\\\/texto-lopdgdd-para-facturas\\\/#breadcrumb\",\"itemListElement\":[{\"@type\":\"ListItem\",\"position\":1,\"name\":\"Recursos\",\"item\":\"https:\\\/\\\/usercentrics.com\\\/es\\\/resources\\\/\"},{\"@type\":\"ListItem\",\"position\":2,\"name\":\"Blog\",\"item\":\"https:\\\/\\\/usercentrics.com\\\/es\\\/knowledge-hub\\\/\"},{\"@type\":\"ListItem\",\"position\":3,\"name\":\"Modelos de texto LOPDGDD para facturas\",\"item\":\"https:\\\/\\\/usercentrics.com\\\/es\\\/knowledge-hub\\\/texto-lopdgdd-para-facturas\\\/\"}]},{\"@type\":\"WebSite\",\"@id\":\"https:\\\/\\\/usercentrics.com\\\/es\\\/#website\",\"url\":\"https:\\\/\\\/usercentrics.com\\\/es\\\/\",\"name\":\"Consent Management Platform (CMP) Usercentrics\",\"description\":\"Consent Management Platform (CMP) Usercentrics\",\"potentialAction\":[{\"@type\":\"SearchAction\",\"target\":{\"@type\":\"EntryPoint\",\"urlTemplate\":\"https:\\\/\\\/usercentrics.com\\\/es\\\/?s={search_term_string}\"}}],\"inLanguage\":\"es\"}]}<\/script>","yoast_head_json":{"title":"Modelos de texto LOPDGDD para facturas","description":"Descubre por qu\u00e9 es esencial incluir el texto LOPDGDD en las facturas y c\u00f3mo redactarlo para cumplir la normativa.","robots":{"index":"index","follow":"follow","max-snippet":"max-snippet:-1","max-image-preview":"max-image-preview:large","max-video-preview":"max-video-preview:-1"},"canonical":"https:\/\/usercentrics.com\/es\/knowledge-hub\/texto-lopdgdd-para-facturas\/","og_locale":"es_ES","og_type":"article","og_title":"Modelos de texto LOPDGDD para facturas","og_description":"Descubre por qu\u00e9 es esencial incluir el texto LOPDGDD en las facturas y c\u00f3mo redactarlo para cumplir la normativa.","og_url":"https:\/\/usercentrics.com\/es\/knowledge-hub\/texto-lopdgdd-para-facturas\/","og_site_name":"Consent Management Platform (CMP) Usercentrics","article_publisher":"https:\/\/www.facebook.com\/usercentrics","article_modified_time":"2026-01-15T14:34:11+00:00","og_image":[{"url":"https:\/\/usercentrics.com\/wp-content\/uploads\/sites\/6\/2024\/08\/uc_blog_hero_500px_es_LOPDGDD_blue_01.png","type":"","width":"","height":""}],"twitter_card":"summary_large_image","twitter_site":"@usercentrics","twitter_misc":{"Est. reading time":"6 minutos"},"schema":{"@context":"https:\/\/schema.org","@graph":[{"@type":"WebPage","@id":"https:\/\/usercentrics.com\/es\/knowledge-hub\/texto-lopdgdd-para-facturas\/","url":"https:\/\/usercentrics.com\/es\/knowledge-hub\/texto-lopdgdd-para-facturas\/","name":"Modelos de texto LOPDGDD para facturas","isPartOf":{"@id":"https:\/\/usercentrics.com\/es\/#website"},"primaryImageOfPage":{"@id":"https:\/\/usercentrics.com\/es\/knowledge-hub\/texto-lopdgdd-para-facturas\/#primaryimage"},"image":{"@id":"https:\/\/usercentrics.com\/es\/knowledge-hub\/texto-lopdgdd-para-facturas\/#primaryimage"},"thumbnailUrl":"https:\/\/usercentrics.com\/es\/wp-content\/uploads\/sites\/6\/2024\/08\/uc_blog_1000x1000_Modelos-de-texto-LOPDGDD-para-facturas_b.jpg","datePublished":"2024-08-19T12:57:21+00:00","dateModified":"2026-01-15T14:34:11+00:00","description":"Descubre por qu\u00e9 es esencial incluir el texto LOPDGDD en las facturas y c\u00f3mo redactarlo para cumplir la normativa.","breadcrumb":{"@id":"https:\/\/usercentrics.com\/es\/knowledge-hub\/texto-lopdgdd-para-facturas\/#breadcrumb"},"inLanguage":"es","potentialAction":[{"@type":"ReadAction","target":"https:\/\/usercentrics.com\/es\/knowledge-hub\/texto-lopdgdd-para-facturas\/"}]},{"@type":"ImageObject","inLanguage":"es","@id":"https:\/\/usercentrics.com\/es\/knowledge-hub\/texto-lopdgdd-para-facturas\/#primaryimage","url":"https:\/\/usercentrics.com\/es\/wp-content\/uploads\/sites\/6\/2024\/08\/uc_blog_1000x1000_Modelos-de-texto-LOPDGDD-para-facturas_b.jpg","contentUrl":"https:\/\/usercentrics.com\/es\/wp-content\/uploads\/sites\/6\/2024\/08\/uc_blog_1000x1000_Modelos-de-texto-LOPDGDD-para-facturas_b.jpg","width":1000,"height":1000,"copyrightNotice":"\u00a9 Copyright 2026 Usercentrics GmbH","creator":{"@type":"Organization","name":"Usercentrics GmbH"},"creditText":"Image: Usercentrics GmbH"},{"@type":"BreadcrumbList","@id":"https:\/\/usercentrics.com\/es\/knowledge-hub\/texto-lopdgdd-para-facturas\/#breadcrumb","itemListElement":[{"@type":"ListItem","position":1,"name":"Recursos","item":"https:\/\/usercentrics.com\/es\/resources\/"},{"@type":"ListItem","position":2,"name":"Blog","item":"https:\/\/usercentrics.com\/es\/knowledge-hub\/"},{"@type":"ListItem","position":3,"name":"Modelos de texto LOPDGDD para facturas","item":"https:\/\/usercentrics.com\/es\/knowledge-hub\/texto-lopdgdd-para-facturas\/"}]},{"@type":"WebSite","@id":"https:\/\/usercentrics.com\/es\/#website","url":"https:\/\/usercentrics.com\/es\/","name":"Consent Management Platform (CMP) Usercentrics","description":"Consent Management Platform (CMP) Usercentrics","potentialAction":[{"@type":"SearchAction","target":{"@type":"EntryPoint","urlTemplate":"https:\/\/usercentrics.com\/es\/?s={search_term_string}"}}],"inLanguage":"es"}]}},"_links":{"self":[{"href":"https:\/\/usercentrics.com\/es\/wp-json\/wp\/v2\/knowledge\/3648","targetHints":{"allow":["GET"]}}],"collection":[{"href":"https:\/\/usercentrics.com\/es\/wp-json\/wp\/v2\/knowledge"}],"about":[{"href":"https:\/\/usercentrics.com\/es\/wp-json\/wp\/v2\/types\/knowledge"}],"version-history":[{"count":0,"href":"https:\/\/usercentrics.com\/es\/wp-json\/wp\/v2\/knowledge\/3648\/revisions"}],"wp:featuredmedia":[{"embeddable":true,"href":"https:\/\/usercentrics.com\/es\/wp-json\/wp\/v2\/media\/7188"}],"wp:attachment":[{"href":"https:\/\/usercentrics.com\/es\/wp-json\/wp\/v2\/media?parent=3648"}],"wp:term":[{"taxonomy":"post_tag","embeddable":true,"href":"https:\/\/usercentrics.com\/es\/wp-json\/wp\/v2\/tags?post=3648"},{"taxonomy":"magazine_issue","embeddable":true,"href":"https:\/\/usercentrics.com\/es\/wp-json\/wp\/v2\/magazine_issue?post=3648"},{"taxonomy":"magazine_tag","embeddable":true,"href":"https:\/\/usercentrics.com\/es\/wp-json\/wp\/v2\/magazine_tag?post=3648"},{"taxonomy":"resource_tag","embeddable":true,"href":"https:\/\/usercentrics.com\/es\/wp-json\/wp\/v2\/resource_tag?post=3648"}],"curies":[{"name":"wp","href":"https:\/\/api.w.org\/{rel}","templated":true}]}}