{"id":10061,"date":"2026-03-06T00:11:11","date_gmt":"2026-03-05T23:11:11","guid":{"rendered":"https:\/\/stage.usercentrics.com\/fr\/?post_type=knowledge&#038;p=10061"},"modified":"2026-03-06T00:13:14","modified_gmt":"2026-03-05T23:13:14","slug":"droit-a-l-oubli-rgpd","status":"publish","type":"knowledge","link":"https:\/\/usercentrics.com\/fr\/knowledge-hub\/droit-a-l-oubli-rgpd\/","title":{"rendered":"Droit \u00e0 l\u2019oubli RGPD : d\u00e9finition, conditions et mise en \u0153uvre"},"content":{"rendered":"<div class=\"uc-key-takeaways\">\n    <div class=\"uc-key-takeaways__container\">\n        <h2 class=\"uc-key-takeaways__title uc-key-takeaways__heading-variarion like-h3\">\n            En bref        <\/h2>\n        <div class=\"uc-key-takeaways__content\">\n            <div class=\"uc-key-takeaways__content__inner\">\n                <div class=\"uc-accordion-item uc-accordion-item--opened\" id=\"uc-accordion-item-1\">\n    <span class=\"uc-accordion-item__title no-default-margin\">    <button class=\"uc-accordion-item__button\"\n            id=\"uc-accordion-item-1-button\"\n            aria-expanded=\"true\"\n            aria-controls=\"uc-accordion-item-1-content\">\n        Key Takeaways    <\/button>\n    <\/span>    <div class=\"uc-accordion-item__content\"\n         id=\"uc-accordion-item-1-content\"\n         aria-labelledby=\"uc-accordion-item-1-button\">\n        <div class=\"uc-accordion-item__content__inner\">\n            \n\n<ul class=\"wp-block-list\">\n<li><strong>Article 17 :<\/strong> Le fondement l\u00e9gal qui oblige \u00e0 l&rsquo;effacement sans retard injustifi\u00e9.<\/li>\n\n\n\n<li><strong>D\u00e9lai :<\/strong> 1 mois maximum pour r\u00e9pondre \u00e0 une demande.<\/li>\n\n\n\n<li><strong>Exceptions :<\/strong> Le droit \u00e0 l&rsquo;oubli s&rsquo;efface devant la libert\u00e9 d&rsquo;expression ou les obligations l\u00e9gales (comptabilit\u00e9, justice).<\/li>\n\n\n\n<li><strong>Action :<\/strong> Automatisez la gestion via une CMP pour \u00e9viter les erreurs humaines.<\/li>\n<\/ul>\n\n        <\/div>\n    <\/div>\n<\/div>\n            <\/div>\n        <\/div>\n    <\/div>\n<\/div>\n\n\n\n<h2 class=\"wp-block-heading\" id=\"h-qu-est-ce-que-le-droit-a-l-oubli-selon-le-rgpd\">Qu\u2019est-ce que le droit \u00e0 l\u2019oubli selon le RGPD ?<\/h2>\n\n\n\n<p>Le droit \u00e0 l\u2019oubli, consacr\u00e9 par l\u2019article 17 du RGPD, d\u00e9signe le droit \u00e0 l\u2019effacement des donn\u00e9es personnelles. Il permet \u00e0 toute personne concern\u00e9e d\u2019obtenir d\u2019un responsable de traitement la suppression de ses donn\u00e9es lorsque certaines conditions sont r\u00e9unies.<\/p>\n\n\n\n<p>Le RGPD d\u00e9finit une donn\u00e9e personnelle comme toute information se rapportant \u00e0 une personne physique identifi\u00e9e ou identifiable : nom, adresse email, identifiant en ligne, adresse IP, donn\u00e9es de localisation ou identifiants publicitaires.<\/p>\n\n\n\n<p>Le droit \u00e0 l\u2019oubli s\u2019inscrit dans la logique de responsabilit\u00e9 du RGPD. Il ne s\u2019agit pas seulement de supprimer des donn\u00e9es sur demande, mais de garantir que leur conservation reste justifi\u00e9e, proportionn\u00e9e et conforme aux finalit\u00e9s d\u00e9clar\u00e9es.<br><\/p>\n\n\n\n<h2 class=\"wp-block-heading\" id=\"h-sur-quelle-base-legale-repose-le-droit-a-l-effacement\">Sur quelle base l\u00e9gale repose le droit \u00e0 l\u2019effacement ?<\/h2>\n\n\n\n<p>Le droit \u00e0 l\u2019effacement repose directement sur le <a href=\"https:\/\/eur-lex.europa.eu\/legal-content\/FR\/TXT\/?uri=CELEX%3A32016R0679\" target=\"_blank\" rel=\"noreferrer noopener\">cadre juridique europ\u00e9en en mati\u00e8re de protection des donn\u00e9es<\/a>.<\/p>\n\n\n\n<div class=\"uc-article-list-timeline   uc-ctx--base\" style=\"\">\n            <div class=\"uc-article-list-timeline__header\">\n                                        <figure class=\"uc-article-list-timeline__header-image\">\n                    <img decoding=\"async\" class=\"uc-article-list-timeline__header-image-element\"\n                         src=\"https:\/\/usercentrics.com\/fr\/wp-content\/uploads\/sites\/4\/2026\/03\/ListComponent-Sur-quelle-base-legale-repose.svg?v=8cdc8f5daff9c3b2\"\n                         alt=\"\">\n                <\/figure>\n                    <\/div>\n        <div class=\"uc-article-list-timeline__list\">\n                    <div class=\"uc-article-list-timeline__item\">\n                <div class=\"uc-article-list-timeline__item-graphics \">\n                    <div class=\"uc-article-list-timeline__item-bullet uc-article-list-timeline__item-bullet--icon\">\n                        <svg width=\"24\" height=\"24\" viewBox=\"0 0 24 24\" fill=\"none\" xmlns=\"http:\/\/www.w3.org\/2000\/svg\">\n<path d=\"M9.63335 17.838L3.93335 12.138L5.35835 10.713L9.63335 14.988L18.8084 5.81299L20.2334 7.23799L9.63335 17.838Z\" fill=\"black\"\/>\n<\/svg>\n                    <\/div>\n                <\/div>\n\n                <div class=\"uc-article-list-timeline__item-content\">\n                                            <h3 class=\"uc-article-list-timeline__item-title\">                        Article 17 du RGPD                        <\/h3>                                        <div class=\"uc-article-list-timeline__item-description\">\n                        <p>L\u2019article 17 du RGPD impose au responsable de traitement d\u2019effacer les donn\u00e9es personnelles \u00ab sans retard injustifi\u00e9 \u00bb lorsqu\u2019un des fondements pr\u00e9vus par le texte s\u2019applique. Il pr\u00e9cise \u00e9galement les cas dans lesquels ce droit peut \u00eatre limit\u00e9.<\/p>\n                    <\/div>\n                <\/div>\n            <\/div>\n                    <div class=\"uc-article-list-timeline__item\">\n                <div class=\"uc-article-list-timeline__item-graphics \">\n                    <div class=\"uc-article-list-timeline__item-bullet uc-article-list-timeline__item-bullet--icon\">\n                        <svg width=\"24\" height=\"24\" viewBox=\"0 0 24 24\" fill=\"none\" xmlns=\"http:\/\/www.w3.org\/2000\/svg\">\n<path d=\"M9.63335 17.838L3.93335 12.138L5.35835 10.713L9.63335 14.988L18.8084 5.81299L20.2334 7.23799L9.63335 17.838Z\" fill=\"black\"\/>\n<\/svg>\n                    <\/div>\n                <\/div>\n\n                <div class=\"uc-article-list-timeline__item-content\">\n                                            <h3 class=\"uc-article-list-timeline__item-title\">                        D\u00e9cision de la CJUE                        <\/h3>                                        <div class=\"uc-article-list-timeline__item-description\">\n                        <p>Avant m\u00eame l\u2019entr\u00e9e en application du RGPD, l\u2019arr\u00eat Google Spain rendu par la Cour de justice de l\u2019Union europ\u00e9enne (CJUE) le 13 mai 2014 a reconnu la possibilit\u00e9 pour un individu de demander le d\u00e9r\u00e9f\u00e9rencement de r\u00e9sultats de recherche associ\u00e9s \u00e0 son nom. Cette d\u00e9cision a pos\u00e9 les bases du droit \u00e0 l\u2019oubli dans le contexte des moteurs de recherche.<\/p>\n                    <\/div>\n                <\/div>\n            <\/div>\n                    <div class=\"uc-article-list-timeline__item\">\n                <div class=\"uc-article-list-timeline__item-graphics \">\n                    <div class=\"uc-article-list-timeline__item-bullet uc-article-list-timeline__item-bullet--icon\">\n                        <svg width=\"24\" height=\"24\" viewBox=\"0 0 24 24\" fill=\"none\" xmlns=\"http:\/\/www.w3.org\/2000\/svg\">\n<path d=\"M9.63335 17.838L3.93335 12.138L5.35835 10.713L9.63335 14.988L18.8084 5.81299L20.2334 7.23799L9.63335 17.838Z\" fill=\"black\"\/>\n<\/svg>\n                    <\/div>\n                <\/div>\n\n                <div class=\"uc-article-list-timeline__item-content\">\n                                            <h3 class=\"uc-article-list-timeline__item-title\">                        R\u00f4le de la CNIL                        <\/h3>                                        <div class=\"uc-article-list-timeline__item-description\">\n                        <p>En France, la <a href=\"https:\/\/www.cnil.fr\/fr\/le-droit-leffacement-supprimer-vos-donnees-en-ligne\">CNIL<\/a> est l\u2019autorit\u00e9 de contr\u00f4le charg\u00e9e de veiller au respect du RGPD. Elle pr\u00e9cise les modalit\u00e9s d\u2019exercice du droit \u00e0 l\u2019effacement et peut \u00eatre saisie en cas de refus ou d\u2019absence de r\u00e9ponse.<\/p>\n                    <\/div>\n                <\/div>\n            <\/div>\n            <\/div>\n<\/div>\n\n\n<div class=\"uc-notice\">\n    <div class=\"uc-notice__icon\">\n        <svg width=\"24\" height=\"24\" viewBox=\"0 0 24 24\" fill=\"none\" xmlns=\"http:\/\/www.w3.org\/2000\/svg\">\n<path d=\"M10.8177 17.0093H12.8177V11.0093H10.8177V17.0093ZM11.8177 9.00928C12.1011 9.00928 12.3386 8.91344 12.5302 8.72178C12.7219 8.53011 12.8177 8.29261 12.8177 8.00928C12.8177 7.72594 12.7219 7.48844 12.5302 7.29678C12.3386 7.10511 12.1011 7.00928 11.8177 7.00928C11.5344 7.00928 11.2969 7.10511 11.1052 7.29678C10.9136 7.48844 10.8177 7.72594 10.8177 8.00928C10.8177 8.29261 10.9136 8.53011 11.1052 8.72178C11.2969 8.91344 11.5344 9.00928 11.8177 9.00928ZM11.8177 22.0093C10.4344 22.0093 9.13442 21.7468 7.91775 21.2218C6.70108 20.6968 5.64275 19.9843 4.74275 19.0843C3.84275 18.1843 3.13025 17.1259 2.60525 15.9093C2.08025 14.6926 1.81775 13.3926 1.81775 12.0093C1.81775 10.6259 2.08025 9.32594 2.60525 8.10928C3.13025 6.89261 3.84275 5.83428 4.74275 4.93428C5.64275 4.03428 6.70108 3.32178 7.91775 2.79678C9.13442 2.27178 10.4344 2.00928 11.8177 2.00928C13.2011 2.00928 14.5011 2.27178 15.7177 2.79678C16.9344 3.32178 17.9928 4.03428 18.8927 4.93428C19.7927 5.83428 20.5052 6.89261 21.0302 8.10928C21.5552 9.32594 21.8177 10.6259 21.8177 12.0093C21.8177 13.3926 21.5552 14.6926 21.0302 15.9093C20.5052 17.1259 19.7927 18.1843 18.8927 19.0843C17.9928 19.9843 16.9344 20.6968 15.7177 21.2218C14.5011 21.7468 13.2011 22.0093 11.8177 22.0093Z\" fill=\"black\"\/>\n<\/svg>\n    <\/div>\n    <div class=\"uc-notice__content\">\n                <p><a href=\"https:\/\/www.cnil.fr\/fr\/comprendre-mes-droits\/le-droit-leffacement-supprimer-vos-donnees-en-ligne\">CNIL : Le droit \u00e0 l\u2019effacement : supprimer vos donn\u00e9es en ligne<\/a><\/p>\n            <\/div>\n<\/div>\n\n\n\n\n\n<h2 class=\"wp-block-heading\" id=\"h-dans-quels-cas-peut-on-exercer-le-droit-a-l-oubli\">Dans quels cas peut-on exercer le droit \u00e0 l\u2019oubli ?<\/h2>\n\n\n\n<p>L\u2019article 17 du RGPD pr\u00e9voit six situations principales dans lesquelles une demande d\u2019effacement doit \u00eatre accept\u00e9e :<\/p>\n\n\n\n<ul class=\"wp-block-list\">\n<li>Les donn\u00e9es ne sont plus n\u00e9cessaires au regard des finalit\u00e9s pour lesquelles elles ont \u00e9t\u00e9 collect\u00e9es.<\/li>\n\n\n\n<li>La personne retire son consentement et aucun autre fondement juridique ne justifie le traitement.<\/li>\n\n\n\n<li>La personne s\u2019oppose au traitement et aucun motif l\u00e9gitime imp\u00e9rieux ne pr\u00e9vaut.<\/li>\n\n\n\n<li>Le traitement des donn\u00e9es \u00e9tait illicite.<\/li>\n\n\n\n<li>L\u2019effacement est n\u00e9cessaire pour respecter une obligation l\u00e9gale.<\/li>\n\n\n\n<li>Les donn\u00e9es ont \u00e9t\u00e9 collect\u00e9es aupr\u00e8s d\u2019un mineur dans le cadre de services en ligne.<\/li>\n<\/ul>\n\n\n\n<p>Le retrait du consentement est l&rsquo;un des motifs les plus fr\u00e9quents. Pour les entreprises, cela souligne l&rsquo;importance d&rsquo;un <a href=\"https:\/\/usercentrics.com\/fr\/knowledge-hub\/bandeau-consentement\/\">bandeau de consentement<\/a> clair : si l&rsquo;utilisateur retire son accord via vos r\u00e9glages de confidentialit\u00e9, vous devez cesser le traitement et, dans bien des cas, proc\u00e9der \u00e0 l&rsquo;effacement.<\/p>\n\n\n\n<h2 class=\"wp-block-heading\" id=\"h-comment-faire-une-demande-de-suppression-de-donnees-personnelles\">Comment faire une demande de suppression de donn\u00e9es personnelles ?<\/h2>\n\n\n\n<p>Pour exercer son droit \u00e0 l\u2019effacement, la personne concern\u00e9e doit adresser une demande au responsable de traitement. Cette demande peut \u00eatre envoy\u00e9e par email, par courrier ou via un formulaire en ligne d\u00e9di\u00e9 aux droits RGPD.<\/p>\n\n\n\n<p>L\u2019organisme dispose d\u2019un d\u00e9lai d\u2019un mois pour r\u00e9pondre. En cas d\u2019absence de r\u00e9ponse ou de refus injustifi\u00e9, il est possible de saisir la CNIL.<\/p>\n\n\n\n<p>Du c\u00f4t\u00e9 des entreprises, ces demandes sont consid\u00e9r\u00e9es comme des demandes d\u2019exercice de droits (DSAR). Elles doivent \u00eatre document\u00e9es, analys\u00e9es juridiquement et trait\u00e9es de mani\u00e8re tra\u00e7able.<br><\/p>\n\n\n\n<h2 class=\"wp-block-heading\" id=\"h-droit-a-l-oubli-et-moteurs-de-recherche-google\">Droit \u00e0 l\u2019oubli et moteurs de recherche (Google)<\/h2>\n\n\n\n<p>Le droit \u00e0 l\u2019oubli prend une dimension particuli\u00e8re lorsqu\u2019il concerne les moteurs de recherche.<\/p>\n\n\n\n<h3 class=\"wp-block-heading\" id=\"h-dereferencement\">D\u00e9r\u00e9f\u00e9rencement<\/h3>\n\n\n\n<p>Le d\u00e9r\u00e9f\u00e9rencement consiste \u00e0 retirer un lien des r\u00e9sultats affich\u00e9s lors d\u2019une recherche effectu\u00e9e \u00e0 partir du nom d\u2019une personne. Le contenu reste en ligne, mais il n\u2019appara\u00eet plus dans les r\u00e9sultats associ\u00e9s \u00e0 cette requ\u00eate.<\/p>\n\n\n\n<h3 class=\"wp-block-heading\" id=\"h-difference-entre-suppression-et-desindexation\">Diff\u00e9rence entre suppression et d\u00e9sindexation<\/h3>\n\n\n\n<p>Il convient de distinguer :<\/p>\n\n\n\n<ol class=\"wp-block-list\">\n<li><strong>La suppression<\/strong>, qui consiste \u00e0 effacer les donn\u00e9es \u00e0 la source (site web, base interne).<\/li>\n\n\n\n<li><strong>La d\u00e9sindexation ou d\u00e9r\u00e9f\u00e9rencement<\/strong>, qui concerne uniquement le retrait du lien dans les r\u00e9sultats d\u2019un moteur de recherche.<\/li>\n<\/ol>\n\n\n\n<p>Ces deux m\u00e9canismes produisent des effets juridiques diff\u00e9rents.<\/p>\n\n\n\n<h3 class=\"wp-block-heading\" id=\"h-formulaire-google\">Formulaire Google<\/h3>\n\n\n\n<p>Google met \u00e0 disposition un <a href=\"https:\/\/support.google.com\/legal\/troubleshooter\/1114905\">formulaire sp\u00e9cifique<\/a> permettant de demander un d\u00e9r\u00e9f\u00e9rencement. Chaque demande est examin\u00e9e au regard de l\u2019int\u00e9r\u00eat public et du droit \u00e0 l\u2019information.<br><br>Depuis 2014, Google a re\u00e7u plus de <strong>1,2 million de demandes de d\u00e9r\u00e9f\u00e9rencement<\/strong> en Europe, couvrant pr\u00e8s de 5 millions d&rsquo;URLs. Environ <strong>45 % de ces demandes<\/strong> aboutissent \u00e0 un retrait effectif, illustrant l&rsquo;\u00e9quilibre complexe entre vie priv\u00e9e et droit \u00e0 l&rsquo;information<\/p>\n\n\n<div class=\"uc-notice\">\n    <div class=\"uc-notice__icon\">\n        <svg width=\"24\" height=\"24\" viewBox=\"0 0 24 24\" fill=\"none\" xmlns=\"http:\/\/www.w3.org\/2000\/svg\">\n<path d=\"M10.8177 17.0093H12.8177V11.0093H10.8177V17.0093ZM11.8177 9.00928C12.1011 9.00928 12.3386 8.91344 12.5302 8.72178C12.7219 8.53011 12.8177 8.29261 12.8177 8.00928C12.8177 7.72594 12.7219 7.48844 12.5302 7.29678C12.3386 7.10511 12.1011 7.00928 11.8177 7.00928C11.5344 7.00928 11.2969 7.10511 11.1052 7.29678C10.9136 7.48844 10.8177 7.72594 10.8177 8.00928C10.8177 8.29261 10.9136 8.53011 11.1052 8.72178C11.2969 8.91344 11.5344 9.00928 11.8177 9.00928ZM11.8177 22.0093C10.4344 22.0093 9.13442 21.7468 7.91775 21.2218C6.70108 20.6968 5.64275 19.9843 4.74275 19.0843C3.84275 18.1843 3.13025 17.1259 2.60525 15.9093C2.08025 14.6926 1.81775 13.3926 1.81775 12.0093C1.81775 10.6259 2.08025 9.32594 2.60525 8.10928C3.13025 6.89261 3.84275 5.83428 4.74275 4.93428C5.64275 4.03428 6.70108 3.32178 7.91775 2.79678C9.13442 2.27178 10.4344 2.00928 11.8177 2.00928C13.2011 2.00928 14.5011 2.27178 15.7177 2.79678C16.9344 3.32178 17.9928 4.03428 18.8927 4.93428C19.7927 5.83428 20.5052 6.89261 21.0302 8.10928C21.5552 9.32594 21.8177 10.6259 21.8177 12.0093C21.8177 13.3926 21.5552 14.6926 21.0302 15.9093C20.5052 17.1259 19.7927 18.1843 18.8927 19.0843C17.9928 19.9843 16.9344 20.6968 15.7177 21.2218C14.5011 21.7468 13.2011 22.0093 11.8177 22.0093Z\" fill=\"black\"\/>\n<\/svg>\n    <\/div>\n    <div class=\"uc-notice__content\">\n                <p><a href=\"https:\/\/transparencyreport.google.com\/eu-privacy\/overview\">Rapport de transparence Google<\/a><\/p>\n            <\/div>\n<\/div>\n\n\n\n\n\n<h2 class=\"wp-block-heading\" id=\"h-quelles-sont-les-exceptions-au-droit-a-l-oubli\">Quelles sont les exceptions au droit \u00e0 l\u2019oubli ?<\/h2>\n\n\n\n<p>Le droit \u00e0 l\u2019effacement n\u2019est pas absolu. Une organisation peut refuser la suppression lorsque le traitement est n\u00e9cessaire :<\/p>\n\n\n\n<div class=\"uc-article-list-timeline   uc-ctx--base\" style=\"\">\n            <div class=\"uc-article-list-timeline__header\">\n                                        <figure class=\"uc-article-list-timeline__header-image\">\n                    <img decoding=\"async\" class=\"uc-article-list-timeline__header-image-element\"\n                         src=\"https:\/\/usercentrics.com\/fr\/wp-content\/uploads\/sites\/4\/2026\/03\/ListComponent-Dans-quels-cas-peut-on-exercer-le-droit-a-loubli.svg?v=0c300e2d18b31d39\"\n                         alt=\"\">\n                <\/figure>\n                    <\/div>\n        <div class=\"uc-article-list-timeline__list\">\n                    <div class=\"uc-article-list-timeline__item\">\n                <div class=\"uc-article-list-timeline__item-graphics \">\n                    <div class=\"uc-article-list-timeline__item-bullet uc-article-list-timeline__item-bullet--icon\">\n                        <svg width=\"24\" height=\"24\" viewBox=\"0 0 24 24\" fill=\"none\" xmlns=\"http:\/\/www.w3.org\/2000\/svg\">\n<path d=\"M9.63335 17.838L3.93335 12.138L5.35835 10.713L9.63335 14.988L18.8084 5.81299L20.2334 7.23799L9.63335 17.838Z\" fill=\"black\"\/>\n<\/svg>\n                    <\/div>\n                <\/div>\n\n                <div class=\"uc-article-list-timeline__item-content\">\n                                            <h3 class=\"uc-article-list-timeline__item-title\">                        \u00c0 l\u2019exercice de la libert\u00e9 d\u2019expression et d\u2019information                        <\/h3>                                        <div class=\"uc-article-list-timeline__item-description\">\n                                            <\/div>\n                <\/div>\n            <\/div>\n                    <div class=\"uc-article-list-timeline__item\">\n                <div class=\"uc-article-list-timeline__item-graphics \">\n                    <div class=\"uc-article-list-timeline__item-bullet uc-article-list-timeline__item-bullet--icon\">\n                        <svg width=\"24\" height=\"24\" viewBox=\"0 0 24 24\" fill=\"none\" xmlns=\"http:\/\/www.w3.org\/2000\/svg\">\n<path d=\"M9.63335 17.838L3.93335 12.138L5.35835 10.713L9.63335 14.988L18.8084 5.81299L20.2334 7.23799L9.63335 17.838Z\" fill=\"black\"\/>\n<\/svg>\n                    <\/div>\n                <\/div>\n\n                <div class=\"uc-article-list-timeline__item-content\">\n                                            <h3 class=\"uc-article-list-timeline__item-title\">                        Au respect d\u2019une obligation l\u00e9gale                        <\/h3>                                        <div class=\"uc-article-list-timeline__item-description\">\n                                            <\/div>\n                <\/div>\n            <\/div>\n                    <div class=\"uc-article-list-timeline__item\">\n                <div class=\"uc-article-list-timeline__item-graphics \">\n                    <div class=\"uc-article-list-timeline__item-bullet uc-article-list-timeline__item-bullet--icon\">\n                        <svg width=\"24\" height=\"24\" viewBox=\"0 0 24 24\" fill=\"none\" xmlns=\"http:\/\/www.w3.org\/2000\/svg\">\n<path d=\"M9.63335 17.838L3.93335 12.138L5.35835 10.713L9.63335 14.988L18.8084 5.81299L20.2334 7.23799L9.63335 17.838Z\" fill=\"black\"\/>\n<\/svg>\n                    <\/div>\n                <\/div>\n\n                <div class=\"uc-article-list-timeline__item-content\">\n                                            <h3 class=\"uc-article-list-timeline__item-title\">                        \u00c0 l\u2019ex\u00e9cution d\u2019une mission d\u2019int\u00e9r\u00eat public                        <\/h3>                                        <div class=\"uc-article-list-timeline__item-description\">\n                                            <\/div>\n                <\/div>\n            <\/div>\n                    <div class=\"uc-article-list-timeline__item\">\n                <div class=\"uc-article-list-timeline__item-graphics \">\n                    <div class=\"uc-article-list-timeline__item-bullet uc-article-list-timeline__item-bullet--icon\">\n                        <svg width=\"24\" height=\"24\" viewBox=\"0 0 24 24\" fill=\"none\" xmlns=\"http:\/\/www.w3.org\/2000\/svg\">\n<path d=\"M9.63335 17.838L3.93335 12.138L5.35835 10.713L9.63335 14.988L18.8084 5.81299L20.2334 7.23799L9.63335 17.838Z\" fill=\"black\"\/>\n<\/svg>\n                    <\/div>\n                <\/div>\n\n                <div class=\"uc-article-list-timeline__item-content\">\n                                            <h3 class=\"uc-article-list-timeline__item-title\">                        \u00c0 des fins archivistiques, scientifiques ou statistiques                        <\/h3>                                        <div class=\"uc-article-list-timeline__item-description\">\n                                            <\/div>\n                <\/div>\n            <\/div>\n                    <div class=\"uc-article-list-timeline__item\">\n                <div class=\"uc-article-list-timeline__item-graphics \">\n                    <div class=\"uc-article-list-timeline__item-bullet uc-article-list-timeline__item-bullet--icon\">\n                        <svg width=\"24\" height=\"24\" viewBox=\"0 0 24 24\" fill=\"none\" xmlns=\"http:\/\/www.w3.org\/2000\/svg\">\n<path d=\"M9.63335 17.838L3.93335 12.138L5.35835 10.713L9.63335 14.988L18.8084 5.81299L20.2334 7.23799L9.63335 17.838Z\" fill=\"black\"\/>\n<\/svg>\n                    <\/div>\n                <\/div>\n\n                <div class=\"uc-article-list-timeline__item-content\">\n                                            <h3 class=\"uc-article-list-timeline__item-title\">                        \u00c0 la constatation, l\u2019exercice ou la d\u00e9fense de droits en justice                        <\/h3>                                        <div class=\"uc-article-list-timeline__item-description\">\n                                            <\/div>\n                <\/div>\n            <\/div>\n            <\/div>\n<\/div>\n\n\n\n<p>Il s\u2019agit d\u2019assurer un \u00e9quilibre entre protection des donn\u00e9es et autres droits fondamentaux.<\/p>\n\n\n<div class=\"uc-notice\">\n    <div class=\"uc-notice__icon\">\n        <svg width=\"24\" height=\"24\" viewBox=\"0 0 24 24\" fill=\"none\" xmlns=\"http:\/\/www.w3.org\/2000\/svg\">\n<path d=\"M10.8177 17.0093H12.8177V11.0093H10.8177V17.0093ZM11.8177 9.00928C12.1011 9.00928 12.3386 8.91344 12.5302 8.72178C12.7219 8.53011 12.8177 8.29261 12.8177 8.00928C12.8177 7.72594 12.7219 7.48844 12.5302 7.29678C12.3386 7.10511 12.1011 7.00928 11.8177 7.00928C11.5344 7.00928 11.2969 7.10511 11.1052 7.29678C10.9136 7.48844 10.8177 7.72594 10.8177 8.00928C10.8177 8.29261 10.9136 8.53011 11.1052 8.72178C11.2969 8.91344 11.5344 9.00928 11.8177 9.00928ZM11.8177 22.0093C10.4344 22.0093 9.13442 21.7468 7.91775 21.2218C6.70108 20.6968 5.64275 19.9843 4.74275 19.0843C3.84275 18.1843 3.13025 17.1259 2.60525 15.9093C2.08025 14.6926 1.81775 13.3926 1.81775 12.0093C1.81775 10.6259 2.08025 9.32594 2.60525 8.10928C3.13025 6.89261 3.84275 5.83428 4.74275 4.93428C5.64275 4.03428 6.70108 3.32178 7.91775 2.79678C9.13442 2.27178 10.4344 2.00928 11.8177 2.00928C13.2011 2.00928 14.5011 2.27178 15.7177 2.79678C16.9344 3.32178 17.9928 4.03428 18.8927 4.93428C19.7927 5.83428 20.5052 6.89261 21.0302 8.10928C21.5552 9.32594 21.8177 10.6259 21.8177 12.0093C21.8177 13.3926 21.5552 14.6926 21.0302 15.9093C20.5052 17.1259 19.7927 18.1843 18.8927 19.0843C17.9928 19.9843 16.9344 20.6968 15.7177 21.2218C14.5011 21.7468 13.2011 22.0093 11.8177 22.0093Z\" fill=\"black\"\/>\n<\/svg>\n    <\/div>\n    <div class=\"uc-notice__content\">\n                <p>Pour une liste exhaustive des limites au droit \u00e0 l&rsquo;effacement, consultez la <a href=\"https:\/\/www.google.com\/search?q=https:\/\/commission.europa.eu\/law\/law-topic\/data-protection\/reform\/rules-business-and-organisations\/principles-gdpr\/what-data-can-be-processed_fr\">fiche officielle de la Commission Europ\u00e9enne<\/a>.<\/p>\n            <\/div>\n<\/div>\n\n\n\n\n\n<h2 class=\"wp-block-heading\" id=\"h-quelles-sanctions-en-cas-de-non-respect\">Quelles sanctions en cas de non-respect ?<\/h2>\n\n\n\n<p>La violation des droits des personnes constitue une infraction grave au sens du RGPD. Selon l\u2019article 83(5), les sanctions peuvent atteindre 20 millions d\u2019euros ou 4 % du chiffre d\u2019affaires annuel mondial, le montant le plus \u00e9lev\u00e9 \u00e9tant retenu.<\/p>\n\n\n\n<p>En 2023, la CNIL a re\u00e7u plus de 14 000 plaintes, dont une part majeure concernait l&rsquo;impossibilit\u00e9 d&rsquo;exercer ses droits (acc\u00e8s et effacement). Au-del\u00e0 des sanctions financi\u00e8res, les risques incluent des injonctions, des restrictions de traitement et une atteinte durable \u00e0 la r\u00e9putation.<\/p>\n\n\n\n<h2 class=\"wp-block-heading\" id=\"h-droit-a-l-oubli-vs-droit-a-l-effacement-quelle-difference\">Droit \u00e0 l\u2019oubli vs droit \u00e0 l\u2019effacement : quelle diff\u00e9rence ?<\/h2>\n\n\n\n<p>Le RGPD utilise officiellement l\u2019expression \u00ab droit \u00e0 l\u2019effacement \u00bb. Le terme \u00ab droit \u00e0 l\u2019oubli \u00bb est davantage employ\u00e9 dans le langage courant et dans les m\u00e9dias, notamment lorsqu\u2019il est question de d\u00e9r\u00e9f\u00e9rencement sur les moteurs de recherche.<\/p>\n\n\n\n<p>Dans la pratique, les deux notions sont souvent utilis\u00e9es comme synonymes, mais le texte juridique parle exclusivement de droit \u00e0 l\u2019effacement.<br><\/p>\n\n\n\n<h2 class=\"wp-block-heading\" id=\"h-comment-les-entreprises-peuvent-anticiper-les-demandes\">Comment les entreprises peuvent anticiper les demandes ?<\/h2>\n\n\n\n<p>Anticiper les demandes d\u2019effacement suppose une gouvernance structur\u00e9e des donn\u00e9es.<\/p>\n\n\n\n<p>Cela implique :<\/p>\n\n\n\n<div class=\"uc-article-list-timeline   uc-ctx--base\" style=\"\">\n            <div class=\"uc-article-list-timeline__header\">\n                                        <figure class=\"uc-article-list-timeline__header-image\">\n                    <img decoding=\"async\" class=\"uc-article-list-timeline__header-image-element\"\n                         src=\"https:\/\/usercentrics.com\/fr\/wp-content\/uploads\/sites\/4\/2026\/03\/List-Component-Comment-les-entreprises-peuvent-anticiper-les-demandes.svg?v=237337add1f6c605\"\n                         alt=\"\">\n                <\/figure>\n                    <\/div>\n        <div class=\"uc-article-list-timeline__list\">\n                    <div class=\"uc-article-list-timeline__item\">\n                <div class=\"uc-article-list-timeline__item-graphics \">\n                    <div class=\"uc-article-list-timeline__item-bullet uc-article-list-timeline__item-bullet--icon\">\n                        <svg width=\"24\" height=\"24\" viewBox=\"0 0 24 24\" fill=\"none\" xmlns=\"http:\/\/www.w3.org\/2000\/svg\">\n<path d=\"M9.63335 17.838L3.93335 12.138L5.35835 10.713L9.63335 14.988L18.8084 5.81299L20.2334 7.23799L9.63335 17.838Z\" fill=\"black\"\/>\n<\/svg>\n                    <\/div>\n                <\/div>\n\n                <div class=\"uc-article-list-timeline__item-content\">\n                                            <h3 class=\"uc-article-list-timeline__item-title\">                        Une cartographie claire des traitements                        <\/h3>                                        <div class=\"uc-article-list-timeline__item-description\">\n                                            <\/div>\n                <\/div>\n            <\/div>\n                    <div class=\"uc-article-list-timeline__item\">\n                <div class=\"uc-article-list-timeline__item-graphics \">\n                    <div class=\"uc-article-list-timeline__item-bullet uc-article-list-timeline__item-bullet--icon\">\n                        <svg width=\"24\" height=\"24\" viewBox=\"0 0 24 24\" fill=\"none\" xmlns=\"http:\/\/www.w3.org\/2000\/svg\">\n<path d=\"M9.63335 17.838L3.93335 12.138L5.35835 10.713L9.63335 14.988L18.8084 5.81299L20.2334 7.23799L9.63335 17.838Z\" fill=\"black\"\/>\n<\/svg>\n                    <\/div>\n                <\/div>\n\n                <div class=\"uc-article-list-timeline__item-content\">\n                                            <h3 class=\"uc-article-list-timeline__item-title\">                        Une documentation des bases l\u00e9gales                        <\/h3>                                        <div class=\"uc-article-list-timeline__item-description\">\n                                            <\/div>\n                <\/div>\n            <\/div>\n                    <div class=\"uc-article-list-timeline__item\">\n                <div class=\"uc-article-list-timeline__item-graphics \">\n                    <div class=\"uc-article-list-timeline__item-bullet uc-article-list-timeline__item-bullet--icon\">\n                        <svg width=\"24\" height=\"24\" viewBox=\"0 0 24 24\" fill=\"none\" xmlns=\"http:\/\/www.w3.org\/2000\/svg\">\n<path d=\"M9.63335 17.838L3.93335 12.138L5.35835 10.713L9.63335 14.988L18.8084 5.81299L20.2334 7.23799L9.63335 17.838Z\" fill=\"black\"\/>\n<\/svg>\n                    <\/div>\n                <\/div>\n\n                <div class=\"uc-article-list-timeline__item-content\">\n                                            <h3 class=\"uc-article-list-timeline__item-title\">                        Des proc\u00e9dures internes formalis\u00e9es                        <\/h3>                                        <div class=\"uc-article-list-timeline__item-description\">\n                                            <\/div>\n                <\/div>\n            <\/div>\n                    <div class=\"uc-article-list-timeline__item\">\n                <div class=\"uc-article-list-timeline__item-graphics \">\n                    <div class=\"uc-article-list-timeline__item-bullet uc-article-list-timeline__item-bullet--icon\">\n                        <svg width=\"24\" height=\"24\" viewBox=\"0 0 24 24\" fill=\"none\" xmlns=\"http:\/\/www.w3.org\/2000\/svg\">\n<path d=\"M9.63335 17.838L3.93335 12.138L5.35835 10.713L9.63335 14.988L18.8084 5.81299L20.2334 7.23799L9.63335 17.838Z\" fill=\"black\"\/>\n<\/svg>\n                    <\/div>\n                <\/div>\n\n                <div class=\"uc-article-list-timeline__item-content\">\n                                            <h3 class=\"uc-article-list-timeline__item-title\">                        Des m\u00e9canismes permettant le retrait simple du consentement                        <\/h3>                                        <div class=\"uc-article-list-timeline__item-description\">\n                                            <\/div>\n                <\/div>\n            <\/div>\n            <\/div>\n<\/div>\n\n\n\n<p>Une gestion rigoureuse du consentement, notamment via un <a href=\"https:\/\/usercentrics.com\/fr\/knowledge-hub\/bandeau-consentement\/\">bandeau de consentement conforme au RGPD<\/a>, facilite le traitement ult\u00e9rieur des demandes et renforce la conformit\u00e9 globale.&nbsp;<\/p>\n\n\n\n<p>L&rsquo;une des meilleures fa\u00e7ons d&rsquo;anticiper ces demandes est d&rsquo;adopter une approche de Privacy by Design. En int\u00e9grant une gestion automatis\u00e9e des pr\u00e9f\u00e9rences via une<a href=\"https:\/\/usercentrics.com\/fr\/rgpd\/\"> Consent Management Platform (CMP)<\/a>, vous r\u00e9duisez le risque d&rsquo;erreurs humaines et facilitez l&rsquo;exercice des droits de vos utilisateurs.<\/p>\n\n\n<div class=\"uc-notice\">\n    <div class=\"uc-notice__icon\">\n        <svg width=\"24\" height=\"24\" viewBox=\"0 0 24 24\" fill=\"none\" xmlns=\"http:\/\/www.w3.org\/2000\/svg\">\n<path d=\"M10.8177 17.0093H12.8177V11.0093H10.8177V17.0093ZM11.8177 9.00928C12.1011 9.00928 12.3386 8.91344 12.5302 8.72178C12.7219 8.53011 12.8177 8.29261 12.8177 8.00928C12.8177 7.72594 12.7219 7.48844 12.5302 7.29678C12.3386 7.10511 12.1011 7.00928 11.8177 7.00928C11.5344 7.00928 11.2969 7.10511 11.1052 7.29678C10.9136 7.48844 10.8177 7.72594 10.8177 8.00928C10.8177 8.29261 10.9136 8.53011 11.1052 8.72178C11.2969 8.91344 11.5344 9.00928 11.8177 9.00928ZM11.8177 22.0093C10.4344 22.0093 9.13442 21.7468 7.91775 21.2218C6.70108 20.6968 5.64275 19.9843 4.74275 19.0843C3.84275 18.1843 3.13025 17.1259 2.60525 15.9093C2.08025 14.6926 1.81775 13.3926 1.81775 12.0093C1.81775 10.6259 2.08025 9.32594 2.60525 8.10928C3.13025 6.89261 3.84275 5.83428 4.74275 4.93428C5.64275 4.03428 6.70108 3.32178 7.91775 2.79678C9.13442 2.27178 10.4344 2.00928 11.8177 2.00928C13.2011 2.00928 14.5011 2.27178 15.7177 2.79678C16.9344 3.32178 17.9928 4.03428 18.8927 4.93428C19.7927 5.83428 20.5052 6.89261 21.0302 8.10928C21.5552 9.32594 21.8177 10.6259 21.8177 12.0093C21.8177 13.3926 21.5552 14.6926 21.0302 15.9093C20.5052 17.1259 19.7927 18.1843 18.8927 19.0843C17.9928 19.9843 16.9344 20.6968 15.7177 21.2218C14.5011 21.7468 13.2011 22.0093 11.8177 22.0093Z\" fill=\"black\"\/>\n<\/svg>\n    <\/div>\n    <div class=\"uc-notice__content\">\n                <p>D\u00e9couvrez plus de ressources sur la<a href=\"https:\/\/usercentrics.com\/fr\/knowledge-hub\/\">gestion de la conformit\u00e9 digitale<\/a>.<\/p>\n            <\/div>\n<\/div>\n\n\n\n\n\n<h2 class=\"wp-block-heading\" id=\"h-conclusion\">Conclusion<\/h2>\n\n\n\n<p>Le droit \u00e0 l\u2019oubli ne se limite pas \u00e0 une obligation juridique ponctuelle. Il traduit une \u00e9volution plus profonde du RGPD : la capacit\u00e9 pour les organisations \u00e0 ma\u00eetriser l\u2019ensemble du cycle de vie des donn\u00e9es.<\/p>\n\n\n\n<p>Supprimer des donn\u00e9es sur demande suppose de savoir pr\u00e9cis\u00e9ment o\u00f9 elles se trouvent, sur quelle base l\u00e9gale elles reposent, combien de temps elles sont conserv\u00e9es et avec quels partenaires elles sont partag\u00e9es. Autrement dit, le droit \u00e0 l\u2019effacement est un r\u00e9v\u00e9lateur du niveau r\u00e9el de gouvernance des donn\u00e9es d\u2019une entreprise.<\/p>\n\n\n\n<p>Dans un environnement o\u00f9 les exigences r\u00e9glementaires se renforcent et o\u00f9 la confiance num\u00e9rique devient un avantage comp\u00e9titif, anticiper ces demandes n\u2019est plus une simple mesure de conformit\u00e9. C\u2019est un indicateur de maturit\u00e9 en mati\u00e8re de protection des donn\u00e9es \u2014 et un levier pour construire une relation durable avec les utilisateurs.<\/p>\n\n\n<div id=\"uc-cta_69f26868016d6\" class=\"uc-cta uc-cta--button uc-cta--size-full uc-cta--primary uc-ctx--blue\">\n    <div class=\"uc-cta__inner container\">\n        <div class=\"uc-cta__content\">\n                                        <div class=\"uc-cta__heading no-default-margin\">Ma\u00eetrisez les droits des personnes, en toute conformit\u00e9<\/div>\n                                        <div class=\"uc-cta__description\">\n                    <p>Anticipez les demandes de droit \u00e0 l\u2019effacement et centralisez la gestion des consentements pour s\u00e9curiser vos traitements de donn\u00e9es \u00e0 chaque \u00e9tape du cycle de vie.<\/p>\n                <\/div>\n                                                                    <\/div>\n                            <div class=\"uc-cta__section\">\n                                        <a id=\"1ea858ab-769c-4626-b8af-74f57edaae53\" class=\"uc-button uc-button-size-m uc-button-contained  no-default-link-decoration\" href=\"https:\/\/usercentrics.com\/fr\/rgpd\/\" target=\"\"><span>En savoir plus<\/span><\/a>                                    <\/div>\n            <\/div>\n<\/div>\n    <script type=\"module\">\n        new Uc_Cta(document.getElementById(\"uc-cta_69f26868016d6\"));\n    <\/script>\n","protected":false},"excerpt":{"rendered":"<p>Le droit \u00e0 l\u2019oubli, consacr\u00e9 par l\u2019article 17 du RGPD, permet aux personnes situ\u00e9es dans l\u2019UE\/EEE de demander la suppression de leurs donn\u00e9es personnelles dans des situations pr\u00e9cises. D\u00e9couvrez les fondements juridiques, les exceptions, les d\u00e9lais de traitement et les obligations des organisations.<\/p>\n","protected":false},"featured_media":10063,"template":"","meta":{"_acf_changed":false,"editor_notices":[],"footnotes":""},"tags":[],"magazine_issue":[],"magazine_tag":[],"resource_tag":[],"class_list":["post-10061","knowledge","type-knowledge","status-publish","has-post-thumbnail","hentry"],"acf":[],"yoast_head":"<title>Droit \u00e0 l\u2019oubli RGPD : Guide complet (Article 17)<\/title>\n<meta name=\"description\" content=\"Tout savoir sur le droit \u00e0 l&#039;oubli (Article 17 RGPD) : d\u00e9finition, conditions d&#039;effacement et obligations pour les entreprises.\" \/>\n<meta name=\"robots\" content=\"index, follow, max-snippet:-1, max-image-preview:large, max-video-preview:-1\" \/>\n<link rel=\"canonical\" href=\"https:\/\/usercentrics.com\/fr\/knowledge-hub\/droit-a-l-oubli-rgpd\/\" \/>\n<meta property=\"og:locale\" content=\"fr_FR\" \/>\n<meta property=\"og:type\" content=\"article\" \/>\n<meta property=\"og:title\" content=\"Droit \u00e0 l\u2019oubli RGPD : d\u00e9finition, conditions et mise en \u0153uvre\" \/>\n<meta property=\"og:description\" content=\"Tout savoir sur le droit \u00e0 l&#039;oubli (Article 17 RGPD) : d\u00e9finition, conditions d&#039;effacement et obligations pour les entreprises.\" \/>\n<meta property=\"og:url\" content=\"https:\/\/usercentrics.com\/fr\/knowledge-hub\/droit-a-l-oubli-rgpd\/\" \/>\n<meta property=\"og:site_name\" content=\"Consent Management Platform (CMP) Usercentrics\" \/>\n<meta property=\"article:publisher\" content=\"https:\/\/www.facebook.com\/usercentrics\" \/>\n<meta property=\"article:modified_time\" content=\"2026-03-05T23:13:14+00:00\" \/>\n<meta property=\"og:image\" content=\"https:\/\/usercentrics.com\/fr\/wp-content\/uploads\/sites\/4\/2026\/03\/SoMe-Droit-a-loubli-RGPD-1000x630px.jpg\" \/>\n\t<meta property=\"og:image:width\" content=\"1200\" \/>\n\t<meta property=\"og:image:height\" content=\"630\" \/>\n\t<meta property=\"og:image:type\" content=\"image\/jpeg\" \/>\n<meta name=\"twitter:card\" content=\"summary_large_image\" \/>\n<meta name=\"twitter:site\" content=\"@usercentrics\" \/>\n<meta name=\"twitter:label1\" content=\"Est. reading time\" \/>\n\t<meta name=\"twitter:data1\" content=\"6 minutes\" \/>\n<script type=\"application\/ld+json\" class=\"yoast-schema-graph\">{\"@context\":\"https:\\\/\\\/schema.org\",\"@graph\":[{\"@type\":\"WebPage\",\"@id\":\"https:\\\/\\\/usercentrics.com\\\/fr\\\/knowledge-hub\\\/droit-a-l-oubli-rgpd\\\/\",\"url\":\"https:\\\/\\\/usercentrics.com\\\/fr\\\/knowledge-hub\\\/droit-a-l-oubli-rgpd\\\/\",\"name\":\"Droit \u00e0 l\u2019oubli RGPD : Guide complet (Article 17)\",\"isPartOf\":{\"@id\":\"https:\\\/\\\/usercentrics.com\\\/fr\\\/#website\"},\"primaryImageOfPage\":{\"@id\":\"https:\\\/\\\/usercentrics.com\\\/fr\\\/knowledge-hub\\\/droit-a-l-oubli-rgpd\\\/#primaryimage\"},\"image\":{\"@id\":\"https:\\\/\\\/usercentrics.com\\\/fr\\\/knowledge-hub\\\/droit-a-l-oubli-rgpd\\\/#primaryimage\"},\"thumbnailUrl\":\"https:\\\/\\\/usercentrics.com\\\/fr\\\/wp-content\\\/uploads\\\/sites\\\/4\\\/2026\\\/03\\\/Hero-Droit-a-loubli-RGPD-1000x1000-1.jpg\",\"datePublished\":\"2026-03-05T23:11:11+00:00\",\"dateModified\":\"2026-03-05T23:13:14+00:00\",\"description\":\"Tout savoir sur le droit \u00e0 l'oubli (Article 17 RGPD) : d\u00e9finition, conditions d'effacement et obligations pour les entreprises.\",\"breadcrumb\":{\"@id\":\"https:\\\/\\\/usercentrics.com\\\/fr\\\/knowledge-hub\\\/droit-a-l-oubli-rgpd\\\/#breadcrumb\"},\"inLanguage\":\"fr-FR\",\"potentialAction\":[{\"@type\":\"ReadAction\",\"target\":\"https:\\\/\\\/usercentrics.com\\\/fr\\\/knowledge-hub\\\/droit-a-l-oubli-rgpd\\\/\"}]},{\"@type\":\"ImageObject\",\"inLanguage\":\"fr-FR\",\"@id\":\"https:\\\/\\\/usercentrics.com\\\/fr\\\/knowledge-hub\\\/droit-a-l-oubli-rgpd\\\/#primaryimage\",\"url\":\"https:\\\/\\\/usercentrics.com\\\/fr\\\/wp-content\\\/uploads\\\/sites\\\/4\\\/2026\\\/03\\\/Hero-Droit-a-loubli-RGPD-1000x1000-1.jpg\",\"contentUrl\":\"https:\\\/\\\/usercentrics.com\\\/fr\\\/wp-content\\\/uploads\\\/sites\\\/4\\\/2026\\\/03\\\/Hero-Droit-a-loubli-RGPD-1000x1000-1.jpg\",\"width\":1000,\"height\":1000,\"copyrightNotice\":\"\u00a9 Copyright 2026 Usercentrics GmbH\",\"creator\":{\"@type\":\"Organization\",\"name\":\"Usercentrics GmbH\"},\"creditText\":\"Image: Usercentrics GmbH\"},{\"@type\":\"BreadcrumbList\",\"@id\":\"https:\\\/\\\/usercentrics.com\\\/fr\\\/knowledge-hub\\\/droit-a-l-oubli-rgpd\\\/#breadcrumb\",\"itemListElement\":[{\"@type\":\"ListItem\",\"position\":1,\"name\":\"Ressources\",\"item\":\"https:\\\/\\\/usercentrics.com\\\/fr\\\/ressources\\\/\"},{\"@type\":\"ListItem\",\"position\":2,\"name\":\"Blog\",\"item\":\"https:\\\/\\\/usercentrics.com\\\/fr\\\/knowledge-hub\\\/\"},{\"@type\":\"ListItem\",\"position\":3,\"name\":\"Droit \u00e0 l\u2019oubli RGPD : d\u00e9finition, conditions et mise en \u0153uvre\",\"item\":\"https:\\\/\\\/usercentrics.com\\\/fr\\\/knowledge-hub\\\/droit-a-l-oubli-rgpd\\\/\"}]},{\"@type\":\"WebSite\",\"@id\":\"https:\\\/\\\/usercentrics.com\\\/fr\\\/#website\",\"url\":\"https:\\\/\\\/usercentrics.com\\\/fr\\\/\",\"name\":\"Consent Management Platform (CMP) Usercentrics\",\"description\":\"Consent Management Platform (CMP) Usercentrics\",\"potentialAction\":[{\"@type\":\"SearchAction\",\"target\":{\"@type\":\"EntryPoint\",\"urlTemplate\":\"https:\\\/\\\/usercentrics.com\\\/fr\\\/?s={search_term_string}\"}}],\"inLanguage\":\"fr-FR\"}]}<\/script>","yoast_head_json":{"title":"Droit \u00e0 l\u2019oubli RGPD : Guide complet (Article 17)","description":"Tout savoir sur le droit \u00e0 l'oubli (Article 17 RGPD) : d\u00e9finition, conditions d'effacement et obligations pour les entreprises.","robots":{"index":"index","follow":"follow","max-snippet":"max-snippet:-1","max-image-preview":"max-image-preview:large","max-video-preview":"max-video-preview:-1"},"canonical":"https:\/\/usercentrics.com\/fr\/knowledge-hub\/droit-a-l-oubli-rgpd\/","og_locale":"fr_FR","og_type":"article","og_title":"Droit \u00e0 l\u2019oubli RGPD : d\u00e9finition, conditions et mise en \u0153uvre","og_description":"Tout savoir sur le droit \u00e0 l'oubli (Article 17 RGPD) : d\u00e9finition, conditions d'effacement et obligations pour les entreprises.","og_url":"https:\/\/usercentrics.com\/fr\/knowledge-hub\/droit-a-l-oubli-rgpd\/","og_site_name":"Consent Management Platform (CMP) Usercentrics","article_publisher":"https:\/\/www.facebook.com\/usercentrics","article_modified_time":"2026-03-05T23:13:14+00:00","og_image":[{"width":1200,"height":630,"url":"https:\/\/usercentrics.com\/fr\/wp-content\/uploads\/sites\/4\/2026\/03\/SoMe-Droit-a-loubli-RGPD-1000x630px.jpg","type":"image\/jpeg"}],"twitter_card":"summary_large_image","twitter_site":"@usercentrics","twitter_misc":{"Est. reading time":"6 minutes"},"schema":{"@context":"https:\/\/schema.org","@graph":[{"@type":"WebPage","@id":"https:\/\/usercentrics.com\/fr\/knowledge-hub\/droit-a-l-oubli-rgpd\/","url":"https:\/\/usercentrics.com\/fr\/knowledge-hub\/droit-a-l-oubli-rgpd\/","name":"Droit \u00e0 l\u2019oubli RGPD : Guide complet (Article 17)","isPartOf":{"@id":"https:\/\/usercentrics.com\/fr\/#website"},"primaryImageOfPage":{"@id":"https:\/\/usercentrics.com\/fr\/knowledge-hub\/droit-a-l-oubli-rgpd\/#primaryimage"},"image":{"@id":"https:\/\/usercentrics.com\/fr\/knowledge-hub\/droit-a-l-oubli-rgpd\/#primaryimage"},"thumbnailUrl":"https:\/\/usercentrics.com\/fr\/wp-content\/uploads\/sites\/4\/2026\/03\/Hero-Droit-a-loubli-RGPD-1000x1000-1.jpg","datePublished":"2026-03-05T23:11:11+00:00","dateModified":"2026-03-05T23:13:14+00:00","description":"Tout savoir sur le droit \u00e0 l'oubli (Article 17 RGPD) : d\u00e9finition, conditions d'effacement et obligations pour les entreprises.","breadcrumb":{"@id":"https:\/\/usercentrics.com\/fr\/knowledge-hub\/droit-a-l-oubli-rgpd\/#breadcrumb"},"inLanguage":"fr-FR","potentialAction":[{"@type":"ReadAction","target":"https:\/\/usercentrics.com\/fr\/knowledge-hub\/droit-a-l-oubli-rgpd\/"}]},{"@type":"ImageObject","inLanguage":"fr-FR","@id":"https:\/\/usercentrics.com\/fr\/knowledge-hub\/droit-a-l-oubli-rgpd\/#primaryimage","url":"https:\/\/usercentrics.com\/fr\/wp-content\/uploads\/sites\/4\/2026\/03\/Hero-Droit-a-loubli-RGPD-1000x1000-1.jpg","contentUrl":"https:\/\/usercentrics.com\/fr\/wp-content\/uploads\/sites\/4\/2026\/03\/Hero-Droit-a-loubli-RGPD-1000x1000-1.jpg","width":1000,"height":1000,"copyrightNotice":"\u00a9 Copyright 2026 Usercentrics GmbH","creator":{"@type":"Organization","name":"Usercentrics GmbH"},"creditText":"Image: Usercentrics GmbH"},{"@type":"BreadcrumbList","@id":"https:\/\/usercentrics.com\/fr\/knowledge-hub\/droit-a-l-oubli-rgpd\/#breadcrumb","itemListElement":[{"@type":"ListItem","position":1,"name":"Ressources","item":"https:\/\/usercentrics.com\/fr\/ressources\/"},{"@type":"ListItem","position":2,"name":"Blog","item":"https:\/\/usercentrics.com\/fr\/knowledge-hub\/"},{"@type":"ListItem","position":3,"name":"Droit \u00e0 l\u2019oubli RGPD : d\u00e9finition, conditions et mise en \u0153uvre","item":"https:\/\/usercentrics.com\/fr\/knowledge-hub\/droit-a-l-oubli-rgpd\/"}]},{"@type":"WebSite","@id":"https:\/\/usercentrics.com\/fr\/#website","url":"https:\/\/usercentrics.com\/fr\/","name":"Consent Management Platform (CMP) Usercentrics","description":"Consent Management Platform (CMP) Usercentrics","potentialAction":[{"@type":"SearchAction","target":{"@type":"EntryPoint","urlTemplate":"https:\/\/usercentrics.com\/fr\/?s={search_term_string}"}}],"inLanguage":"fr-FR"}]}},"_links":{"self":[{"href":"https:\/\/usercentrics.com\/fr\/wp-json\/wp\/v2\/knowledge\/10061","targetHints":{"allow":["GET"]}}],"collection":[{"href":"https:\/\/usercentrics.com\/fr\/wp-json\/wp\/v2\/knowledge"}],"about":[{"href":"https:\/\/usercentrics.com\/fr\/wp-json\/wp\/v2\/types\/knowledge"}],"version-history":[{"count":0,"href":"https:\/\/usercentrics.com\/fr\/wp-json\/wp\/v2\/knowledge\/10061\/revisions"}],"wp:featuredmedia":[{"embeddable":true,"href":"https:\/\/usercentrics.com\/fr\/wp-json\/wp\/v2\/media\/10063"}],"wp:attachment":[{"href":"https:\/\/usercentrics.com\/fr\/wp-json\/wp\/v2\/media?parent=10061"}],"wp:term":[{"taxonomy":"post_tag","embeddable":true,"href":"https:\/\/usercentrics.com\/fr\/wp-json\/wp\/v2\/tags?post=10061"},{"taxonomy":"magazine_issue","embeddable":true,"href":"https:\/\/usercentrics.com\/fr\/wp-json\/wp\/v2\/magazine_issue?post=10061"},{"taxonomy":"magazine_tag","embeddable":true,"href":"https:\/\/usercentrics.com\/fr\/wp-json\/wp\/v2\/magazine_tag?post=10061"},{"taxonomy":"resource_tag","embeddable":true,"href":"https:\/\/usercentrics.com\/fr\/wp-json\/wp\/v2\/resource_tag?post=10061"}],"curies":[{"name":"wp","href":"https:\/\/api.w.org\/{rel}","templated":true}]}}