{"id":3739,"date":"2022-11-08T16:23:30","date_gmt":"2022-11-08T15:23:30","guid":{"rendered":"https:\/\/stage.usercentrics.com\/fr\/?page_id=15953"},"modified":"2024-09-11T10:07:33","modified_gmt":"2024-09-11T08:07:33","slug":"privacy-policy-until-nov-2022","status":"publish","type":"page","link":"https:\/\/usercentrics.com\/fr\/privacy-policy-until-nov-2022\/","title":{"rendered":"Privacy Policy valid until november 2022"},"content":{"rendered":"<div class=\"uc-flex-row\" style=\"--padding-top: 0px; --padding-bottom: var(--wp--preset--spacing--5-xl);\"><div class=\"uc-flex-column\" style=\"--column-size: var(--column-size-12);--i:1;\">\n    \n<script>\n  window.UC_UI_SUPPRESS_CMP_DISPLAY = true;\n<\/script>\n\n\n\n\n\n\n\n<h1 class=\"wp-block-heading\">Politique de confidentialit\u00e9 valable jusque novembre 2022<\/h1>\n\n\n\n\n\n\n\n\n<p>Derni\u00e8re mise \u00e0 jour: <\/p>\n\n\n\n\n\n\n  <div class=\"uc-accordion-item\" id=\"uc-accordion-item-1\">\n    <h3 class=\"uc-accordion-item__title no-default-margin\">    <button class=\"uc-accordion-item__button\"\n            id=\"uc-accordion-item-1-button\"\n            aria-expanded=\"false\"\n            aria-controls=\"uc-accordion-item-1-content\">\n        D\u00e9finition    <\/button>\n    <\/h3>    <div class=\"uc-accordion-item__content\"\n         id=\"uc-accordion-item-1-content\"\n         aria-labelledby=\"uc-accordion-item-1-button\">\n        <div class=\"uc-accordion-item__content__inner\">\n            <p>Notre politique de confidentialit\u00e9 est bas\u00e9e sur les termes utilis\u00e9s par le l\u00e9gislateur europ\u00e9en dans le cadre du r\u00e8glement g\u00e9n\u00e9ral sur la protection des donn\u00e9es (RGPD). Notre politique de confidentialit\u00e9 doit \u00eatre lisible et compr\u00e9hensible pour le public, mais aussi pour nos clients et partenaires commerciaux. Dans ce but, nous souhaitons d&rsquo;abord expliquer certains des termes utilis\u00e9s.<\/p>\n<h3>1. Donn\u00e9es personnelles<\/h3>\n<p>Les donn\u00e9es personnelles sont toutes les informations concernant une personne physique sp\u00e9cifique ou identifiable. Une personne physique identifiable est une personne qui peut \u00eatre identifi\u00e9e, directement ou indirectement, notamment par r\u00e9f\u00e9rence \u00e0 un identifiant tel qu&rsquo;un nom, un num\u00e9ro d&rsquo;identification, des donn\u00e9es de localisation, un identifiant en ligne ou une ou plusieurs caract\u00e9ristiques physiques, physiologiques, g\u00e9n\u00e9tiques ou mentales sp\u00e9cifiques, une identit\u00e9 \u00e9conomique, culturelle ou sociale de cette personne physique.<\/p>\n<h3>2. Personne concern\u00e9e<\/h3>\n<p>Une personne concern\u00e9e est toute personne physique identifi\u00e9e ou identifiable dont les donn\u00e9es personnelles sont trait\u00e9es par le responsable du traitement.<\/p>\n<h3>3. Traitement<\/h3>\n<p>Le traitement est tout processus ou ensemble d&rsquo;op\u00e9rations effectu\u00e9es sur des donn\u00e9es personnelles ou des donn\u00e9es \u00e0 caract\u00e8re personnel, qu&rsquo;elles soient automatis\u00e9es, enregistr\u00e9es, organis\u00e9es, structur\u00e9es, stock\u00e9es, adapt\u00e9es ou modifi\u00e9es, acc\u00e9d\u00e9es, consult\u00e9es, utilis\u00e9es, transmises, diffus\u00e9es ou autrement mises \u00e0 disposition, dirig\u00e9es ou combin\u00e9es, restreintes, supprim\u00e9es ou d\u00e9truites.<\/p>\n<h3>4. Profilage<\/h3>\n<p>Le profilage est toute forme de traitement automatis\u00e9 de donn\u00e9es \u00e0 caract\u00e8re personnel consistant \u00e0 utiliser des donn\u00e9es \u00e0 caract\u00e8re personnel pour \u00e9valuer certains aspects d&rsquo;une personne physique, notamment pour analyser ou pr\u00e9dire des aspects du rendement au travail, de la situation \u00e9conomique, de la sant\u00e9, des pr\u00e9f\u00e9rences personnelles, des int\u00e9r\u00eats, de la fiabilit\u00e9, du comportement, de la localisation ou des d\u00e9placements de cette personne physique.<\/p>\n<h3>5. <strong>Pseudonymisation<\/strong><\/h3>\n<p><span style=\"font-weight: 400;\">La pseudonymisation est le traitement de donn\u00e9es personnelles de telle sorte que les donn\u00e9es personnelles ne puissent plus \u00eatre attribu\u00e9es \u00e0 une personne sp\u00e9cifique sans l&rsquo;utilisation d&rsquo;informations suppl\u00e9mentaires, \u00e0 condition que ces informations suppl\u00e9mentaires soient conserv\u00e9es s\u00e9par\u00e9ment et soumises \u00e0 des mesures techniques et organisationnelles visant \u00e0 garantir que les donn\u00e9es personnelles ne sont pas attribu\u00e9es \u00e0 une personne physique sp\u00e9cifique ou identifiable.<\/span><\/p>\n<h3>6. Responsable du traitement<\/h3>\n<p>Le responsable du traitement est la personne physique ou morale, l&rsquo;autorit\u00e9 publique, l&rsquo;agence ou tout autre organisme qui, seul ou en lien avec d&rsquo;autres, d\u00e9termine les finalit\u00e9s et les moyens du traitement des donn\u00e9es \u00e0 caract\u00e8re personnel ; lorsque les finalit\u00e9s et les moyens de ce traitement sont d\u00e9termin\u00e9s par le droit de l&rsquo;Union ou des \u00c9tats membres, le responsable du traitement ou les crit\u00e8res sp\u00e9cifiques de sa d\u00e9signation peuvent \u00eatre d\u00e9termin\u00e9s par le droit de l&rsquo;Union ou des \u00c9tats membres.<\/p>\n<h3>7. Processeur<\/h3>\n<p>Le processeur est une personne physique ou morale, une autorit\u00e9 publique, une agence gouvernementale ou un autre organisme qui traite des donn\u00e9es \u00e0 caract\u00e8re personnel pour le compte du responsable du traitement.<\/p>\n<h3>8. B\u00e9n\u00e9ficiaires<\/h3>\n<p>Le destinataire est une personne physique ou morale, une agence, un organisme ou une autre entit\u00e9 \u00e0 laquelle les informations personnelles sont divulgu\u00e9es, qu&rsquo;il s&rsquo;agisse ou non d&rsquo;un tiers. Toutefois, les autorit\u00e9s qui peuvent obtenir des donn\u00e9es \u00e0 caract\u00e8re personnel dans le cadre d&rsquo;une enqu\u00eate sp\u00e9cifique en vertu du droit de l&rsquo;Union ou du droit national ne sont pas consid\u00e9r\u00e9es comme des b\u00e9n\u00e9ficiaires. Le traitement de ces donn\u00e9es par ces autorit\u00e9s sera conforme aux r\u00e8gles de protection des donn\u00e9es applicables aux fins du traitement.<\/p>\n<h3>9. Tiers<\/h3>\n<p>Les tiers sont des personnes physiques ou morales, des autorit\u00e9s, des agences ou des organismes autres que la personne concern\u00e9e, le responsable du traitement, le sous-traitant et les personnes autoris\u00e9es \u00e0 traiter des donn\u00e9es \u00e0 caract\u00e8re personnel sous la supervision directe du responsable du traitement ou du sous-traitant.<\/p>\n<h3>10. Consentement<\/h3>\n<p>Le consentement de la personne concern\u00e9e est toute pr\u00e9sentation libre, sp\u00e9cifique, inform\u00e9e et non \u00e9quivoque de la volont\u00e9 de la personne concern\u00e9e, par laquelle elle d\u00e9clare consentir au traitement des donn\u00e9es personnelles la concernant au moyen d&rsquo;une d\u00e9claration ou d&rsquo;une affirmation claire.<\/p>\n        <\/div>\n    <\/div>\n<\/div>\n\n\n<div class=\"uc-accordion-item\" id=\"uc-accordion-item-2\">\n    <h3 class=\"uc-accordion-item__title no-default-margin\">    <button class=\"uc-accordion-item__button\"\n            id=\"uc-accordion-item-2-button\"\n            aria-expanded=\"false\"\n            aria-controls=\"uc-accordion-item-2-content\">\n        I. Nom de la personne responsable    <\/button>\n    <\/h3>    <div class=\"uc-accordion-item__content\"\n         id=\"uc-accordion-item-2-content\"\n         aria-labelledby=\"uc-accordion-item-2-button\">\n        <div class=\"uc-accordion-item__content__inner\">\n            <p><span style=\"font-weight: 400;\">La personne responsable au sens du RGPD et d&rsquo;autres lois nationales sur la protection des donn\u00e9es des \u00c9tats membres ainsi que d&rsquo;autres r\u00e8glements sur la protection des donn\u00e9es est<\/span><\/p>\n<p>Usercentrics GmbH<br \/>\nSendlinger Stra\u00dfe 7<br \/>\n80331 Munich<br \/>\n<span style=\"font-weight: 400;\">Allemagne<\/span><\/p>\n<p>E-mail: <a href=\"mailto:datenschutz@usercentrics.com\">datenschutz@usercentrics.com<\/a> | Site: www.usercentrics.com<\/p>\n        <\/div>\n    <\/div>\n<\/div>\n\n\n<div class=\"uc-accordion-item\" id=\"uc-accordion-item-3\">\n    <h3 class=\"uc-accordion-item__title no-default-margin\">    <button class=\"uc-accordion-item__button\"\n            id=\"uc-accordion-item-3-button\"\n            aria-expanded=\"false\"\n            aria-controls=\"uc-accordion-item-3-content\">\n        II. D\u00e9l\u00e9gu\u00e9 \u00e0 la protection des donn\u00e9es    <\/button>\n    <\/h3>    <div class=\"uc-accordion-item__content\"\n         id=\"uc-accordion-item-3-content\"\n         aria-labelledby=\"uc-accordion-item-3-button\">\n        <div class=\"uc-accordion-item__content__inner\">\n            <p>Vous pouvez contacter notre d\u00e9l\u00e9gu\u00e9 \u00e0 la protection des donn\u00e9es comme suit:<\/p>\n<p><strong>SECUWING GmbH &#038; Co. KG<\/strong><br \/>\nMaximilian Hartung<\/p>\n<p>Frauentorstr. 9<br \/>\n86152 <span style=\"font-weight: 400;\">Augsbourg<\/span><br \/>\n<span style=\"font-weight: 400;\">Allemagne<\/span><\/p>\n<p>E-mail: <a class=\"ProsemirrorEditor-link\" href=\"mailto:epost@datenschutz-agentur.de\">epost@datenschutz-agentur.de<\/a> | <span style=\"font-weight: 400;\">T\u00e9l\u00e9phone<\/span>: +49 821 90786450 | Fax: +49 821 90786459<\/p>\n        <\/div>\n    <\/div>\n<\/div>\n\n\n<div class=\"uc-accordion-item\" id=\"uc-accordion-item-4\">\n    <h3 class=\"uc-accordion-item__title no-default-margin\">    <button class=\"uc-accordion-item__button\"\n            id=\"uc-accordion-item-4-button\"\n            aria-expanded=\"false\"\n            aria-controls=\"uc-accordion-item-4-content\">\n        III. Informations g\u00e9n\u00e9rales sur la collecte et le traitement de vos donn\u00e9es    <\/button>\n    <\/h3>    <div class=\"uc-accordion-item__content\"\n         id=\"uc-accordion-item-4-content\"\n         aria-labelledby=\"uc-accordion-item-4-button\">\n        <div class=\"uc-accordion-item__content__inner\">\n            <h3>1. Cadre du traitement<\/h3>\n<p>En principe, nous traitons les donn\u00e9es personnelles des visiteurs et utilisateurs de notre site uniquement dans la mesure o\u00f9 cela est n\u00e9cessaire pour fournir un site fonctionnel ainsi que nos contenus et services. Le traitement des donn\u00e9es personnelles de nos utilisateurs n&rsquo;a lieu r\u00e9guli\u00e8rement qu&rsquo;avec le consentement de l&rsquo;utilisateur. Une exception s&rsquo;applique aux cas o\u00f9 le consentement pr\u00e9alable ne peut \u00eatre obtenu pour des raisons de fait et o\u00f9 le traitement des donn\u00e9es est autoris\u00e9 par la loi.<\/p>\n<h3>2. Cadre juridique<\/h3>\n<p><span style=\"font-weight: 400;\">Dans la mesure o\u00f9 nous obtenons le consentement de la personne concern\u00e9e pour le traitement de ses donn\u00e9es personnelles, l&rsquo;art. 6 \u00a71 RGPD sert de cadre juridique.<\/span><span style=\"font-weight: 400;\"><br \/>\n<\/span><span style=\"font-weight: 400;\">Dans le traitement des donn\u00e9es personnelles n\u00e9cessaires \u00e0 l&rsquo;ex\u00e9cution d&rsquo;un contrat auquel la personne concern\u00e9e est partie, l&rsquo;art. 6 \u00a7 1 lit. b du RGPD sert de cadre juridique. Ceci s&rsquo;applique \u00e9galement aux op\u00e9rations n\u00e9cessaires \u00e0 la r\u00e9alisation d&rsquo;actions pr\u00e9contractuelles.<\/span><\/p>\n<p><span style=\"font-weight: 400;\">Dans la mesure o\u00f9 le traitement des donn\u00e9es \u00e0 caract\u00e8re personnel est n\u00e9cessaire pour remplir une obligation l\u00e9gale qui est soumise \u00e0 notre soci\u00e9t\u00e9, l&rsquo;art. 6 \u00a7 1 lit. c du RGPD sert de cadre juridique.<\/span><span style=\"font-weight: 400;\"><br \/>\n<\/span><span style=\"font-weight: 400;\">Dans le cas o\u00f9 les int\u00e9r\u00eats vitaux de la personne concern\u00e9e ou d&rsquo;une autre personne physique n\u00e9cessitent le traitement de donn\u00e9es \u00e0 caract\u00e8re personnel, l&rsquo;art. 6 \u00a7 1 lit. d du RGPD sert de cadre juridique.<br \/>\n<\/span><span style=\"font-weight: 400;\"><br \/>\n<\/span><span style=\"font-weight: 400;\">Si le traitement est n\u00e9cessaire \u00e0 la sauvegarde des int\u00e9r\u00eats l\u00e9gitimes de notre soci\u00e9t\u00e9 ou d&rsquo;un tiers, et si les int\u00e9r\u00eats, les droits fondamentaux et les libert\u00e9s de la personne concern\u00e9e ne pr\u00e9valent pas sur l&rsquo;int\u00e9r\u00eat premier, l&rsquo;art. 6 \u00a7 1 lit. f du RGPD sert de cadre juridique.<\/span><\/p>\n<h3>3. Stockage et suppression de vos donn\u00e9es<\/h3>\n<p>Nous supprimons ou bloquons les donn\u00e9es personnelles de la personne concern\u00e9e d\u00e8s que la finalit\u00e9 du stockage est \u00e9limin\u00e9e. Elles peuvent \u00e9galement \u00eatre stock\u00e9es si cela est pr\u00e9vu par le l\u00e9gislateur europ\u00e9en ou national dans les r\u00e8glements de l&rsquo;UE, les lois ou les r\u00e8glements auxquels notre entreprise est soumise. Le blocage ou la suppression des donn\u00e9es a \u00e9galement lieu lorsqu&rsquo;une p\u00e9riode de conservation prescrite par les normes mentionn\u00e9es expire, \u00e0 moins qu&rsquo;il ne soit n\u00e9cessaire de conserver les donn\u00e9es pour la conclusion d&rsquo;un contrat ou l&rsquo;ex\u00e9cution du contrat.<\/p>\n<h3 data-renderer-start-pos=\"1000\"><strong data-renderer-mark=\"true\">4. Veuillez noter<\/strong><\/h3>\n<p data-renderer-start-pos=\"1651\"><span style=\"font-weight: 400;\">Vos donn\u00e9es de consentement seront trait\u00e9es pour l&rsquo;utilisation de ce site et l&rsquo;utilisation de la plateforme de gestion du consentement mise en \u0153uvre. Nous utilisons la plateforme Google Cloud de Google Ireland Limited. Les serveurs sont situ\u00e9s \u00e0 Francfort et en Belgique. En raison de l&rsquo;arr\u00eat de la Cour de justice du 16 juillet 2020 (affaire C311\/18), le transfert de donn\u00e9es personnelles vers les \u00c9tats-Unis sur la base du Bouclier de protection des donn\u00e9es a \u00e9t\u00e9 d\u00e9clar\u00e9 invalide. Nous tenons \u00e0 vous informer que nous ne pouvons pas exclure le fait que des donn\u00e9es puissent \u00eatre transf\u00e9r\u00e9es aux \u00c9tats-Unis et faire l&rsquo;objet d&rsquo;un acc\u00e8s par les autorit\u00e9s de s\u00e9curit\u00e9 am\u00e9ricaines, conform\u00e9ment \u00e0 50 U.S.C. \u00a71881(b)(4), 50 U.S.C. \u00a71881a (= FISA 702).<br \/>\n<\/span><span style=\"font-weight: 400;\"><br \/>\n<\/span><span style=\"font-weight: 400;\">Ceci s&rsquo;applique \u00e0 l&rsquo;utilisation du site Usercentrics ainsi qu&rsquo;\u00e0 tous les sites qui ont impl\u00e9ment\u00e9 la plateforme de gestion du consentement Usercentrics en tant que service sur leur site.<\/span><\/p>\n        <\/div>\n    <\/div>\n<\/div>\n\n\n<div class=\"uc-accordion-item\" id=\"uc-accordion-item-5\">\n    <h3 class=\"uc-accordion-item__title no-default-margin\">    <button class=\"uc-accordion-item__button\"\n            id=\"uc-accordion-item-5-button\"\n            aria-expanded=\"false\"\n            aria-controls=\"uc-accordion-item-5-content\">\n        IV. Mise \u00e0 disposition du site et cr\u00e9ation de fichiers journaux    <\/button>\n    <\/h3>    <div class=\"uc-accordion-item__content\"\n         id=\"uc-accordion-item-5-content\"\n         aria-labelledby=\"uc-accordion-item-5-button\">\n        <div class=\"uc-accordion-item__content__inner\">\n            <h3>1. Cadre du traitement<\/h3>\n<p><span style=\"font-weight: 400;\">Chaque fois que notre site est consult\u00e9, notre syst\u00e8me collecte automatiquement des donn\u00e9es et des informations \u00e0 partir du syst\u00e8me informatique de l&rsquo;ordinateur appelant. Il s&rsquo;agit, par exemple, d&rsquo;informations telles que<br \/>\n<\/span><span style=\"font-weight: 400;\"><br \/>\n<\/span><span style=\"font-weight: 400;\">&#8211;<\/span><span style=\"font-weight: 400;\"> Informations sur le type et la version de votre navigateur Internet,<\/span><span style=\"font-weight: 400;\"><br \/>\n<\/span><span style=\"font-weight: 400;\">&#8211; Syst\u00e8me d&rsquo;exploitation de votre ordinateur ou smartphone,<\/span><span style=\"font-weight: 400;\"><br \/>\n<\/span><span style=\"font-weight: 400;\">&#8211; Votre fournisseur d&rsquo;acc\u00e8s Internet,<\/span><span style=\"font-weight: 400;\"><br \/>\n<\/span><span style=\"font-weight: 400;\">&#8211; Votre adresse IP,<\/span><span style=\"font-weight: 400;\"><br \/>\n<\/span><span style=\"font-weight: 400;\">&#8211; La date et l&rsquo;heure de votre acc\u00e8s,<\/span><span style=\"font-weight: 400;\"><br \/>\n<\/span><span style=\"font-weight: 400;\">&#8211; Les sites web \u00e0 partir desquels vous \u00eates arriv\u00e9 sur notre site,<\/span><span style=\"font-weight: 400;\"><br \/>\n<\/span><span style=\"font-weight: 400;\">&#8211; Les sites web que vous visitez \u00e0 partir de notre site.<\/span><span style=\"font-weight: 400;\"><br \/>\n<\/span><span style=\"font-weight: 400;\">&#8211; Le cadre juridique pour le stockage temporaire est l&rsquo;art. 6 \u00a7 1 lit. f du RGPD.<br \/>\n<\/span><span style=\"font-weight: 400;\"><br \/>\n<\/span><span style=\"font-weight: 400;\">Nous recueillons ces informations techniques dans ce que l&rsquo;on appelle des \u00ab\u00a0fichiers journaux\u00a0\u00bb, afin que vous puissiez afficher correctement notre site et que nous puissions identifier les causes d&rsquo;\u00e9ventuels probl\u00e8mes techniques, pour l&rsquo;optimisation technique de nos sites et les mesures de s\u00e9curit\u00e9 de nos syst\u00e8mes et r\u00e9seaux informatiques. \u00c0 ces fins, notre int\u00e9r\u00eat l\u00e9gitime dans le traitement des donn\u00e9es selon l&rsquo;art. 6 \u00a7 1 lit. f du RGPD.<\/span><\/p>\n<p><span style=\"font-weight: 400;\"><br \/>\n<\/span><span style=\"font-weight: 400;\">Les donn\u00e9es seront supprim\u00e9es d\u00e8s qu&rsquo;elles ne seront plus n\u00e9cessaires pour l&rsquo;objectif de leur collecte. En r\u00e8gle g\u00e9n\u00e9rale, ces informations techniques seront effac\u00e9es ou rendues m\u00e9connaissables au plus tard apr\u00e8s sept jours.<\/span><\/p>\n<p><span style=\"font-weight: 400;\"><br \/>\n<\/span><span style=\"font-weight: 400;\">La collecte de donn\u00e9es pour la mise \u00e0 disposition du site et le stockage des donn\u00e9es dans des fichiers journaux sont essentiels pour le fonctionnement du site. Il n&rsquo;y a donc aucune contradiction de la part de l&rsquo;utilisateur.<\/span><\/p>\n        <\/div>\n    <\/div>\n<\/div>\n\n\n<div class=\"uc-accordion-item\" id=\"uc-accordion-item-6\">\n    <h3 class=\"uc-accordion-item__title no-default-margin\">    <button class=\"uc-accordion-item__button\"\n            id=\"uc-accordion-item-6-button\"\n            aria-expanded=\"false\"\n            aria-controls=\"uc-accordion-item-6-content\">\n        V. Demandes de contact pour des informations sur les produits, une d\u00e9monstration ou d\u2019autres pr\u00e9occupations    <\/button>\n    <\/h3>    <div class=\"uc-accordion-item__content\"\n         id=\"uc-accordion-item-6-content\"\n         aria-labelledby=\"uc-accordion-item-6-button\">\n        <div class=\"uc-accordion-item__content__inner\">\n            <h3>1. Description et \u00e9tendue du traitement des donn\u00e9es<\/h3>\n<p><span style=\"font-weight: 400;\">Sur notre site, vous pouvez nous contacter par le biais de diff\u00e9rentes options\u00a0: p. ex. formulaire de contact, r\u00e9server une d\u00e9monstration, demande de devis, demande d&rsquo;informations produits, demande de guides. Si vous le permettez, les donn\u00e9es saisies dans le masque de saisie nous seront transmises et enregistr\u00e9es. Outre les macro-donn\u00e9es d&rsquo;entr\u00e9e sp\u00e9cifiques, l&rsquo;adresse IP ainsi que la date et l&rsquo;heure de la demande sont collect\u00e9es et stock\u00e9es. Pour le traitement des donn\u00e9es, vous donnez votre consentement dans le cadre du processus d&rsquo;envoi.<br \/>\n<\/span><span style=\"font-weight: 400;\"><br \/>\n<\/span><span style=\"font-weight: 400;\">Un contact par adresse e-mail est \u00e9galement possible. Dans ce cas, les donn\u00e9es personnelles de l&rsquo;utilisateur transmises par e-mail seront stock\u00e9es.<br \/>\n<\/span><span style=\"font-weight: 400;\"><br \/>\n<\/span><span style=\"font-weight: 400;\">Dans ce contexte, les donn\u00e9es ne seront pas communiqu\u00e9es \u00e0 des tiers, sauf si cela est n\u00e9cessaire pour le traitement de la demande (par exemple, outil de r\u00e9servation de d\u00e9monstration). Dans tous les cas, les donn\u00e9es seront utilis\u00e9es exclusivement pour le traitement de la conversation.<\/span><\/p>\n<h3>2. Cadre juridique du traitement<\/h3>\n<p><span style=\"font-weight: 400;\">Le cadre juridique instaurant le traitement des donn\u00e9es est en pr\u00e9sence du consentement de l&rsquo;utilisateur l&rsquo;art. 6 \u00a7 1 lit. a du RGPD.<br \/>\n<\/span><span style=\"font-weight: 400;\"><br \/>\n<\/span><span style=\"font-weight: 400;\">Le cadre juridique instaurant le traitement des donn\u00e9es transmises dans le cadre de l&rsquo;envoi d&rsquo;un e-mail est l&rsquo;article 6 (1) lit. f du RGPD. Si le contact par e-mail a pour but de conclure un contrat, le cadre juridique suppl\u00e9mentaire instaurant le traitement est l&rsquo;article 6, paragraphe 1, lit. b du RGPD.<\/span><\/p>\n<h3>3. Objectif du traitement des donn\u00e9es<\/h3>\n<p><span style=\"font-weight: 400;\">Le traitement des donn\u00e9es \u00e0 caract\u00e8re personnel provenant du masque de saisie est uniquement destin\u00e9 au traitement de votre demande. En cas de contact par e-mail, cela inclut \u00e9galement l&rsquo;int\u00e9r\u00eat l\u00e9gitime requis pour le traitement des donn\u00e9es.<br \/>\n<\/span><span style=\"font-weight: 400;\"><br \/>\n<\/span><span style=\"font-weight: 400;\">Les autres donn\u00e9es personnelles trait\u00e9es au cours du processus d&rsquo;envoi servent \u00e0 pr\u00e9venir l&rsquo;utilisation abusive du formulaire de contact et \u00e0 assurer la s\u00e9curit\u00e9 de nos syst\u00e8mes informatiques.<\/span><\/p>\n<h3>4. Dur\u00e9e du stockage<\/h3>\n<p><span style=\"font-weight: 400;\">Si vous avez r\u00e9serv\u00e9 une d\u00e9monstration, demand\u00e9 des informations produits ou une offre, nous nous r\u00e9servons le droit de conserver les donn\u00e9es pendant deux ans afin de mesurer la rentabilit\u00e9 de nos ventes et de notre marketing. Sinon, nous supprimerons les donn\u00e9es d\u00e8s qu&rsquo;elles ne seront plus n\u00e9cessaires pour atteindre l&rsquo;objectif de leur collecte. Pour les donn\u00e9es personnelles provenant du formulaire de contact et celles envoy\u00e9es par e-mail, c&rsquo;est le cas lorsque la conversation respective avec l&rsquo;utilisateur est termin\u00e9e. La conversation est termin\u00e9e lorsqu&rsquo;il peut \u00eatre d\u00e9duit des circonstances que les faits pertinents ont \u00e9t\u00e9 d\u00e9finitivement clarifi\u00e9s.<br \/>\n<\/span><span style=\"font-weight: 400;\"><br \/>\n<\/span><span style=\"font-weight: 400;\">Les donn\u00e9es personnelles suppl\u00e9mentaires collect\u00e9es lors du processus d&rsquo;envoi seront supprim\u00e9es au plus tard apr\u00e8s une p\u00e9riode de sept jours.<\/span><span style=\"font-weight: 400;\"><br \/>\n<\/span><\/p>\n<h3>5. Possibilit\u00e9 d&rsquo;opposition et de retrait<\/h3>\n<p><span style=\"font-weight: 400;\">L&rsquo;utilisateur a la possibilit\u00e9 de r\u00e9voquer \u00e0 tout moment son consentement au traitement de ses donn\u00e9es personnelles. Si l&rsquo;utilisateur nous contacte par e-mail, il peut s&rsquo;opposer \u00e0 tout moment au stockage de ses donn\u00e9es personnelles. Dans ce cas, la conversation ne peut pas se poursuivre.<br \/>\n<\/span><span style=\"font-weight: 400;\"><br \/>\n<\/span><span style=\"font-weight: 400;\">Dans ce cas, toutes les donn\u00e9es personnelles stock\u00e9es dans le cadre de la prise de contact seront supprim\u00e9es.<\/span><\/p>\n        <\/div>\n    <\/div>\n<\/div>\n\n\n<div class=\"uc-accordion-item\" id=\"uc-accordion-item-7\">\n    <h3 class=\"uc-accordion-item__title no-default-margin\">    <button class=\"uc-accordion-item__button\"\n            id=\"uc-accordion-item-7-button\"\n            aria-expanded=\"false\"\n            aria-controls=\"uc-accordion-item-7-content\">\n        VI. Vous devenez client ou partenaire d\u2019Usercentrics    <\/button>\n    <\/h3>    <div class=\"uc-accordion-item__content\"\n         id=\"uc-accordion-item-7-content\"\n         aria-labelledby=\"uc-accordion-item-7-button\">\n        <div class=\"uc-accordion-item__content__inner\">\n            <h3>1. Description et \u00e9tendue du traitement des donn\u00e9es<\/h3>\n<p><span style=\"font-weight: 400;\">Nous offrons la possibilit\u00e9 de devenir client ou partenaire en fournissant des donn\u00e9es personnelles. Les donn\u00e9es sont collect\u00e9es et stock\u00e9es dans le cadre du processus contractuel. Il n&rsquo;y a pas de transfert de donn\u00e9es \u00e0 des tiers. Les donn\u00e9es suivantes sont collect\u00e9es au cours du processus d&rsquo;enregistrement:<br \/>\n<\/span><span style=\"font-weight: 400;\"><br \/>\n<\/span><span style=\"font-weight: 400;\">&#8211; Votre adresse e-mail,<\/span><span style=\"font-weight: 400;\"><br \/>\n<\/span><span style=\"font-weight: 400;\">&#8211; pr\u00e9nom et nom,<\/span><span style=\"font-weight: 400;\"><br \/>\n<\/span><span style=\"font-weight: 400;\">&#8211; si n\u00e9cessaire, renseignements sur la soci\u00e9t\u00e9,<\/span><span style=\"font-weight: 400;\"><br \/>\n<\/span><span style=\"font-weight: 400;\">&#8211; informations de paiement (\u00e9ventuellement l&rsquo;entreprise),<\/span><span style=\"font-weight: 400;\"><br \/>\n<\/span><span style=\"font-weight: 400;\">&#8211; d&rsquo;autres donn\u00e9es que nous vous demandons et<\/span><span style=\"font-weight: 400;\"><br \/>\n<\/span><span style=\"font-weight: 400;\">&#8211; \u00e9ventuellement les donn\u00e9es que nous recevons dans le cadre de la relation commerciale.<\/span><\/p>\n<h3>2. Cadre juridique du traitement<\/h3>\n<p>Le cadre juridique instaurant le traitement des donn\u00e9es est en pr\u00e9sence du consentement de l&rsquo;utilisateur l&rsquo;art. 6 \u00a7 1 lit. a du RGPD et l&rsquo;art. 6 \u00a71 lit. b du RGPD, depuis l&rsquo;enregistrement de l&rsquo;ex\u00e9cution d&rsquo;un contrat ou la mise en \u0153uvre de mesures pr\u00e9contractuelles.<\/p>\n<h3>3. Objectif du traitement des donn\u00e9es<\/h3>\n<p>L&rsquo;enregistrement est n\u00e9cessaire \u00e0 l&rsquo;ex\u00e9cution du contrat du client ou du partenaire ou \u00e0 l&rsquo;ex\u00e9cution de mesures pr\u00e9contractuelles.<\/p>\n<h3>4. Dur\u00e9e du stockage<\/h3>\n<p>Les donn\u00e9es seront supprim\u00e9es d\u00e8s qu&rsquo;elles ne seront plus n\u00e9cessaires pour l&rsquo;objectif de leur collecte. C&rsquo;est le cas lors du processus d&rsquo;enregistrement pour l&rsquo;ex\u00e9cution d&rsquo;un contrat ou pour l&rsquo;ex\u00e9cution de mesures pr\u00e9contractuelles si les donn\u00e9es ne sont plus n\u00e9cessaires \u00e0 l&rsquo;ex\u00e9cution du contrat. M\u00eame apr\u00e8s la conclusion du contrat, il peut \u00eatre n\u00e9cessaire de conserver les donn\u00e9es personnelles de la partie contractante afin de respecter les obligations contractuelles ou l\u00e9gales. En particulier, notre entreprise doit respecter les obligations de stockage de l&rsquo;article 257 du code de commerce \u00e0 cet \u00e9gard.<\/p>\n<h3>5. Possibilit\u00e9 d&rsquo;opposition et de retrait<\/h3>\n<p><span style=\"font-weight: 400;\">En tant qu&rsquo;utilisateur, vous avez toujours la possibilit\u00e9 d&rsquo;annuler votre compte. Vous pouvez \u00e0 tout moment modifier les donn\u00e9es stock\u00e9es \u00e0 votre sujet. Si ces donn\u00e9es sont n\u00e9cessaires \u00e0 l&rsquo;ex\u00e9cution d&rsquo;un contrat ou \u00e0 l&rsquo;ex\u00e9cution de mesures pr\u00e9contractuelles, une suppression anticip\u00e9e des donn\u00e9es n&rsquo;est possible que si des obligations contractuelles ou l\u00e9gales ne s&rsquo;opposent pas \u00e0 cette suppression.<\/span><\/p>\n        <\/div>\n    <\/div>\n<\/div>\n\n\n<div class=\"uc-accordion-item\" id=\"uc-accordion-item-8\">\n    <h3 class=\"uc-accordion-item__title no-default-margin\">    <button class=\"uc-accordion-item__button\"\n            id=\"uc-accordion-item-8-button\"\n            aria-expanded=\"false\"\n            aria-controls=\"uc-accordion-item-8-content\">\n        VII. Cookies et technologies de tra\u00e7age    <\/button>\n    <\/h3>    <div class=\"uc-accordion-item__content\"\n         id=\"uc-accordion-item-8-content\"\n         aria-labelledby=\"uc-accordion-item-8-button\">\n        <div class=\"uc-accordion-item__content__inner\">\n            <h3>1. Qu&rsquo;est-ce qu&rsquo;un cookie?<\/h3>\n<p><strong>Cookie de navigateur web<\/strong><\/p>\n<p><span style=\"font-weight: 400;\">Un cookie de navigateur web est un petit fichier texte envoy\u00e9 par un site \u00e0 votre ordinateur ou appareil mobile o\u00f9 il est stock\u00e9 par votre navigateur. Les cookies de navigateur web peuvent stocker des informations telles que votre adresse IP ou tout autre identifiant, votre type de navigateur et des informations sur le contenu que vous affichez et avec lequel vous interagissez sur les services num\u00e9riques. En stockant ces informations, les cookies de navigateur web peuvent enregistrer vos pr\u00e9f\u00e9rences et vos param\u00e8tres pour les services en ligne et analyser la fa\u00e7on dont vous utilisez ces services.<br \/>\n<\/span><span style=\"font-weight: 400;\"><br \/>\n<\/span><span style=\"font-weight: 400;\"><strong>Technologies de tra\u00e7age\u00a0: Balises Web \/ Gifs, Pixels, Balises de page, Script<\/strong><br \/>\n<\/span><span style=\"font-weight: 400;\"><br \/>\n<\/span><span style=\"font-weight: 400;\">Les e-mails et les applications mobiles peuvent contenir de petits fichiers image transparents ou des lignes de code pour enregistrer la mani\u00e8re dont vous interagissez avec eux. Ces informations sont utilis\u00e9es pour aider les \u00e9diteurs de sites et d&rsquo;applications \u00e0 mieux analyser et am\u00e9liorer leurs services.<\/span><\/p>\n<h3>2. Utilisation, cadre juridique et objectif<\/h3>\n<p>Nous utilisons des cookies afin de rendre notre site plus accessible \u00e0 nos utilisateurs. Certains \u00e9l\u00e9ments de notre site exigent que le navigateur appelant soit identifi\u00e9 m\u00eame apr\u00e8s un changement de page.<\/p>\n<p>Avant que le consentement ne soit donn\u00e9, 2 cookies fonctionnels sont mis en place. Le cookie \u00ab PHPSESSID \u00bb est utilis\u00e9 pour reconna\u00eetre la langue du navigateur et afficher ainsi la langue du site en cons\u00e9quence. Apr\u00e8s la fermeture du navigateur, ce cookie sera supprim\u00e9. Le cookie \u00ab wBounce \u00bb ne contient que la valeur \u00ab true \u00bb. Cette valeur est utilis\u00e9e pour d\u00e9terminer si l&rsquo;utilisateur a d\u00e9j\u00e0 vu une pop-up ou non. Si l&rsquo;utilisateur a d\u00e9j\u00e0 interagi avec l&rsquo;une d&rsquo;elles, nous ne lui montrerons plus pendant un certain temps.<\/p>\n<p>En outre, nous d\u00e9finissons les deux cookies de l&rsquo;IAB \u00ab euconsent \u00bb et \u00ab eupubconsent \u00bb. Ces cookies sont stock\u00e9s lorsqu&rsquo;un utilisateur ne souhaite pas \u00eatre trac\u00e9. Il en va de m\u00eame pour le stockage des donn\u00e9es dans la m\u00e9moire locale. Cela sert uniquement \u00e0 nous rappeler qu&rsquo;un utilisateur n&rsquo;a pas donn\u00e9 son consentement. Sinon, nous devrions le demander \u00e0 chaque fois que le m\u00eame utilisateur visite le site.<\/p>\n<p>Les cookies mentionn\u00e9s ci-dessus ainsi que le stockage de donn\u00e9es dans le stockage local autorisent uniquement des fonctionnalit\u00e9s qui contribuent \u00e0 une exp\u00e9rience utilisateur positive sur notre site. Nous n&rsquo;utilisons pas de cookies avec des donn\u00e9es personnelles sans consentement pr\u00e9alable.<\/p>\n<p>En outre, nous utilisons sur notre site des cookies qui permettent une analyse du comportement de navigation des utilisateurs.<\/p>\n<p>Lors de l&rsquo;acc\u00e8s \u00e0 notre site, l&rsquo;utilisateur est inform\u00e9 de l&rsquo;utilisation de cookies \u00e0 des fins d&rsquo;analyse et son consentement au traitement des donn\u00e9es personnelles utilis\u00e9es dans ce contexte est obtenu. Dans ce contexte, il est \u00e9galement fait r\u00e9f\u00e9rence \u00e0 la pr\u00e9sente politique de confidentialit\u00e9.<\/p>\n<p>Le cadre juridique instaurant le traitement des donn\u00e9es personnelles \u00e0 l&rsquo;aide de cookies techniquement n\u00e9cessaires est l&rsquo;article 6 (1) lit. f du RGPD.<\/p>\n<p>Le cadre juridique instaurant le traitement des donn\u00e9es personnelles \u00e0 l&rsquo;aide de cookies \u00e0 des fins d&rsquo;analyse est le consentement de l&rsquo;utilisateur Art. 6 para. 1 lit. a du RGPD.<\/p>\n<p>L&rsquo;utilisation de cookies techniquement n\u00e9cessaires a pour but de faciliter l&rsquo;utilisation des sites pour les utilisateurs. Certaines fonctionnalit\u00e9s de notre site ne peuvent \u00eatre propos\u00e9es sans l&rsquo;utilisation de cookies. Pour celles-ci, il est n\u00e9cessaire que le navigateur soit reconnu m\u00eame apr\u00e8s un changement de page. Les cookies sont n\u00e9cessaires pour les applications suivantes : acceptation des param\u00e8tres linguistiques. Les donn\u00e9es utilisateur collect\u00e9es par le biais de cookies techniquement n\u00e9cessaires ne seront pas utilis\u00e9es pour cr\u00e9er des profils utilisateurs.<\/p>\n<p>L&rsquo;utilisation des cookies d&rsquo;analyse a pour but d&rsquo;am\u00e9liorer la qualit\u00e9 de notre site et de son contenu. Gr\u00e2ce aux cookies d&rsquo;analyse, nous apprenons comment le site est utilis\u00e9 et nous pouvons ainsi optimiser constamment notre offre.<\/p>\n<h3>3. Dur\u00e9e du stockage, objection et options de suppression<\/h3>\n<p><span style=\"font-weight: 400;\">Les cookies sont stock\u00e9s sur l&rsquo;ordinateur de l&rsquo;utilisateur et transmis par celui-ci de notre c\u00f4t\u00e9. Par cons\u00e9quent, en tant qu&rsquo;utilisateur, vous avez un contr\u00f4le total sur l&rsquo;utilisation des cookies. En modifiant les param\u00e8tres de votre navigateur Internet, vous pouvez d\u00e9sactiver ou restreindre la transmission des cookies. Les cookies d\u00e9j\u00e0 enregistr\u00e9s peuvent \u00eatre supprim\u00e9s \u00e0 tout moment. Cela peut aussi se faire automatiquement. Si les cookies sont d\u00e9sactiv\u00e9s pour notre site, il se peut que vous ne puissiez pas utiliser pleinement toutes ses fonctions.<\/span><\/p>\n        <\/div>\n    <\/div>\n<\/div>\n\n\n<div class=\"uc-accordion-item\" id=\"uc-accordion-item-9\">\n    <h3 class=\"uc-accordion-item__title no-default-margin\">    <button class=\"uc-accordion-item__button\"\n            id=\"uc-accordion-item-9-button\"\n            aria-expanded=\"false\"\n            aria-controls=\"uc-accordion-item-9-content\">\n        VIII. Technologies mises en \u0153uvre    <\/button>\n    <\/h3>    <div class=\"uc-accordion-item__content\"\n         id=\"uc-accordion-item-9-content\"\n         aria-labelledby=\"uc-accordion-item-9-button\">\n        <div class=\"uc-accordion-item__content__inner\">\n            <div class=\"uc-embed\" uc-layout=\"1\" uc-embed-type=\"all\"\n                                                                       uc-embed-show-toggle=\"true\"><\/div>\n<h3><b>Matomo Opt-Out<\/b><\/h3>\n<p><iframe style=\"border: 0; height: 200px; width: 600px;\" src=\"https:\/\/analytics.usercentrics.com\/index.php?module=CoreAdminHome&#038;action=optOut&#038;language=fr\"><\/iframe><\/p>\n        <\/div>\n    <\/div>\n<\/div>\n\n\n<div class=\"uc-accordion-item\" id=\"uc-accordion-item-10\">\n    <h3 class=\"uc-accordion-item__title no-default-margin\">    <button class=\"uc-accordion-item__button\"\n            id=\"uc-accordion-item-10-button\"\n            aria-expanded=\"false\"\n            aria-controls=\"uc-accordion-item-10-content\">\n        IX. Mineurs    <\/button>\n    <\/h3>    <div class=\"uc-accordion-item__content\"\n         id=\"uc-accordion-item-10-content\"\n         aria-labelledby=\"uc-accordion-item-10-button\">\n        <div class=\"uc-accordion-item__content__inner\">\n            <p><span style=\"font-weight: 400;\">Nos services ne sont pas destin\u00e9s aux enfants de moins de 13 ans. Nous ne collectons pas sciemment d&rsquo;informations aupr\u00e8s d&rsquo;enfants de moins de 13 ans. Si vous n&rsquo;avez pas atteint l&rsquo;\u00e2ge limite, n&rsquo;utilisez pas les services et ne nous fournissez pas vos informations personnelles. Si vous \u00eates parent d&rsquo;un enfant n&rsquo;ayant pas atteint la limite d&rsquo;\u00e2ge et que vous apprenez que votre enfant a fourni des informations personnelles \u00e0 Usercentrics, veuillez nous contacter \u00e0 l&rsquo;adresse <a href=\"mailto:privacy@usercentrics.com\">privacy@usercentrics.com<\/a> et insister pour exercer vos droits d&rsquo;acc\u00e8s, de rectification, d&rsquo;annulation et\/ou d&rsquo;opposition. Si vous r\u00e9sidez en Californie, que vous \u00eates \u00e2g\u00e9 de moins de 18 ans et que vous souhaitez effacer le contenu accessible au public, veuillez nous contacter \u00e0 l&rsquo;adresse suivante <\/span><a href=\"mailto:privacy@usercentrics.com\"><span style=\"font-weight: 400;\">privacy@usercentrics.com<\/span><\/a><span style=\"font-weight: 400;\">.<\/span><\/p>\n        <\/div>\n    <\/div>\n<\/div>\n\n\n<div class=\"uc-accordion-item\" id=\"uc-accordion-item-11\">\n    <h3 class=\"uc-accordion-item__title no-default-margin\">    <button class=\"uc-accordion-item__button\"\n            id=\"uc-accordion-item-11-button\"\n            aria-expanded=\"false\"\n            aria-controls=\"uc-accordion-item-11-content\">\n        X. Vos droits    <\/button>\n    <\/h3>    <div class=\"uc-accordion-item__content\"\n         id=\"uc-accordion-item-11-content\"\n         aria-labelledby=\"uc-accordion-item-11-button\">\n        <div class=\"uc-accordion-item__content__inner\">\n            <p><span style=\"font-weight: 400;\">Si nous traitons vos donn\u00e9es personnelles, vous avez, apr\u00e8s identification r\u00e9ussie, les droits suivants \u00e0 notre \u00e9gard:<\/span><\/p>\n<h3>1. Droit \u00e0 l&rsquo;information<\/h3>\n<p><span style=\"font-weight: 400;\">Vous pouvez demander \u00e0 notre soci\u00e9t\u00e9 de vous confirmer si nous traitons des informations personnelles vous concernant.<br \/>\n<\/span><span style=\"font-weight: 400;\"><br \/>\n<\/span><span style=\"font-weight: 400;\">Si un tel traitement est disponible, vous pouvez demander des informations sur un grand nombre de circonstances conform\u00e9ment au RGPD, telles que<\/span><\/p>\n<p><span style=\"font-weight: 400;\">(1) les objectifs pour lesquels vos informations personnelles sont trait\u00e9es\u00a0;<\/span><span style=\"font-weight: 400;\"><br \/>\n<\/span><span style=\"font-weight: 400;\"><br \/>\n(2) les cat\u00e9gories de donn\u00e9es personnelles trait\u00e9es\u00a0;<\/span><span style=\"font-weight: 400;\"><br \/>\n<\/span><span style=\"font-weight: 400;\"><br \/>\n(3) les destinataires ou les cat\u00e9gories de destinataires auxquels vos informations personnelles ont \u00e9t\u00e9 divulgu\u00e9es ou sont encore divulgu\u00e9es\u00a0;<\/span><span style=\"font-weight: 400;\"><br \/>\n<\/span><span style=\"font-weight: 400;\"><br \/>\n(4) la dur\u00e9e pr\u00e9vue du stockage de vos donn\u00e9es personnelles ou, si des informations sp\u00e9cifiques ne sont pas disponibles, les crit\u00e8res permettant de d\u00e9terminer la p\u00e9riode de conservation\u00a0;<\/span><span style=\"font-weight: 400;\"><br \/>\n<\/span><span style=\"font-weight: 400;\"><br \/>\n(5) l&rsquo;existence d&rsquo;un droit de rectification ou d&rsquo;effacement de vos donn\u00e9es personnelles, d&rsquo;un droit de limitation de notre traitement ou d&rsquo;un droit d&rsquo;opposition \u00e0 ce traitement\u00a0;<\/span><span style=\"font-weight: 400;\"><br \/>\n<\/span><span style=\"font-weight: 400;\"><br \/>\n(6) l&rsquo;existence d&rsquo;un droit de recours aupr\u00e8s d&rsquo;une autorit\u00e9 de contr\u00f4le\u00a0;<\/span><span style=\"font-weight: 400;\"><br \/>\n<\/span><span style=\"font-weight: 400;\"><br \/>\n(7) toutes les informations disponibles sur la source de vos donn\u00e9es personnelles, \u00e0 moins que vos informations personnelles aient \u00e9t\u00e9 collect\u00e9es aupr\u00e8s de vous-m\u00eame\u00a0;<\/span><span style=\"font-weight: 400;\"><br \/>\n<\/span><span style=\"font-weight: 400;\"><br \/>\n(8) l&rsquo;existence d&rsquo;une prise de d\u00e9cision automatis\u00e9e, y compris le profilage, en vertu de l&rsquo;article 22 (1) et (4) du RGPD et, au moins dans ces cas, d&rsquo;informations significatives sur la logique impliqu\u00e9e, ainsi que la port\u00e9e et l&rsquo;impact pr\u00e9vu de ce traitement sur la personne concern\u00e9e.<\/span><span style=\"font-weight: 400;\"><br \/>\n<\/span><span style=\"font-weight: 400;\"><br \/>\nVous avez le droit de demander des informations pour savoir si vos informations personnelles concernent un pays tiers ou une organisation internationale. \u00c0 cet \u00e9gard, vous pouvez demander les garanties appropri\u00e9es conform\u00e9ment \u00e0 Art. 46 du RGPD en relation avec le transfert.<\/span><\/p>\n<h3>2. Droit de rectification<\/h3>\n<p>Vous avez le droit de corriger et\/ou de compl\u00e9ter vos donn\u00e9es personnelles si ces informations sont incorrectes ou incompl\u00e8tes. Nous effectuerons la correction sans d\u00e9lai.<\/p>\n<h3>3. Droit \u00e0 la limitation du traitement<\/h3>\n<p><span style=\"font-weight: 400;\">Dans certains cas, vous pouvez demander la limitation du traitement de vos donn\u00e9es personnelles.<\/span><span style=\"font-weight: 400;\"><br \/>\n<\/span><span style=\"font-weight: 400;\"><br \/>\n(1) si vous contestez l&rsquo;exactitude de vos informations personnelles pendant une p\u00e9riode de temps qui nous permet de v\u00e9rifier l&rsquo;exactitude de vos informations personnelles\u00a0;<\/span><span style=\"font-weight: 400;\"><br \/>\n<\/span><span style=\"font-weight: 400;\"><br \/>\n(2) si le traitement est ill\u00e9gal et que vous refusez l&rsquo;effacement de vos donn\u00e9es personnelles et demandez plut\u00f4t la limitation de l&rsquo;utilisation de vos donn\u00e9es personnelles\u00a0;<\/span><span style=\"font-weight: 400;\"><br \/>\n<\/span><span style=\"font-weight: 400;\"><br \/>\n(3) si nous n&rsquo;avons plus besoin de vos informations personnelles aux fins du traitement, mais que vous en avez besoin pour faire valoir, exercer ou d\u00e9fendre vos droits, ou<\/span><span style=\"font-weight: 400;\"><br \/>\n<\/span><span style=\"font-weight: 400;\"><br \/>\n(4) si vous vous opposez au traitement et qu&rsquo;il n&rsquo;est pas encore certain que les raisons l\u00e9gitimes de notre groupe de soci\u00e9t\u00e9s et des soci\u00e9t\u00e9s affili\u00e9es d\u00e9passent vos raisons.<\/span><span style=\"font-weight: 400;\"><br \/>\n<\/span><span style=\"font-weight: 400;\"><br \/>\nSi le traitement de vos donn\u00e9es personnelles a \u00e9t\u00e9 restreint, nous ne pouvons traiter ces donn\u00e9es, \u00e0 l&rsquo;exception de leur stockage, qu&rsquo;avec votre consentement ou pour faire valoir, exercer ou d\u00e9fendre des revendications l\u00e9gales ou pour prot\u00e9ger les droits d&rsquo;une autre personne physique ou morale.<\/span><span style=\"font-weight: 400;\"><br \/>\n<\/span><span style=\"font-weight: 400;\"><br \/>\nSi le traitement a \u00e9t\u00e9 limit\u00e9 conform\u00e9ment aux conditions susmentionn\u00e9es, vous serez inform\u00e9 par nos soins avant la lev\u00e9e de la limitation.<\/span><\/p>\n<h3>4. Droit d&rsquo;annulation<\/h3>\n<p><span style=\"font-weight: 400;\">Vous pouvez nous demander d&rsquo;effacer imm\u00e9diatement vos informations personnelles et nous serons oblig\u00e9s d&rsquo;effacer ces informations imm\u00e9diatement si l&rsquo;une des situations suivantes est vraie\u00a0:<\/span><span style=\"font-weight: 400;\"><br \/>\n<\/span><span style=\"font-weight: 400;\"><br \/>\n(1) vos donn\u00e9es personnelles ne sont plus n\u00e9cessaires aux fins pour lesquelles elles ont \u00e9t\u00e9 collect\u00e9es ou autrement trait\u00e9es\u00a0;<\/span><span style=\"font-weight: 400;\"><br \/>\n<\/span><span style=\"font-weight: 400;\"><br \/>\n(2) vous r\u00e9voquez votre consentement, sur lequel le traitement \u00e9tait fond\u00e9 conform\u00e9ment \u00e0 l&rsquo;art. 6 \u00a7 1 lit. a ou l&rsquo;art. 9 \u00a7 2 lit. a RGPD et il n&rsquo;existe aucun autre cadre juridique pour le traitement.<\/span><span style=\"font-weight: 400;\"><br \/>\n<\/span><span style=\"font-weight: 400;\"><br \/>\n(3) conform\u00e9ment \u00e0 l&rsquo;art. 21 \u00a71 du RGPD, vous vous opposez au traitement et il n&rsquo;existe pas de motifs pr\u00e9alables justifiant le traitement, ou art. 21 \u00a7 2 du RGPD.<\/span><span style=\"font-weight: 400;\"><br \/>\n<\/span><span style=\"font-weight: 400;\"><br \/>\n(4) vos donn\u00e9es personnelles ont \u00e9t\u00e9 trait\u00e9es de mani\u00e8re ill\u00e9gale.<\/span><span style=\"font-weight: 400;\"><br \/>\n<\/span><span style=\"font-weight: 400;\"><br \/>\n(5) l&rsquo;effacement des donn\u00e9es personnelles vous concernant est n\u00e9cessaire pour remplir une obligation l\u00e9gale en vertu du droit de l&rsquo;Union ou du droit des \u00c9tats membres auquel le responsable du traitement est soumis.<\/span><span style=\"font-weight: 400;\"><br \/>\n<\/span><span style=\"font-weight: 400;\"><br \/>\nSi nous avons rendu vos donn\u00e9es personnelles publiques et que nous sommes oblig\u00e9s de les effacer conform\u00e9ment \u00e0 l&rsquo;article 17 (1) du RGPD, nous devons prendre des mesures appropri\u00e9es, en tenant compte de la technologie disponible et des co\u00fbts de mise en \u0153uvre, pour informer les autres entreprises qui traitent vos donn\u00e9es personnelles que vous leur avez demand\u00e9 d&rsquo;effacer tous les liens vers vos donn\u00e9es personnelles (ainsi que toutes les copies de celles-ci) (\u00ab\u00a0droit \u00e0 l&rsquo;oubli\u00a0\u00bb). Le droit d&rsquo;effacement n&rsquo;existe pas si le traitement est n\u00e9cessaire<\/span><span style=\"font-weight: 400;\"><br \/>\n<\/span><span style=\"font-weight: 400;\"><br \/>\n(1) pour exercer le droit \u00e0 la libert\u00e9 d&rsquo;expression et d&rsquo;information\u00a0;<\/span><span style=\"font-weight: 400;\"><br \/>\n<\/span><span style=\"font-weight: 400;\"><br \/>\n(2) pour remplir une obligation l\u00e9gale exig\u00e9e par le droit de l&rsquo;Union ou des \u00c9tats membres auquel le responsable du traitement est soumis, ou pour ex\u00e9cuter une mission d&rsquo;int\u00e9r\u00eat public ou relevant de l&rsquo;exercice de l&rsquo;autorit\u00e9 publique conf\u00e9r\u00e9e au responsable du traitement\u00a0;<\/span><span style=\"font-weight: 400;\"><br \/>\n<\/span><span style=\"font-weight: 400;\"><br \/>\n(3) pour des raisons d&rsquo;int\u00e9r\u00eat public dans le domaine de la sant\u00e9 publique, conform\u00e9ment \u00e0 l&rsquo;art. 9 (2) lit. h et i ainsi qu&rsquo;\u00e0 l&rsquo;art. 9 (3) du RGPD, ou<\/span><span style=\"font-weight: 400;\"><br \/>\n<\/span><span style=\"font-weight: 400;\"><br \/>\n(4) pour faire valoir, exercer ou d\u00e9fendre des revendications l\u00e9gales.<\/span><\/p>\n<h3>5. Droit \u00e0 l&rsquo;information de tiers par notre soci\u00e9t\u00e9<\/h3>\n<p>Si vous avez le droit de rectifier, d&rsquo;effacer ou de limiter le traitement aupr\u00e8s de notre soci\u00e9t\u00e9, nous sommes tenus de notifier \u00e0 tous les destinataires auxquels nous avons communiqu\u00e9 vos donn\u00e9es personnelles cette rectification ou cet effacement des donn\u00e9es ou cette limitation du traitement, sauf si cela s&rsquo;av\u00e8re impossible ou implique un effort disproportionn\u00e9. Vous avez \u00e9galement le droit d&rsquo;\u00eatre inform\u00e9 par nous de ces destinataires.<\/p>\n<h3>6. Droit \u00e0 la portabilit\u00e9 des donn\u00e9es<\/h3>\n<p><span style=\"font-weight: 400;\">Vous avez le droit de recevoir les renseignements personnels que vous nous fournissez dans un format structur\u00e9, commun et lisible par machine. Vous avez \u00e9galement le droit de transf\u00e9rer ces informations \u00e0 une autre personne sans que le responsable du traitement auquel les donn\u00e9es personnelles ont \u00e9t\u00e9 fournies ne s&rsquo;y oppose, \u00e0 condition que<\/span><span style=\"font-weight: 400;\"><br \/>\n<\/span><span style=\"font-weight: 400;\"><br \/>\n(1) le traitement est fond\u00e9 sur un consentement conform\u00e9ment \u00e0 l&rsquo;art. 6 \u00a7 1 lit. a du RGPD ou \u00e0 l&rsquo;art 9 \u00a7 2 lit. a du RGPD ou sur un contrat conform\u00e9ment \u00e0 l&rsquo;art. 6 \u00a7 1 lit. b du RGPD et<\/span><span style=\"font-weight: 400;\"><br \/>\n<\/span><span style=\"font-weight: 400;\"><br \/>\n(2) le traitement est effectu\u00e9 par des moyens automatis\u00e9s.<\/span><span style=\"font-weight: 400;\"><br \/>\n<\/span><span style=\"font-weight: 400;\"><br \/>\nDans l&rsquo;exercice de ce droit, vous avez \u00e9galement le droit d&rsquo;obtenir que vos donn\u00e9es personnelles soient transmises directement d&rsquo;une personne \u00e0 une autre, dans la mesure o\u00f9 cela est techniquement faisable. Les libert\u00e9s et les droits des autres personnes ne doivent pas \u00eatre affect\u00e9s.<\/span><span style=\"font-weight: 400;\"><br \/>\n<\/span><span style=\"font-weight: 400;\"><br \/>\nLe droit \u00e0 la portabilit\u00e9 des donn\u00e9es ne s&rsquo;applique pas au traitement des donn\u00e9es personnelles n\u00e9cessaires \u00e0 l&rsquo;ex\u00e9cution d&rsquo;une mission d&rsquo;int\u00e9r\u00eat public ou \u00e0 l&rsquo;exercice d&rsquo;une autorit\u00e9 officielle d\u00e9l\u00e9gu\u00e9e au responsable du traitement.<\/span><\/p>\n<h3>7. Droit de contester<\/h3>\n<p><span style=\"font-weight: 400;\">Vous avez le droit de vous opposer \u00e0 tout moment, pour des raisons qui d\u00e9coulent de votre situation particuli\u00e8re, au traitement de vos donn\u00e9es personnelles, conform\u00e9ment \u00e0 l&rsquo;art. 6 \u00a7 1 lit. e ou f du RGPD\u00a0; ceci s&rsquo;applique \u00e9galement au profilage bas\u00e9 sur ces dispositions.<br \/>\n<\/span><span style=\"font-weight: 400;\"><br \/>\n<\/span><span style=\"font-weight: 400;\">Nous ne traiterons plus vos informations personnelles dans ce cas, \u00e0 moins qu&rsquo;il n&rsquo;existe des motifs l\u00e9gitimes imp\u00e9rieux pour le traitement qui l&#8217;emportent sur vos int\u00e9r\u00eats, droits et libert\u00e9s, ou que le traitement soit destin\u00e9 \u00e0 faire respecter, poursuivre ou d\u00e9fendre des revendications l\u00e9gales.<\/span><span style=\"font-weight: 400;\"><br \/>\n<\/span><span style=\"font-weight: 400;\"><br \/>\nSi vos donn\u00e9es personnelles sont trait\u00e9es \u00e0 des fins de marketing direct, vous avez le droit de vous opposer \u00e0 tout moment au traitement de vos donn\u00e9es personnelles aux fins d&rsquo;une telle publicit\u00e9\u00a0; cela s&rsquo;applique \u00e9galement au profilage dans la mesure o\u00f9 il est associ\u00e9 \u00e0 un tel marketing.<\/span><span style=\"font-weight: 400;\"><br \/>\n<\/span><span style=\"font-weight: 400;\"><br \/>\nSi vous vous opposez au traitement \u00e0 des fins de marketing direct, nous ne traiterons plus vos donn\u00e9es personnelles \u00e0 ces fins.<\/span><\/p>\n<h3>8. Droit de r\u00e9voquer la d\u00e9claration de consentement \u00e0 la protection des donn\u00e9es<\/h3>\n<p>Vous avez le droit de r\u00e9voquer votre d\u00e9claration de protection des donn\u00e9es \u00e0 tout moment. La r\u00e9vocation du consentement n&rsquo;affecte pas la l\u00e9galit\u00e9 du traitement effectu\u00e9 sur la base du consentement jusqu&rsquo;\u00e0 la r\u00e9vocation.<\/p>\n<h3>9. D\u00e9cision automatis\u00e9e au cas par cas, incluant le profilage<\/h3>\n<p><span style=\"font-weight: 400;\">Vous avez le droit de ne pas faire l&rsquo;objet d&rsquo;une d\u00e9cision fond\u00e9e uniquement sur un traitement automatis\u00e9, incluant le profilage, qui aura des effets juridiques ou vous affectera de mani\u00e8re similaire.<\/span><span style=\"font-weight: 400;\"><br \/>\n<\/span><span style=\"font-weight: 400;\"><br \/>\nCela ne s&rsquo;applique pas si la d\u00e9cision<\/span><span style=\"font-weight: 400;\"><br \/>\n<\/span><span style=\"font-weight: 400;\"><br \/>\n(1) est n\u00e9cessaire pour la conclusion ou l&rsquo;ex\u00e9cution d&rsquo;un contrat entre vous et nous,<\/span><span style=\"font-weight: 400;\"><br \/>\n<\/span><span style=\"font-weight: 400;\"><br \/>\n(2) est autoris\u00e9e par la l\u00e9gislation de l&rsquo;Union ou des \u00c9tats membres \u00e0 laquelle le responsable du traitement est soumis, et lorsque cette l\u00e9gislation contient des mesures appropri\u00e9es pour sauvegarder vos droits et libert\u00e9s et vos int\u00e9r\u00eats l\u00e9gitimes, ou<\/span><span style=\"font-weight: 400;\"><br \/>\n<\/span><span style=\"font-weight: 400;\"><br \/>\n(3) avec votre consentement explicite.<\/span><span style=\"font-weight: 400;\"><br \/>\n<\/span><span style=\"font-weight: 400;\"><br \/>\nEn ce qui concerne les cas vis\u00e9s aux points (1) et (3), le responsable prend des mesures raisonnables pour faire respecter les droits et libert\u00e9s et vos int\u00e9r\u00eats l\u00e9gitimes, y compris au moins le droit d&rsquo;intervenir aupr\u00e8s d&rsquo;une personne de notre soci\u00e9t\u00e9 afin d&rsquo;exprimer sa propre position et de la contester entendue de la d\u00e9cision.<\/span><\/p>\n<h3>10. Droit de d\u00e9poser une plainte aupr\u00e8s de l&rsquo;autorit\u00e9 de contr\u00f4le<\/h3>\n<p>Sans pr\u00e9judice \u00e0 tout autre recours administratif ou judiciaire, vous avez le droit de d\u00e9poser une plainte aupr\u00e8s d&rsquo;une autorit\u00e9 de contr\u00f4le, notamment dans l&rsquo;\u00c9tat membre de votre r\u00e9sidence, lieu de travail ou du lieu de l&rsquo;infraction pr\u00e9sum\u00e9e, si vous pensez que le traitement de vos donn\u00e9es personnelles est contraire au RGPD. Les noms et coordonn\u00e9es des autorit\u00e9s de contr\u00f4le comp\u00e9tentes de l&rsquo;Union europ\u00e9enne sont disponibles sous <a href=\"http:\/\/ec.europa.eu\/justice\/data-protection\/article-29\/structure\/data-protection-authorities\/index_en.htm\" target=\"_blank\" rel=\"nofollow noopener noreferrer\">http:\/\/ec.europa.eu\/justice\/data-protection\/article-29\/structure\/data-protection-authorities\/index_en.htm<\/a><\/p>\n<p>L&rsquo;autorit\u00e9 de contr\u00f4le \u00e0 laquelle la plainte a \u00e9t\u00e9 soumise informe le plaignant de l&rsquo;\u00e9tat et des r\u00e9sultats de la plainte, y compris de la possibilit\u00e9 d&rsquo;un recours judiciaire conform\u00e9ment \u00e0 l&rsquo;article 78 du RGPD.<\/p>\n        <\/div>\n    <\/div>\n<\/div>\n\n\n<div class=\"uc-accordion-item\" id=\"uc-accordion-item-12\">\n    <h3 class=\"uc-accordion-item__title no-default-margin\">    <button class=\"uc-accordion-item__button\"\n            id=\"uc-accordion-item-12-button\"\n            aria-expanded=\"false\"\n            aria-controls=\"uc-accordion-item-12-content\">\n        XI. S\u00e9curit\u00e9 et int\u00e9grit\u00e9 des donn\u00e9es    <\/button>\n    <\/h3>    <div class=\"uc-accordion-item__content\"\n         id=\"uc-accordion-item-12-content\"\n         aria-labelledby=\"uc-accordion-item-12-button\">\n        <div class=\"uc-accordion-item__content__inner\">\n            <p><span style=\"font-weight: 400;\">La protection des informations que vous nous donnez ou que nous recevons \u00e0 votre sujet est notre priorit\u00e9. Nous prenons des mesures de s\u00e9curit\u00e9 appropri\u00e9es pour prot\u00e9ger vos informations contre la perte, l&rsquo;utilisation abusive, l&rsquo;acc\u00e8s non autoris\u00e9, l&rsquo;alt\u00e9ration, la divulgation ou la destruction. Usercentrics a pris des mesures pour assurer la confidentialit\u00e9, l&rsquo;int\u00e9grit\u00e9, la disponibilit\u00e9 et la r\u00e9silience continues des syst\u00e8mes et services qui traitent les informations personnelles, et r\u00e9tablira la disponibilit\u00e9 et l&rsquo;acc\u00e8s aux informations en cas d&rsquo;incident physique ou technique en temps opportun.<\/span><\/p>\n        <\/div>\n    <\/div>\n<\/div>\n\n\n<div class=\"uc-accordion-item\" id=\"uc-accordion-item-13\">\n    <h3 class=\"uc-accordion-item__title no-default-margin\">    <button class=\"uc-accordion-item__button\"\n            id=\"uc-accordion-item-13-button\"\n            aria-expanded=\"false\"\n            aria-controls=\"uc-accordion-item-13-content\">\n        XII. Mises \u00e0 jour    <\/button>\n    <\/h3>    <div class=\"uc-accordion-item__content\"\n         id=\"uc-accordion-item-13-content\"\n         aria-labelledby=\"uc-accordion-item-13-button\">\n        <div class=\"uc-accordion-item__content__inner\">\n            <p><span style=\"font-weight: 400;\">Nous nous r\u00e9servons le droit de mettre \u00e0 jour cette politique de confidentialit\u00e9 r\u00e9guli\u00e8rement. Dans le cas o\u00f9 nous apporterions des modifications importantes qui restreignent les droits ou les obligations d&rsquo;Usercentrics en vertu de la pr\u00e9sente politique de confidentialit\u00e9, nous publierons un avis clair dans cette section de la politique de confidentialit\u00e9 qui informe les utilisateurs de la mise \u00e0 jour.<\/span><\/p>\n        <\/div>\n    <\/div>\n<\/div>\n\n\n\n\n\n\n\n<p>Cliquez <a href=\"https:\/\/usercentrics.com\/fr\/politique-de-confidentialite\/\" target=\"_blank\" rel=\"noopener\">ici<\/a> pour consulter la politique de confidentialit\u00e9 valable \u00e0 compter de <span style=\"font-weight: 400;\">ao\u00fbt<\/span> 2023.<\/p>\n\n<\/div>\n<\/div>","protected":false},"excerpt":{"rendered":"","protected":false},"author":6,"featured_media":0,"parent":0,"menu_order":0,"comment_status":"closed","ping_status":"closed","template":"","meta":{"_acf_changed":false,"editor_notices":[],"footnotes":""},"class_list":["post-3739","page","type-page","status-publish","hentry"],"acf":[],"yoast_head":"<title>Politique de confidentialit\u00e9 | Usercentrics<\/title>\n<meta name=\"description\" content=\"Dans la politique de confidentialit\u00e9 d\u02bcUsercentrics, vous trouverez toutes les informations n\u00e9cessaires concernant les donn\u00e9es collect\u00e9es et trait\u00e9es ainsi que les informations sur les technologies utilis\u00e9es sur ce site Internet.\" \/>\n<meta name=\"robots\" content=\"noindex, nofollow\" \/>\n<meta property=\"og:locale\" content=\"fr_FR\" \/>\n<meta property=\"og:type\" content=\"article\" \/>\n<meta property=\"og:title\" content=\"Politique de confidentialit\u00e9 | Usercentrics\" \/>\n<meta property=\"og:description\" content=\"Dans la politique de confidentialit\u00e9 d\u02bcUsercentrics, vous trouverez toutes les informations n\u00e9cessaires concernant les donn\u00e9es collect\u00e9es et trait\u00e9es ainsi que les informations sur les technologies utilis\u00e9es sur ce site Internet.\" \/>\n<meta property=\"og:url\" content=\"https:\/\/usercentrics.com\/fr\/privacy-policy-until-nov-2022\/\" \/>\n<meta property=\"og:site_name\" content=\"Consent Management Platform (CMP) Usercentrics\" \/>\n<meta property=\"article:publisher\" content=\"https:\/\/www.facebook.com\/usercentrics\" \/>\n<meta property=\"article:modified_time\" content=\"2024-09-11T08:07:33+00:00\" \/>\n<meta property=\"og:image\" content=\"https:\/\/usercentrics.com\/fr\/wp-content\/uploads\/sites\/4\/2024\/09\/Asset-93-100.jpg\" \/>\n\t<meta property=\"og:image:width\" content=\"1201\" \/>\n\t<meta property=\"og:image:height\" content=\"631\" \/>\n\t<meta property=\"og:image:type\" content=\"image\/jpeg\" \/>\n<meta name=\"twitter:card\" content=\"summary_large_image\" \/>\n<meta name=\"twitter:title\" content=\"Politique de confidentialit\u00e9 | Usercentrics\" \/>\n<meta name=\"twitter:site\" content=\"@usercentrics\" \/>\n<meta name=\"twitter:label1\" content=\"Est. reading time\" \/>\n\t<meta name=\"twitter:data1\" content=\"26 minutes\" \/>\n<script type=\"application\/ld+json\" class=\"yoast-schema-graph\">{\"@context\":\"https:\\\/\\\/schema.org\",\"@graph\":[{\"@type\":\"WebPage\",\"@id\":\"https:\\\/\\\/usercentrics.com\\\/fr\\\/privacy-policy-until-nov-2022\\\/\",\"url\":\"https:\\\/\\\/usercentrics.com\\\/fr\\\/privacy-policy-until-nov-2022\\\/\",\"name\":\"Politique de confidentialit\u00e9 | Usercentrics\",\"isPartOf\":{\"@id\":\"https:\\\/\\\/usercentrics.com\\\/fr\\\/#website\"},\"datePublished\":\"2022-11-08T15:23:30+00:00\",\"dateModified\":\"2024-09-11T08:07:33+00:00\",\"description\":\"Dans la politique de confidentialit\u00e9 d\u02bcUsercentrics, vous trouverez toutes les informations n\u00e9cessaires concernant les donn\u00e9es collect\u00e9es et trait\u00e9es ainsi que les informations sur les technologies utilis\u00e9es sur ce site Internet.\",\"inLanguage\":\"fr-FR\",\"potentialAction\":[{\"@type\":\"ReadAction\",\"target\":\"https:\\\/\\\/usercentrics.com\\\/fr\\\/privacy-policy-until-nov-2022\\\/\"}]},{\"@type\":\"WebSite\",\"@id\":\"https:\\\/\\\/usercentrics.com\\\/fr\\\/#website\",\"url\":\"https:\\\/\\\/usercentrics.com\\\/fr\\\/\",\"name\":\"Consent Management Platform (CMP) Usercentrics\",\"description\":\"Consent Management Platform (CMP) Usercentrics\",\"potentialAction\":[{\"@type\":\"SearchAction\",\"target\":{\"@type\":\"EntryPoint\",\"urlTemplate\":\"https:\\\/\\\/usercentrics.com\\\/fr\\\/?s={search_term_string}\"}}],\"inLanguage\":\"fr-FR\"}]}<\/script>","yoast_head_json":{"title":"Politique de confidentialit\u00e9 | Usercentrics","description":"Dans la politique de confidentialit\u00e9 d\u02bcUsercentrics, vous trouverez toutes les informations n\u00e9cessaires concernant les donn\u00e9es collect\u00e9es et trait\u00e9es ainsi que les informations sur les technologies utilis\u00e9es sur ce site Internet.","robots":{"index":"noindex","follow":"nofollow"},"og_locale":"fr_FR","og_type":"article","og_title":"Politique de confidentialit\u00e9 | Usercentrics","og_description":"Dans la politique de confidentialit\u00e9 d\u02bcUsercentrics, vous trouverez toutes les informations n\u00e9cessaires concernant les donn\u00e9es collect\u00e9es et trait\u00e9es ainsi que les informations sur les technologies utilis\u00e9es sur ce site Internet.","og_url":"https:\/\/usercentrics.com\/fr\/privacy-policy-until-nov-2022\/","og_site_name":"Consent Management Platform (CMP) Usercentrics","article_publisher":"https:\/\/www.facebook.com\/usercentrics","article_modified_time":"2024-09-11T08:07:33+00:00","og_image":[{"width":1201,"height":631,"url":"https:\/\/usercentrics.com\/fr\/wp-content\/uploads\/sites\/4\/2024\/09\/Asset-93-100.jpg","type":"image\/jpeg"}],"twitter_card":"summary_large_image","twitter_title":"Politique de confidentialit\u00e9 | Usercentrics","twitter_site":"@usercentrics","twitter_misc":{"Est. reading time":"26 minutes"},"schema":{"@context":"https:\/\/schema.org","@graph":[{"@type":"WebPage","@id":"https:\/\/usercentrics.com\/fr\/privacy-policy-until-nov-2022\/","url":"https:\/\/usercentrics.com\/fr\/privacy-policy-until-nov-2022\/","name":"Politique de confidentialit\u00e9 | Usercentrics","isPartOf":{"@id":"https:\/\/usercentrics.com\/fr\/#website"},"datePublished":"2022-11-08T15:23:30+00:00","dateModified":"2024-09-11T08:07:33+00:00","description":"Dans la politique de confidentialit\u00e9 d\u02bcUsercentrics, vous trouverez toutes les informations n\u00e9cessaires concernant les donn\u00e9es collect\u00e9es et trait\u00e9es ainsi que les informations sur les technologies utilis\u00e9es sur ce site Internet.","inLanguage":"fr-FR","potentialAction":[{"@type":"ReadAction","target":"https:\/\/usercentrics.com\/fr\/privacy-policy-until-nov-2022\/"}]},{"@type":"WebSite","@id":"https:\/\/usercentrics.com\/fr\/#website","url":"https:\/\/usercentrics.com\/fr\/","name":"Consent Management Platform (CMP) Usercentrics","description":"Consent Management Platform (CMP) Usercentrics","potentialAction":[{"@type":"SearchAction","target":{"@type":"EntryPoint","urlTemplate":"https:\/\/usercentrics.com\/fr\/?s={search_term_string}"}}],"inLanguage":"fr-FR"}]}},"_links":{"self":[{"href":"https:\/\/usercentrics.com\/fr\/wp-json\/wp\/v2\/pages\/3739","targetHints":{"allow":["GET"]}}],"collection":[{"href":"https:\/\/usercentrics.com\/fr\/wp-json\/wp\/v2\/pages"}],"about":[{"href":"https:\/\/usercentrics.com\/fr\/wp-json\/wp\/v2\/types\/page"}],"author":[{"embeddable":true,"href":"https:\/\/usercentrics.com\/fr\/wp-json\/wp\/v2\/users\/6"}],"replies":[{"embeddable":true,"href":"https:\/\/usercentrics.com\/fr\/wp-json\/wp\/v2\/comments?post=3739"}],"version-history":[{"count":0,"href":"https:\/\/usercentrics.com\/fr\/wp-json\/wp\/v2\/pages\/3739\/revisions"}],"wp:attachment":[{"href":"https:\/\/usercentrics.com\/fr\/wp-json\/wp\/v2\/media?parent=3739"}],"curies":[{"name":"wp","href":"https:\/\/api.w.org\/{rel}","templated":true}]}}