{"id":3767,"date":"2022-12-06T15:21:27","date_gmt":"2022-12-06T14:21:27","guid":{"rendered":"https:\/\/stage.usercentrics.com\/pt\/?page_id=13277"},"modified":"2025-11-17T07:22:13","modified_gmt":"2025-11-17T06:22:13","slug":"declaracao-protecao-de-dados-ate-nov-2022","status":"publish","type":"page","link":"https:\/\/usercentrics.com\/pt\/declaracao-protecao-de-dados-ate-nov-2022\/","title":{"rendered":"Privacy Policy valid until November"},"content":{"rendered":"<div class=\"uc-flex-row\" style=\"--padding-top: 0px; --padding-bottom: var(--wp--preset--spacing--5-xl);\"><div class=\"uc-flex-column\" style=\"--column-size: var(--column-size-12);--i:1;\">\n    \n\n  window.UC_UI_SUPPRESS_CMP_DISPLAY = true;\n\n\n\n\n\n\n\n\n<h1 class=\"wp-block-heading\">Declara\u00e7\u00e3o de prote\u00e7\u00e3o de dados v\u00e1lida at\u00e9 novembro de 2022<\/h1>\n\n\n\n\n\n\n\n\n<p>\u00daltima atualiza\u00e7\u00e3o: <\/p>\n\n\n\n\n\n\n  <div class=\"uc-accordion-item\" id=\"uc-accordion-item-1\">\n    <h3 class=\"uc-accordion-item__title no-default-margin\">    <button class=\"uc-accordion-item__button\"\n            id=\"uc-accordion-item-1-button\"\n            aria-expanded=\"false\"\n            aria-controls=\"uc-accordion-item-1-content\">\n        DEFINI\u00c7\u00c3O    <\/button>\n    <\/h3>    <div class=\"uc-accordion-item__content\"\n         id=\"uc-accordion-item-1-content\"\n         aria-labelledby=\"uc-accordion-item-1-button\">\n        <div class=\"uc-accordion-item__content__inner\">\n            <p><span style=\"font-weight: 400\">Nossa declara\u00e7\u00e3o de prote\u00e7\u00e3o de dados baseia-se nos termos que s\u00e3o utilizados pelo legislador europeu no \u00e2mbito do Regulamento Geral de Prote\u00e7\u00e3o de Dados (RGPD).\u00a0<\/span><\/p>\n<p><span style=\"font-weight: 400\">Nossa declara\u00e7\u00e3o de prote\u00e7\u00e3o de dados deve ser leg\u00edvel e compreens\u00edvel tanto para o p\u00fablico em geral, quanto para nossos clientes e parceiros comerciais. Para garantir isto, queremos inicialmente explicar alguns dos termos utilizados.\u00a0 <\/span><\/p>\n<h3>1. <strong>Dados Pessoais<\/strong><\/h3>\n<p><span style=\"font-weight: 400\">Dados Pessoais s\u00e3o todas as informa\u00e7\u00f5es sobre uma pessoa f\u00edsica determinada ou identific\u00e1vel (\u201cAtingidos). Uma pessoa f\u00edsica identific\u00e1vel \u00e9 uma pessoa que pode ser identificada direta ou indiretamente, em especial por refer\u00eancia a um identificador como um nome, um n\u00famero de identifica\u00e7\u00e3o, dados de local, uma sinaliza\u00e7\u00e3o online ou com base em uma ou mais caracter\u00edsticas espec\u00edficas da identidade f\u00edsica, psicol\u00f3gica, gen\u00e9tica, mental, econ\u00f4mica, cultural ou social desta pessoa f\u00edsica. <\/span><\/p>\n<h3>2. Pessoa afectada<\/h3>\n<p><span style=\"font-weight: 400\">Atingido Atingida \u00e9 toda aquela pessoa f\u00edsica identificada ou identific\u00e1vel cujos dados foram processados pelo respons\u00e1vel pelo processamento. <\/span><\/p>\n<h3>3.<strong> Prepara\u00e7\u00e3o<\/strong><\/h3>\n<p><span style=\"font-weight: 400\">Prepara\u00e7\u00e3o \u00e9 todo procedimento ou toda totalidade de procedimentos que s\u00e3o realizados com os dados pessoais, independentemente do fato destes serem coletados, registrados, organizados, estruturados, armazenados, adaptados ou alterados, acessados, consultados, utilizados, tornados acess\u00edveis por transmiss\u00e3o, distribui\u00e7\u00e3o ou outra forma, direcionados ou combinados, restritos, deletados ou eliminados automaticamente.<\/span><\/p>\n<h3>4. Profiling<\/h3>\n<p><span style=\"font-weight: 400\">Entende-se por Profiling toda forma de processamento automatizado de dados pessoais que consiste na utiliza\u00e7\u00e3o dos dados pessoais para avalia\u00e7\u00e3o de determinados aspectos de uma pessoa f\u00edsica, em especial para an\u00e1lise da previs\u00e3o de aspectos do rendimento de trabalho, situa\u00e7\u00e3o econ\u00f4mica, sa\u00fade, prefer\u00eancias pessoais, interesses, confiabilidade, comportamento, localiza\u00e7\u00e3o ou movimenta\u00e7\u00e3o desta pessoa f\u00edsica.<\/span><\/p>\n<h3>5.<strong> Pseudonimiza\u00e7\u00e3o<\/strong><\/h3>\n<p><span style=\"font-weight: 400\">Pseudonimiza\u00e7\u00e3o \u00e9 o processamento de dados pessoais de forma que os dados pessoais n\u00e3o possam ser mais atribu\u00eddos a uma pessoa determinada sem a utiliza\u00e7\u00e3o de informa\u00e7\u00f5es adicionais, desde que estas informa\u00e7\u00f5es adicionais sejam armazenadas em separado e estejam sujeitas a medidas t\u00e9cnicas e organizacionais para garantir que os dados pessoais n\u00e3o sejam atribu\u00eddos a uma pessoa determinada ou pass\u00edvel de ser determinada.<\/span><\/p>\n<h3>6. <strong>Respons\u00e1vel (em ingl\u00eas, Controller) <\/strong><\/h3>\n<p><span style=\"font-weight: 400\">O respons\u00e1vel pelo processamento \u00e9 a pessoa f\u00edsica ou jur\u00eddica, autoridade, ag\u00eancia ou outro organismo que, por si ou em conjunto com outrem, determina as finalidades e meios de processamento de dados pessoais; se as finalidades e meios deste processamento forem determinados pela lei da Uni\u00e3o ou dos Estados-Membros, o respons\u00e1vel pelo processamento ou os crit\u00e9rios espec\u00edficos para sua nomea\u00e7\u00e3o podem ser determinados pela lei da Uni\u00e3o ou dos Estados-Membros.\u00a0 <\/span><\/p>\n<h3><strong>7. Processador do pedido (em ingl\u00eas, Processor) <\/strong><\/h3>\n<p><span style=\"font-weight: 400\">O processador do pedido \u00e9 uma pessoa f\u00edsica ou jur\u00eddica, autoridade ou outro organismo que processe dados pessoais a pedido do respons\u00e1vel ou controller.<\/span><\/p>\n<h3><strong>8. Destinat\u00e1rios (em ingl\u00eas, Recipients)<\/strong><\/h3>\n<p><span style=\"font-weight: 400\">O destinat\u00e1rio \u00e9 uma pessoa f\u00edsica ou jur\u00eddica, autoridade, ag\u00eancia ou outro organismo para o qual os dados pessoais s\u00e3o encaminhados, independentemente do fato de tratar-se de terceiros ou n\u00e3o. Autoridades que podem receber os dados pessoais no \u00e2mbito de an\u00e1lise especial em conformidade com a lei da Uni\u00e3o ou do Estado-Membro, entretanto, n\u00e3o s\u00e3o consideradas Destinat\u00e1rias; o processamento destes dados por estas autoridades ocorre em harmonia com os di<\/span><span style=\"font-weight: 400\">spositivos vigentes de prote\u00e7\u00e3o de dados correspondentes \u00e0s finalidades do processamento.\u00a0\u00a0<\/span><\/p>\n<h3><strong>9. Terceiros<\/strong><\/h3>\n<p><span style=\"font-weight: 400\">Terceiros s\u00e3o pessoas f\u00edsicas ou jur\u00eddicas, autoridades, ag\u00eancias ou institui\u00e7\u00f5es, com exce\u00e7\u00e3o da pessoa afetada, do respons\u00e1vel, do processador do pedido e das pessoas autorizadas sob supervis\u00e3o direta do respons\u00e1vel ou do processador do pedido para o processamento dos dados pessoais.<\/span><\/p>\n<h3>10. Consentimento (em ingl\u00eas, Consent)<\/h3>\n<p><span style=\"font-weight: 400\">O consentimento da pessoa afetada \u00e9 toda representa\u00e7\u00e3o dada livremente, espec\u00edfica, informada ou evidente da vontade da pessoa afetada, pela qual ela presta uma declara\u00e7\u00e3o ou pela anu\u00eancia inequ\u00edvoca de seu consentimento com o processamento dos dados pessoais que a afetam.<\/span><\/p>\n        <\/div>\n    <\/div>\n<\/div>\n\n\n<div class=\"uc-accordion-item\" id=\"uc-accordion-item-2\">\n    <h3 class=\"uc-accordion-item__title no-default-margin\">    <button class=\"uc-accordion-item__button\"\n            id=\"uc-accordion-item-2-button\"\n            aria-expanded=\"false\"\n            aria-controls=\"uc-accordion-item-2-content\">\n        I. NOME DO RESPONS\u00c1VEL     <\/button>\n    <\/h3>    <div class=\"uc-accordion-item__content\"\n         id=\"uc-accordion-item-2-content\"\n         aria-labelledby=\"uc-accordion-item-2-button\">\n        <div class=\"uc-accordion-item__content__inner\">\n            <p><span style=\"font-weight: 400\">A respons\u00e1vel conforme o RGPD e outras leis de prote\u00e7\u00e3o de dados dos estados-membros, bem como outros dispositivos legais de prote\u00e7\u00e3o de dados \u00e9 a\u00a0 <\/span><\/p>\n<p><span style=\"font-weight: 400\">Usercentrics GmbH <\/span><\/p>\n<p><span style=\"font-weight: 400\">Sendlinger Stra\u00dfe 7 <\/span><\/p>\n<p><span style=\"font-weight: 400\">80331 Munique Alemanha\u00a0 <\/span><\/p>\n<p><span style=\"font-weight: 400\">e-mail: <a href=\"mailto:datenschutz@usercentrics.com\">datenschutz@usercentrics.com<\/a> | site: <\/span><a href=\"https:\/\/usercentrics.com\/\"><span style=\"font-weight: 400\">www.usercentrics.com<\/span><\/a><\/p>\n        <\/div>\n    <\/div>\n<\/div>\n\n\n<div class=\"uc-accordion-item\" id=\"uc-accordion-item-3\">\n    <h3 class=\"uc-accordion-item__title no-default-margin\">    <button class=\"uc-accordion-item__button\"\n            id=\"uc-accordion-item-3-button\"\n            aria-expanded=\"false\"\n            aria-controls=\"uc-accordion-item-3-content\">\n        II. RESPONS\u00c1VEL PELA PROTE\u00c7\u00c3O DE DADOS     <\/button>\n    <\/h3>    <div class=\"uc-accordion-item__content\"\n         id=\"uc-accordion-item-3-content\"\n         aria-labelledby=\"uc-accordion-item-3-button\">\n        <div class=\"uc-accordion-item__content__inner\">\n            <p><span style=\"font-weight: 400\">Nosso respons\u00e1vel pela prote\u00e7\u00e3o de dados pode ser contatado conforme segue:<\/span><\/p>\n<p><strong>SECUWING GmbH &amp; Co. KG<\/strong><br \/>\nMaximilian Hartung<\/p>\n<p>Frauentorstr. 9<br \/>\n86152 <span style=\"font-weight: 400\">Augsburg<\/span><br \/>\n<span style=\"font-weight: 400\">Alemanha<\/span><\/p>\n<p>E-mail: <a class=\"ProsemirrorEditor-link\" href=\"mailto:epost@datenschutz-agentur.de\">epost@datenschutz-agentur.de<\/a>\u00a0| Telefone: +49 821 90786450 | Fax: +49 821 90786459<\/p>\n        <\/div>\n    <\/div>\n<\/div>\n\n\n<div class=\"uc-accordion-item\" id=\"uc-accordion-item-4\">\n    <h3 class=\"uc-accordion-item__title no-default-margin\">    <button class=\"uc-accordion-item__button\"\n            id=\"uc-accordion-item-4-button\"\n            aria-expanded=\"false\"\n            aria-controls=\"uc-accordion-item-4-content\">\n        III. INFORMA\u00c7\u00d5ES GERAIS SOBRE A COLETA E PROCESSAMENTO DE SEUS DADOS     <\/button>\n    <\/h3>    <div class=\"uc-accordion-item__content\"\n         id=\"uc-accordion-item-4-content\"\n         aria-labelledby=\"uc-accordion-item-4-button\">\n        <div class=\"uc-accordion-item__content__inner\">\n            <h3>1. Escopo do Processamento<\/h3>\n<p><span style=\"font-weight: 400\">Escopo do Processamento Em princ\u00edpio, somente coletamos e utilizamos dados pessoais de nossos visitantes e usu\u00e1rios na medida em que isto \u00e9 necess\u00e1rio para a disponibiliza\u00e7\u00e3o de um site funcional bem como de nossos conte\u00fados e servi\u00e7os. O processamento de dados pessoais de nossos usu\u00e1rios ocorre regularmente apenas ap\u00f3s consentimento do usu\u00e1rio. Uma exce\u00e7\u00e3o vale para os casos em que uma coleta pr\u00e9via de consentimento n\u00e3o \u00e9 poss\u00edvel por motivos f\u00e1ticos e o processamento dos dados seja autorizado por dispositivos legais.\u00a0\u00a0<\/span><\/p>\n<h3>2. Legal basis<\/h3>\n<p><span style=\"font-weight: 400\">Fundamenta\u00e7\u00e3o Legal Na medida em que obtemos autoriza\u00e7\u00e3o da pessoa afetada para dados pessoais para o processamento, o art. 6 al\u00ednea 1 letra a do RGPD vale como fundamenta\u00e7\u00e3o legal.<\/span><\/p>\n<p><span style=\"font-weight: 400\">No processamento de dados pessoais necess\u00e1rios para a execu\u00e7\u00e3o de contrato em que a pessoa afetada \u00e9 parte, o art. 6 al\u00ednea 1 letra b do RGPD vale como fundamenta\u00e7\u00e3o legal. Isto tamb\u00e9m se aplica para processamentos necess\u00e1rios para a realiza\u00e7\u00e3o de medidas preliminares.\u00a0 <\/span><\/p>\n<p><span style=\"font-weight: 400\">Na medida em que um processamento de dados pessoais \u00e9 necess\u00e1rio para o cumprimento de obriga\u00e7\u00e3o legal a que nossa empresa est\u00e1 sujeita, o art. 6 al\u00ednea 1 letra c do RGPD vale como fundamenta\u00e7\u00e3o legal.\u00a0 <\/span><\/p>\n<p><span style=\"font-weight: 400\">Para o caso do processamento de dados pessoais ser tornado necess\u00e1rio por conta de interesses vitais da pessoa afetada ou de outra pessoa f\u00edsica, a fundamenta\u00e7\u00e3o legal ser\u00e1 o art. 6 al\u00ednea 1 letra d do RGPD.\u00a0 <\/span><\/p>\n<p><span style=\"font-weight: 400\">Se o processamento for necess\u00e1rio para salvaguarda de interesse justificado de nossa empresa ou de terceiro e se os interesses, direitos e liberdades fundamentais da pessoa afetada n\u00e3o predominarem sobre aquele interesse, o art. 6 al\u00ednea 1 letra f do RGPD vale como fundamenta\u00e7\u00e3o legal para o processamento. <\/span><\/p>\n<h3>3. Armazenamento e elimina\u00e7\u00e3o dos seus dados<\/h3>\n<p><span style=\"font-weight: 400\">O armazenamento e dele\u00e7\u00e3o de seus dados N\u00f3s apagamos ou bloqueamos dados pessoais da pessoa afetada assim que a finalidade do armazenamento tiver sido alcan\u00e7ada. Pode ocorrer armazenamento posterior caso isto esteja previsto na legisla\u00e7\u00e3o europeia ou nacional em decretos, leis e outros dispositivos legais da uni\u00e3o a que nossa empresa est\u00e1 sujeita. Tamb\u00e9m ocorrer\u00e1 bloqueio ou dele\u00e7\u00e3o dos dados caso o prazo de armazenamento prescrito pelas normas mencionadas decorra, salvo caso exista necessidade de armazenamento posterior dos dados para celebra\u00e7\u00e3o de contrato ou execu\u00e7\u00e3o de contrato.\u00a0 <\/span><\/p>\n<h3 data-renderer-start-pos=\"1000\"><strong data-renderer-mark=\"true\">4. Please note<\/strong><\/h3>\n<p data-renderer-start-pos=\"1651\"><span style=\"font-weight: 400\">Orienta\u00e7\u00e3o Para a utiliza\u00e7\u00e3o deste site e a utiliza\u00e7\u00e3o da Plataforma de Gest\u00e3o de Consentimento incorporada, seus dados de consentimento ser\u00e3o processados. N\u00f3s utilizamos a Plataforma Google Cloud da Google Ireland Limited. As localiza\u00e7\u00f5es dos servidores se encontram em Frankfurt e na B\u00e9lgica. <\/span><\/p>\n<p data-renderer-start-pos=\"1651\"><span style=\"font-weight: 400\">Com base na senten\u00e7a de 16 de julho de 2020 (Causa C311\/18), a transmiss\u00e3o de dados pessoais para os EUA com base no Privacy Shield foi declarada inv\u00e1lida. Gostar\u00edamos de informa-lo que n\u00e3o est\u00e1 exclu\u00edda a possibilidade dos dados serem transmitidos aos EUA e estarem expostos a um acesso das autoridades de seguran\u00e7a conforme 50 U. S. C. \u00a71881(b)(4), 50 U.S.C. \u00a7 1881a (= FISA 702). <\/span><\/p>\n<p data-renderer-start-pos=\"1651\"><span style=\"font-weight: 400\">Isto vale tanto para a utiliza\u00e7\u00e3o do site Usercentrics, quanto para todos os sites que tenham incorporada a Plataforma de Gest\u00e3o de Consentimento Usercentrics.<\/span><\/p>\n        <\/div>\n    <\/div>\n<\/div>\n\n\n<div class=\"uc-accordion-item\" id=\"uc-accordion-item-5\">\n    <h3 class=\"uc-accordion-item__title no-default-margin\">    <button class=\"uc-accordion-item__button\"\n            id=\"uc-accordion-item-5-button\"\n            aria-expanded=\"false\"\n            aria-controls=\"uc-accordion-item-5-content\">\n        IV. DISPONIBILIZA\u00c7\u00c3O DO SITE E ELABORA\u00c7\u00c3O DE ARQUIVO DE REGISTRO     <\/button>\n    <\/h3>    <div class=\"uc-accordion-item__content\"\n         id=\"uc-accordion-item-5-content\"\n         aria-labelledby=\"uc-accordion-item-5-button\">\n        <div class=\"uc-accordion-item__content__inner\">\n            <h3><strong>1. Escopo do Processamento <\/strong><\/h3>\n<p>Em cada acesso a nossa p\u00e1gina da internet, nosso sistema coleta automaticamente dados e informa\u00e7\u00f5es do sistema do computador acessante. Estes s\u00e3o, por exemplo:<\/p>\n<p>&#8211; informa\u00e7\u00f5es como informa\u00e7\u00f5es sobre o tipo e vers\u00e3o de seu navegador da internet,<br \/>\n&#8211; o sistema operacional de seu computador ou smartphone,<br \/>\n&#8211; seu provedor de servi\u00e7os de internet,<br \/>\n&#8211; seu endere\u00e7o de IP,<br \/>\n&#8211; data e hora do seu acesso,<br \/>\n&#8211; p\u00e1ginas da internet a partir das quais voc\u00ea foi direcionado a n\u00f3s,<br \/>\n&#8211; p\u00e1ginas da internet que voc\u00ea visita a partir de nossa p\u00e1gina.<br \/>\n&#8211; A fundamenta\u00e7\u00e3o legal para o armazenamento tempor\u00e1rio dos dados \u00e9 o art. 6 al\u00ednea 1 letra f do RGPD.<\/p>\n<p>Coletamos tais informa\u00e7\u00f5es t\u00e9cnicas nos chamados \u201clog files\u201d (arquivos de registro), para que nossa p\u00e1gina da internet lhe seja mostrada corretamente e n\u00f3s, em caso de eventuais problemas, possamos detectar as causas, para a otimiza\u00e7\u00e3o t\u00e9cnica de nossas p\u00e1ginas na internet e para fins de seguran\u00e7a de nossos sistemas de computadores e redes. Nestes fins, nosso interesse justificado tamb\u00e9m est\u00e1 no processamento de dados em conformidade com o art. 6 al\u00ednea 1 letra f da DSVGO.<\/p>\n<p>Os dados ser\u00e3o deletados assim que n\u00e3o sejam mais necess\u00e1rios para a obten\u00e7\u00e3o dos fins de sua coleta. Normalmente, estas informa\u00e7\u00f5es t\u00e9cnicas s\u00e3o deletadas ou tornadas irreconhec\u00edveis ap\u00f3s, no m\u00e1ximo, sete dias.<\/p>\n<p>A coleta de dados para a disponibiliza\u00e7\u00e3o do site e o armazenamento dos dados em arquivos de registro s\u00e3o absolutamente necess\u00e1rios para a opera\u00e7\u00e3o da p\u00e1gina da internet. Por consequ\u00eancia, n\u00e3o h\u00e1, por parte do usu\u00e1rio, possibilidade de revoga\u00e7\u00e3o.<br \/>\nPor consequ\u00eancia, n\u00e3o h\u00e1, por parte do usu\u00e1rio, revoga\u00e7\u00e3o.<\/p>\n        <\/div>\n    <\/div>\n<\/div>\n\n\n<div class=\"uc-accordion-item\" id=\"uc-accordion-item-6\">\n    <h3 class=\"uc-accordion-item__title no-default-margin\">    <button class=\"uc-accordion-item__button\"\n            id=\"uc-accordion-item-6-button\"\n            aria-expanded=\"false\"\n            aria-controls=\"uc-accordion-item-6-content\">\n        V. CONSULTAS DE CONTATO SOBRE INFORMA\u00c7\u00d5ES DE PRODUTOS, UMA DEMONSTRA\u00c7\u00c3O OU OUTROS DESEJOS     <\/button>\n    <\/h3>    <div class=\"uc-accordion-item__content\"\n         id=\"uc-accordion-item-6-content\"\n         aria-labelledby=\"uc-accordion-item-6-button\">\n        <div class=\"uc-accordion-item__content__inner\">\n            <h3>1. Descri\u00e7\u00e3o e escopo do processamento de dados<\/h3>\n<p><span style=\"font-weight: 400\">Em nosso site, voc\u00ea pode entrar em contato conosco por meio de diversas possibilidades: entre outros, formul\u00e1rio de contato, pedir demonstra\u00e7\u00e3o, or\u00e7amento, informa\u00e7\u00f5es de produtos, guias. <\/span><\/p>\n<p><span style=\"font-weight: 400\">Fazendo uso desta possibilidade, os dados inseridos na m\u00e1scara de entrada s\u00e3o transmitidos a n\u00f3s e armazenados. Al\u00e9m dos dados espec\u00edficos da m\u00e1scara de entrada, o endere\u00e7o de IP e a data e a hora da consulta s\u00e3o coletados e armazenados. Para o processamento dos dados, voc\u00ea d\u00e1 seu consentimento no quadro pelo procedimento de envio.\u00a0 Como alternativa, \u00e9 poss\u00edvel o contato por e-mail. Neste caso, os dados pessoais do usu\u00e1rio enviados por e-mail ser\u00e3o armazenados.\u00a0 Neste contexto, n\u00e3o ocorre transmiss\u00e3o dos dados a terceiros, a n\u00e3o ser quando isto for necess\u00e1rio para o processamento do pedido (por exemplo, ferramenta de agendamento de demonstra\u00e7\u00e3o). <\/span><\/p>\n<p><span style=\"font-weight: 400\">Em todos os casos, os dados ser\u00e3o utilizados exclusivamente para o processamento da conversa.\u00a0 <\/span><\/p>\n<h3><strong>2. Fundamento legal para o processamento <\/strong><\/h3>\n<p><span style=\"font-weight: 400\">O fundamento legal para o processamento dos dados \u00e9, com consentimento do usu\u00e1rio, o art. 6 al\u00ednea 1 letra a do RGPD.<\/span><\/p>\n<p><span style=\"font-weight: 400\">O fundamento legal para o processamento de dados transmitidos no curso de um envio por e-mail \u00e9 o art. 6 al\u00ednea 1 letra f do RGPD. Se o contato de e-mail objetivar a celebra\u00e7\u00e3o de um contrato, o fundamento legal adicional para o processamento \u00e9 o art. 6 al\u00ednea 1 letra b do RGPD.\u00a0 <\/span><\/p>\n<h3><strong>3. Finalidade do processamento de dados <\/strong><\/h3>\n<p><span style=\"font-weight: 400\">O processamento dos dados pessoais da m\u00e1scara de entrada destina-se unicamente para o processamento de sua consulta. Em caso de contato por e-mail, tamb\u00e9m h\u00e1 o interesse justificado necess\u00e1rio no processamento dos dados.<\/span><\/p>\n<p><span style=\"font-weight: 400\">Os outros dados pessoais processados durante o procedimento de envio destinam-se a evitar mau uso do formul\u00e1rio de contato e garantir a seguran\u00e7a de nossos sistemas de tecnologia da informa\u00e7\u00e3o.<\/span><\/p>\n<h3><strong>4. Dura\u00e7\u00e3o do armazenamento <\/strong><\/h3>\n<p><span style=\"font-weight: 400\">Caso tenha agendado uma demonstra\u00e7\u00e3o, pedido informa\u00e7\u00f5es de produtos ou um or\u00e7amento, n\u00f3s nos reservamos o direito de armazenar os dados por dois anos para medir o rentabilidade de nossas vendas e de nosso marketing. De resto, deletamos os dados assim que n\u00e3o sejam mais necess\u00e1rios para a obten\u00e7\u00e3o dos fins de sua coleta. Para os dados pessoais da m\u00e1scara de inser\u00e7\u00e3o e aqueles que foram enviados por e-mail, este ser\u00e1 o caso quando a respectiva conversa com o usu\u00e1rio for conclu\u00edda. A conversa estar\u00e1 conclu\u00edda quando for poss\u00edvel inferir das circunst\u00e2ncias que a situa\u00e7\u00e3o afetada foi solucionada de forma conclusiva.\u00a0 <\/span><\/p>\n<p><span style=\"font-weight: 400\">Os dados pessoais adicionalmente coletados durante o procedimento de envio ser\u00e3o deletados no m\u00e1ximo ap\u00f3s um prazo de sete dias.<\/span><\/p>\n<h3>5. <strong>Possibilidade de revoga\u00e7\u00e3o e elimina\u00e7\u00e3o <\/strong><\/h3>\n<p><span style=\"font-weight: 400\">O usu\u00e1rio tem a possibilidade, a qualquer momento, de revogar seu consentimento ao processamento dos dados pessoais. Caso o usu\u00e1rio entre em contato conosco por e-mail, ele poder\u00e1 revogar o armazenamento de seus dados pessoais a qualquer momento. Neste caso, a conversa n\u00e3o poder\u00e1 ser continuada.\u00a0 <\/span><\/p>\n<p><span style=\"font-weight: 400\">Todos os dados pessoais armazenados no curso de um contato s\u00e3o deletados neste caso.<\/span><\/p>\n        <\/div>\n    <\/div>\n<\/div>\n\n\n<div class=\"uc-accordion-item\" id=\"uc-accordion-item-7\">\n    <h3 class=\"uc-accordion-item__title no-default-margin\">    <button class=\"uc-accordion-item__button\"\n            id=\"uc-accordion-item-7-button\"\n            aria-expanded=\"false\"\n            aria-controls=\"uc-accordion-item-7-content\">\n        VI. VOC\u00ca SE TORNA CLIENTE OU PARCEIRO DA USERCENTRICS     <\/button>\n    <\/h3>    <div class=\"uc-accordion-item__content\"\n         id=\"uc-accordion-item-7-content\"\n         aria-labelledby=\"uc-accordion-item-7-button\">\n        <div class=\"uc-accordion-item__content__inner\">\n            <h3><strong>1. Descri\u00e7\u00e3o e escopo do processamento de dados<\/strong><\/h3>\n<p><span style=\"font-weight: 400\">Oferecemos a possibilidade de voc\u00ea tornar-se cliente ou parceiro mediante entrega de dados pessoais. Os dados s\u00e3o coletados e armazenados no processo de contrato. N\u00e3o ocorre encaminhamento dos dados a terceiros.\u00a0<\/span><\/p>\n<p><span style=\"font-weight: 400\">Os dados a seguir s\u00e3o coletados no \u00e2mbito do processo de registro:\u00a0\u00a0<\/span><\/p>\n<p><span style=\"font-weight: 400\">&#8211; Seu endere\u00e7o de e-mail<\/span><\/p>\n<p><span style=\"font-weight: 400\">&#8211; prenome e sobrenome<\/span><\/p>\n<p><span style=\"font-weight: 400\">&#8211; se for o caso<\/span><\/p>\n<p><span style=\"font-weight: 400\">&#8211; v\u00ednculo a empresa<\/span><\/p>\n<p><span style=\"font-weight: 400\">&#8211; informa\u00e7\u00f5es de pagamento (se for o caso, da empresa)<\/span><\/p>\n<p><span style=\"font-weight: 400\">&#8211; outros dados que lhe pedimos e<\/span><\/p>\n<p><span style=\"font-weight: 400\">&#8211; se for o caso<\/span><\/p>\n<p><span style=\"font-weight: 400\">&#8211; dados que obtemos no \u00e2mbito do relacionamento comercial.<\/span><\/p>\n<h3>2.<strong> Fundamento legal para o processamento <\/strong><\/h3>\n<p><span style=\"font-weight: 400\">O fundamento legal para o processamento dos dados \u00e9, com consentimento do usu\u00e1rio, o art. 6 al\u00ednea 1 letra a do RGPD, bem como art. 6 al\u00ednea 1 letra b do RGPD, pois o registro \u00e9 necess\u00e1rio para o cumprimento de um contrato ou a realiza\u00e7\u00e3o de medidas pr\u00e9-contratuais.<\/span><\/p>\n<h3>3. <strong>Finalidade do processamento de dados <\/strong><\/h3>\n<p><span style=\"font-weight: 400\">Um registro \u00e9 necess\u00e1rio para o cumprimento do contrato do cliente ou parceiro ou para a realiza\u00e7\u00e3o de medidas pr\u00e9-contratuais.<\/span><\/p>\n<h3>4. <strong>Dura\u00e7\u00e3o do armazenamento <\/strong><\/h3>\n<p><span style=\"font-weight: 400\">Os dados ser\u00e3o deletados assim que n\u00e3o sejam mais necess\u00e1rios para a obten\u00e7\u00e3o dos fins de sua coleta. Este ser\u00e1 o caso durante o procedimento de registro para cumprimento de contrato ou realiza\u00e7\u00e3o de medidas pr\u00e9-contratuais quando os dados n\u00e3o s\u00e3o mais necess\u00e1rios para o cumprimento do contrato. Mesmo ap\u00f3s celebra\u00e7\u00e3o do contrato, pode existir necessidade de armazenamento dos dados pessoais do parceiro contratual, para cumprir obriga\u00e7\u00f5es contratuais ou legais. Em especial, nossa empresa observa, neste contexto, as obriga\u00e7\u00f5es de guarda do \u00a7 257 do C\u00f3digo Comercial (HGB).\u00a0 <\/span><\/p>\n<h3>5. <strong>Possibilidade de revoga\u00e7\u00e3o e elimina\u00e7\u00e3o <\/strong><\/h3>\n<p><span style=\"font-weight: 400\">Como usu\u00e1rio, voc\u00ea tem a possibilidade, a qualquer momento, de remover a sua conta. Os seus dados armazenados podem ser alterados por voc\u00ea a qualquer momento. Se os dados forem necess\u00e1rios para o cumprimento de um contrato ou a realiza\u00e7\u00e3o de medidas pr\u00e9-contratuais, uma dele\u00e7\u00e3o precoce dos dados somente \u00e9 poss\u00edvel na medida que n\u00e3o haja obriga\u00e7\u00f5es contratuais ou legais que obstem uma dele\u00e7\u00e3o.<\/span><\/p>\n        <\/div>\n    <\/div>\n<\/div>\n\n\n<div class=\"uc-accordion-item\" id=\"uc-accordion-item-8\">\n    <h3 class=\"uc-accordion-item__title no-default-margin\">    <button class=\"uc-accordion-item__button\"\n            id=\"uc-accordion-item-8-button\"\n            aria-expanded=\"false\"\n            aria-controls=\"uc-accordion-item-8-content\">\n        VII. COOKIES E TECNOLOGIAS DE RASTREAMENTO    <\/button>\n    <\/h3>    <div class=\"uc-accordion-item__content\"\n         id=\"uc-accordion-item-8-content\"\n         aria-labelledby=\"uc-accordion-item-8-button\">\n        <div class=\"uc-accordion-item__content__inner\">\n            <h3>1. <strong>O que s\u00e3o cookies &amp; cia.? <\/strong><\/h3>\n<p><strong>Cookies de navegador da internet <\/strong><\/p>\n<p><span style=\"font-weight: 400\">Um cookie de navegador \u00e9 um pequeno arquivo de texto que \u00e9 enviado de um site ao seu computador ou dispositivo m\u00f3vel onde s\u00e3o armazenados por seu navegador de internet. Cookies de navegador podem armazenar informa\u00e7\u00f5es como o seu endere\u00e7o IP ou outro identificador, o tipo de seu navegador e informa\u00e7\u00f5es sobre os conte\u00fados que voc\u00ea acessa nos servi\u00e7os digitais e com os quais voc\u00ea interage. Pelo armazenamento de tais informa\u00e7\u00f5es, cookies de navegador podem armazenar suas prefer\u00eancias e configura\u00e7\u00f5es para servi\u00e7os online e analisar como voc\u00ea utiliza servi\u00e7os online.\u00a0 <\/span><\/p>\n<p><span style=\"font-weight: 400\"><strong>Tecnologias de rastreamento: Beacons da internet\/Gifs, pixels, tags de p\u00e1ginas, sripts<\/strong><\/span><\/p>\n<p><span style=\"font-weight: 400\">e-mails e aplica\u00e7\u00f5es m\u00f3veis podem conter pequenos arquivos transparentes de imagens ou linhas de c\u00f3digo para registrar como voc\u00ea interage com eles. Estas informa\u00e7\u00f5es s\u00e3o utilizadas para dar suporte a publicadores de sites e apps para que analisem e melhorem seus servi\u00e7os.\u00a0 <\/span><\/p>\n<h3>2. <strong>Utiliza\u00e7\u00e3o, fundamenta\u00e7\u00e3o legal e finalidade <\/strong><\/h3>\n<p><span style=\"font-weight: 400\">N\u00f3s empregamos cookies para estruturar o site para que tenha mais facilidade no uso. Alguns elementos de nosso site exigem que o navegador acessante tamb\u00e9m possa ser identificado mesmo depois de uma troca de sites.\u00a0 <\/span><\/p>\n<p><span style=\"font-weight: 400\">Antes do consentimento, s\u00e3o colocados 2 cookies funcionais. O cookie \u201cPHPSESSID\u201d \u00e9 utilizado para reconhecer o idioma do navegador e, com isto, mostrar o idioma correto da p\u00e1gina. Ap\u00f3s o fechamento do navegador, este cookie \u00e9 deletado. O cookie \u201cwBounce\u201d cont\u00e9m somente o valor \u201ctrue\u201d. Este valor \u00e9 utilizado para reconhecer se o usu\u00e1rio j\u00e1 viu um pop-up ou n\u00e3o. Caso j\u00e1 tenha interagido com ele, n\u00e3o queremos voltar a mostra-lo por determinado per\u00edodo de tempo.\u00a0 <\/span><\/p>\n<p><span style=\"font-weight: 400\">Al\u00e9m disso, ainda colocamos os dois cookies IAB \u201ceuconsent\u201d e \u201ceupubconsent\u201d. Nestes cookies, \u00e9 armazenado quando um usu\u00e1rio n\u00e3o pode ser rastreado. O mesmo vale para o armazenamento de dados no armazenamento local. Isto serve somente para nos lembrar quando um usu\u00e1rio n\u00e3o deu seu consentimento. Caso contr\u00e1rio, precisar\u00edamos perguntar isto novamente a cada acesso \u00e0 p\u00e1gina.\u00a0 <\/span><\/p>\n<p><span style=\"font-weight: 400\">Os chamados cookies, bem como o armazenamento dos dados no armazenamento local permitem, assim, apenas funcionalidades que contribuem para uma experi\u00eancia de usu\u00e1rio positiva em nosso site. Sem consentimento, n\u00e3o colocamos cookies com dados pessoais.\u00a0 <\/span><\/p>\n<p><span style=\"font-weight: 400\">Al\u00e9m disso, utilizamos cookies em nosso site que permitem uma an\u00e1lise do comportamento de navega\u00e7\u00e3o dos usu\u00e1rios.\u00a0 No acesso ao nosso site, o usu\u00e1rio \u00e9 informado sobe a utiliza\u00e7\u00e3o de cookies para fins de an\u00e1lise e seu consentimento para o processamento dos dados pessoais utilizados neste contexto \u00e9 coletada. Neste contexto, tamb\u00e9m ocorre uma indica\u00e7\u00e3o para a presente declara\u00e7\u00e3o de prote\u00e7\u00e3o de dados.\u00a0 <\/span><\/p>\n<p><span style=\"font-weight: 400\">A fundamenta\u00e7\u00e3o legal para o processamento de dados pessoais mediante utiliza\u00e7\u00e3o de cookies tecnicamente necess\u00e1rios \u00e9 o art. 6 al\u00ednea 1 letra f do RGPD.\u00a0 <\/span><\/p>\n<p><span style=\"font-weight: 400\">O fundamento legal para o processamento de dados pessoais \u00e9, mediante utiliza\u00e7\u00e3o de cookies para fins de an\u00e1lise com consentimento do usu\u00e1rio relativo a isto, o art. 6 al\u00ednea 1 letra a do RGPD.\u00a0 <\/span><\/p>\n<p><span style=\"font-weight: 400\">A finalidade da utiliza\u00e7\u00e3o de cookies tecnicamente necess\u00e1rios \u00e9 simplificar a utiliza\u00e7\u00e3o de sites para os usu\u00e1rios. Algumas fun\u00e7\u00f5es de nosso site n\u00e3o podem ser ofertadas sem o emprego de cookies. Para estes \u00e9 necess\u00e1rio que o navegador tamb\u00e9m seja reconhecido ap\u00f3s uma troca de sites. Necessitamos de cookies para as aplica\u00e7\u00f5es a seguir: Aplica\u00e7\u00e3o de configura\u00e7\u00f5es de idioma. Os dados de usu\u00e1rio coletados por cookies tecnicamente necess\u00e1rios n\u00e3o s\u00e3o usados para a elabora\u00e7\u00e3o de perfis de usu\u00e1rios.\u00a0 <\/span><\/p>\n<p><span style=\"font-weight: 400\">A utiliza\u00e7\u00e3o dos cookies de an\u00e1lise destina-se \u00e0 finalidade de melhorar a qualidade de nosso site e de seus conte\u00fados. Por meio de cookies de an\u00e1lise, descobrimos como o site \u00e9 utilizado e podemos, assim, melhorar nossa oferta constantemente.\u00a0 <\/span><\/p>\n<h3>3. <strong>Dura\u00e7\u00e3o do armazenamento, possibilidade de revoga\u00e7\u00e3o e elimina\u00e7\u00e3o <\/strong><\/h3>\n<p><span style=\"font-weight: 400\">Os cookies s\u00e3o armazenados no computador do usu\u00e1rio e transmitidos por este ao nosso site. Por isto, voc\u00ea, enquanto usu\u00e1rio, tem pleno controle sobre a utiliza\u00e7\u00e3o de cookies. Por meio de altera\u00e7\u00e3o das configura\u00e7\u00f5es em seu navegador na internet, voc\u00ea pode desativar ou restringir a transmiss\u00e3o de cookies. Cookies j\u00e1 armazenados podem ser deletados a qualquer momento. Isto tamb\u00e9m pode ocorrer de forma automatizada. Se os cookies forem desativados para nosso site, possivelmente n\u00e3o seja poss\u00edvel utilizar plenamente todas as fun\u00e7\u00f5es do site.<\/span><\/p>\n        <\/div>\n    <\/div>\n<\/div>\n\n\n<div class=\"uc-accordion-item\" id=\"uc-accordion-item-9\">\n    <h3 class=\"uc-accordion-item__title no-default-margin\">    <button class=\"uc-accordion-item__button\"\n            id=\"uc-accordion-item-9-button\"\n            aria-expanded=\"false\"\n            aria-controls=\"uc-accordion-item-9-content\">\n        VIII. TECNOLOGIAS IMPLEMENTADAS    <\/button>\n    <\/h3>    <div class=\"uc-accordion-item__content\"\n         id=\"uc-accordion-item-9-content\"\n         aria-labelledby=\"uc-accordion-item-9-button\">\n        <div class=\"uc-accordion-item__content__inner\">\n            <div class=\"uc-embed\" uc-layout=\"1\" uc-embed-type=\"all\"\n                                                                       uc-embed-show-toggle=\"true\"><\/div>\n<h3><b>Matomo Opt-Out<\/b><\/h3>\n        <\/div>\n    <\/div>\n<\/div>\n\n\n<div class=\"uc-accordion-item\" id=\"uc-accordion-item-10\">\n    <h3 class=\"uc-accordion-item__title no-default-margin\">    <button class=\"uc-accordion-item__button\"\n            id=\"uc-accordion-item-10-button\"\n            aria-expanded=\"false\"\n            aria-controls=\"uc-accordion-item-10-content\">\n        IX. MENORES DE IDADE    <\/button>\n    <\/h3>    <div class=\"uc-accordion-item__content\"\n         id=\"uc-accordion-item-10-content\"\n         aria-labelledby=\"uc-accordion-item-10-button\">\n        <div class=\"uc-accordion-item__content__inner\">\n            <p><span style=\"font-weight: 400\">Nossos servi\u00e7os n\u00e3o s\u00e3o destinados a crian\u00e7as menores de 13 anos. N\u00e3o coletamos dados de crian\u00e7as menores de 13 anos conscientemente. Se n\u00e3o tiver alcan\u00e7ado esta idade, n\u00e3o utilize os servi\u00e7os e n\u00e3o nos d\u00ea seus dados pessoais. Se for pai de uma crian\u00e7a abaixo deste limite de idade e tiver conhecimento de que seu filho transmitiu dados pessoais \u00e0 Usercentrics, favor entrar em contato conosco em <a href=\"mailto:privacy@usercentrics.com\">privacy@usercentrics.com<\/a> e demande o exerc\u00edcio de seus direitos de acesso, corre\u00e7\u00e3o, dele\u00e7\u00e3o e\/ou revoga\u00e7\u00e3o. Se for residente da Calif\u00f3rnia e ainda n\u00e3o tiver 18 anos de idade e quiser deletar conte\u00fados acess\u00edveis ao p\u00fablico, entre em contato conosco em <a href=\"mailto:privacy@usercentrics.com\">privacy@ usercentrics.com<\/a>.<\/span><\/p>\n        <\/div>\n    <\/div>\n<\/div>\n\n\n<div class=\"uc-accordion-item\" id=\"uc-accordion-item-11\">\n    <h3 class=\"uc-accordion-item__title no-default-margin\">    <button class=\"uc-accordion-item__button\"\n            id=\"uc-accordion-item-11-button\"\n            aria-expanded=\"false\"\n            aria-controls=\"uc-accordion-item-11-content\">\n        X. SEUS DIREITOS    <\/button>\n    <\/h3>    <div class=\"uc-accordion-item__content\"\n         id=\"uc-accordion-item-11-content\"\n         aria-labelledby=\"uc-accordion-item-11-button\">\n        <div class=\"uc-accordion-item__content__inner\">\n            <p><span style=\"font-weight: 400\">Caso haja processamento de seus dados pessoais, voc\u00ea \u00e9 pessoa afetada no sentido do RGPD e os direitos a seguir perante n\u00f3s lhe assistem \u2013\u00a0 ap\u00f3s identifica\u00e7\u00e3o com sucesso:<\/span><\/p>\n<h3>1.<strong> Direito \u00e0 informa\u00e7\u00e3o <\/strong><\/h3>\n<p><span style=\"font-weight: 400\">Voc\u00ea pode exigir de nossa empresa uma confirma\u00e7\u00e3o de que processamos dados pessoais que afetam sua pessoa.\u00a0\u00a0<\/span><\/p>\n<p><span style=\"font-weight: 400\">Caso haja tal processamento, conforme RGPD, voc\u00ea pode exigir de n\u00f3s informa\u00e7\u00f5es sobre um grande n\u00famero de situa\u00e7\u00f5es como, por exemplo <\/span><\/p>\n<p>(1) <span style=\"font-weight: 400\">as finalidades para as quais seus dados pessoais s\u00e3o processados;<\/span><\/p>\n<p>(2) <span style=\"font-weight: 400\">as categorias de seus dados pessoais que s\u00e3o processados;<\/span><\/p>\n<p>(3) <span style=\"font-weight: 400\">os destinat\u00e1rios ou as categorias de destinat\u00e1rios perante os quais seus dados pessoais foram revelados ou ainda s\u00e3o revelados;<\/span><\/p>\n<p>(4) <span style=\"font-weight: 400\">a dura\u00e7\u00e3o planejada do armazenamento de seus dados pessoais ou, caso n\u00e3o sejam poss\u00edveis informa\u00e7\u00f5es concretas sobre isto,os crit\u00e9rios para a determina\u00e7\u00e3o da dura\u00e7\u00e3o de armazenamento;<\/span><\/p>\n<p>(5) <span style=\"font-weight: 400\">a exist\u00eancia de um direito de retifica\u00e7\u00e3o ou dele\u00e7\u00e3o de seus dados pessoais, um direito de restri\u00e7\u00e3o do processamento por nossa empresa ou\u00a0 um direito de revoga\u00e7\u00e3o deste processamento; <\/span><\/p>\n<p>(6) <span style=\"font-weight: 400\">a exist\u00eancia de um direito de queixa perante autoridade de supervis\u00e3o;<\/span><\/p>\n<p>(7) <span style=\"font-weight: 400\">todas as informa\u00e7\u00f5es dispon\u00edveis sobre a origem de seus dados pessoais, desde que seus dados pessoais n\u00e3o foram coletados de voc\u00ea mesmo; <\/span><\/p>\n<p>(8) <span style=\"font-weight: 400\">a exist\u00eancia de uma tomada de decis\u00e3o automatizada, incluindo profiling conforme art. 22 al\u00ednea 1 e 4 do RGPD e &#8211; ao menos nestes casos &#8211; informa\u00e7\u00f5es sobre a l\u00f3gica envolvida, bem como o alcance e os efeitos almejados de tal processamento para a pessoa afetada.<\/span><\/p>\n<p><span style=\"font-weight: 400\">Voc\u00ea tem o direito de exigir informa\u00e7\u00f5es sobre se os dados pessoas que o afetam s\u00e3o transmitidos a outro pa\u00eds ou a uma organiza\u00e7\u00e3o internacional. Neste contexto, voc\u00ea pode exigir ser informado sobre as garantias conforme art. 46 do RGPD em conex\u00e3o com a transmiss\u00e3o. <\/span><\/p>\n<h3><strong>2. Direito \u00e0 retifica\u00e7\u00e3o <\/strong><\/h3>\n<p><span style=\"font-weight: 400\">Voc\u00ea tem direito \u00e0 retifica\u00e7\u00e3o e\/ou complementa\u00e7\u00e3o de seus dados pessoais, desde que estes dados estejam incorretos ou incompletos. N\u00f3s realizaremos a retifica\u00e7\u00e3o imediatamente. <\/span><\/p>\n<h3><strong>3. Direito \u00e0 restri\u00e7\u00e3o do processamento <\/strong><\/h3>\n<p><span style=\"font-weight: 400\">Em determinadas circunst\u00e2ncias, voc\u00ea pode exigir a restri\u00e7\u00e3o do processamento de seus dados pessoais.<\/span><\/p>\n<p>(1) <span style=\"font-weight: 400\">se voc\u00ea contestar a corre\u00e7\u00e3o dos dados pessoais que o afetam por um prazo que nos permita verificar a corre\u00e7\u00e3o dos dados pessoais;<\/span><\/p>\n<p>(2) <span style=\"font-weight: 400\">quando o processamento for irregular e voc\u00ea recusar a dele\u00e7\u00e3o de seus dados pessoais e, ao inv\u00e9s disso, exigir a restri\u00e7\u00e3o do uso de seus dados pessoais;<\/span><\/p>\n<p>(3) <span style=\"font-weight: 400\">se n\u00f3s n\u00e3o precisarmos mais de seus dados pessoais para as finalidades do processamento, mas voc\u00ea precisar deles para fazer valer, exercer ou defender seus direitos, ou <\/span><\/p>\n<p>(4) <span style=\"font-weight: 400\">se voc\u00ea tiver revogado o processamento e ainda n\u00e3o estiver certo se os motivos de justificativa de nosso grupo empresarial e afiliadas conectadas prevalecem sobre seus motivos.\u00a0\u00a0<\/span><\/p>\n<p><span style=\"font-weight: 400\">Se o processamento de seus dados pessoais tiver sido restrito, s\u00f3 poderemos processar estes dados \u2013 exceto armazenamento \u2013 com seu consentimento ou para fazer valer, exercer ou defender direitos ou para a prote\u00e7\u00e3o dos direitos de outra pessoa f\u00edsica ou jur\u00eddica.\u00a0\u00a0<\/span><\/p>\n<p><span style=\"font-weight: 400\">Se a restri\u00e7\u00e3o do processamento conforme os requisitos supramencionados tiver sido restrita, voc\u00ea ser\u00e1 informado antes da suspens\u00e3o da restri\u00e7\u00e3o.\u00a0 <\/span><\/p>\n<h3><strong>4. Direito \u00e0 dele\u00e7\u00e3o <\/strong><\/h3>\n<p><span style=\"font-weight: 400\">Voc\u00ea pode exigir de n\u00f3s que seus dados pessoais sejam imediatamente deletados e n\u00f3s somos obrigados a deletar estes dados imediatamente, desde que um dos motivos a seguir exista: <\/span><\/p>\n<p>(1) <span style=\"font-weight: 400\">Seus dados pessoais n\u00e3o s\u00e3o mais necess\u00e1rios para os fins para os quais foram coletados ou de outra forma processados;<\/span><\/p>\n<p>(2) <span style=\"font-weight: 400\">voc\u00ea revoga seu consentimento, sobre o qual baseava o processamento em conformidade com art. 6 al\u00ednea 1 letra a ou art. 9 al\u00ednea 2 letra a do RGPD e n\u00e3o h\u00e1 outra fundamenta\u00e7\u00e3o legal para o processamento.<\/span><\/p>\n<p>(3) <span style=\"font-weight: 400\">Voc\u00ea interp\u00f5e obje\u00e7\u00e3o conforme art. 21 al\u00ednea 1 do RGPD contra o processamento e n\u00e3o h\u00e1 motivos justificativos priorit\u00e1rios para o processamento ou voc\u00ea interp\u00f5e obje\u00e7\u00e3o conforme art. 21 al\u00ednea 2 do RGPD contra o processamento.<\/span><\/p>\n<p>(4) <span style=\"font-weight: 400\">Os dados pessoais que o afetam foram processados irregularmente.<\/span><\/p>\n<p>(5) <span style=\"font-weight: 400\">A dele\u00e7\u00e3o dos dados pessoais que o afetam \u00e9 necess\u00e1ria para cumprimento de obriga\u00e7\u00e3o legal segundo a legisla\u00e7\u00e3o da Uni\u00e3o ou dos Estados-membros a que o respons\u00e1vel est\u00e1 sujeito. <\/span><\/p>\n<p><span style=\"font-weight: 400\">Caso tenhamos tornado p\u00fablicos os seus dados pessoais e estivermos, conforme art. 17 al\u00ednea 1 do RGPD, obrigados \u00e0 dele\u00e7\u00e3o, precisamos tomar medidas adequadas mediante considera\u00e7\u00e3o da tecnologia dispon\u00edvel e dos custos de implanta\u00e7\u00e3o para informar outras empresas que processam seus dados pessoais que voc\u00ea exigiu delas a dele\u00e7\u00e3o de todos os links para seus dados pessoais (bem como de todas as c\u00f3pias destes) (\u201cDireito ao Esquecimento\u201d)\u00a0\u00a0<\/span><span style=\"font-weight: 400\">O direito \u00e0 dele\u00e7\u00e3o n\u00e3o existe na medida em que o processamento \u00e9 necess\u00e1rio<\/span><\/p>\n<p>(1) <span style=\"font-weight: 400\">para o exerc\u00edcio do direito \u00e0 livre express\u00e3o e \u00e0 informa\u00e7\u00e3o;<\/span><\/p>\n<p>(2) <span style=\"font-weight: 400\">para cumprimento de obriga\u00e7\u00e3o legal que exige o processamento segundo a legisla\u00e7\u00e3o da Uni\u00e3o ou dos Estados-membros a que o respons\u00e1vel est\u00e1 sujeito, ou para realiza\u00e7\u00e3o de tarefa no interesse p\u00fablico ou ocorre por for\u00e7a do poder p\u00fablico transmitido ao respons\u00e1vel;<\/span><\/p>\n<p>(3) <span style=\"font-weight: 400\">por motivos de interesse p\u00fablico no \u00e2mbito da sa\u00fade p\u00fablica conforme art. 9 al\u00ednea 2 letras h e i, bem como art. 9 al\u00ednea 3 do RGPD, ou <\/span><\/p>\n<p>(4) <span style=\"font-weight: 400\">para fazer valer, exerc\u00edcio ou defesa de direitos. <\/span><\/p>\n<h3>5.<strong> Direito \u00e0 instru\u00e7\u00e3o de terceiros por parte de nossa empresa <\/strong><\/h3>\n<p><span style=\"font-weight: 400\">Se tiver exercido o direito \u00e0 retifica\u00e7\u00e3o, dele\u00e7\u00e3o ou restri\u00e7\u00e3o do processamento perante nossa empresa, somos obrigados a comunicar a todos os destinat\u00e1rios, aos quais revelamos seus dados pessoais desta retifica\u00e7\u00e3o ou dele\u00e7\u00e3o dos dados ou restri\u00e7\u00e3o do processamento, a n\u00e3o ser que isto se demonstre imposs\u00edvel ou esteja relacionado a um empenho desproporcional. Assiste-lhe o direito de ser informado por n\u00f3s sobre estes destinat\u00e1rios.\u00a0 <\/span><\/p>\n<h3><strong>6. Direito \u00e0 portabilidade de dados <\/strong><\/h3>\n<p><span style=\"font-weight: 400\">Voc\u00ea tem o direito de receber de n\u00f3s os dados pessoais que o afetam e que voc\u00ea nos disponibilizou em formato estruturado corrente e leg\u00edvel por m\u00e1quina. Al\u00e9m disso, voc\u00ea tem o direito de transmitir estes dados a outro respons\u00e1vel sem impedimento do respons\u00e1vel a quem os direitos pessoais foram disponibilizados, desde que<\/span><\/p>\n<p>(1) <span style=\"font-weight: 400\">o processamento basear em consentimento conforme art. 6 al\u00ednea 1 letra a do RGPD ou art. 9 al\u00ednea 2 letra a do RGPD ou em contrato conforme art. 6 al\u00ednea 1 letra b do RGPD e<\/span><\/p>\n<p>(2) <span style=\"font-weight: 400\">o processamento ocorrer com aux\u00edlio de procedimento automatizado.<\/span><\/p>\n<p><span style=\"font-weight: 400\">No exerc\u00edcio deste direito, voc\u00ea tem ainda o direito para fazer com que os dados pessoais que o afetam sejam transmitidos diretamente de um respons\u00e1vel a outro respons\u00e1vel, desde que isto seja tecnicamente poss\u00edvel. Liberdades e direitos de outras pessoas n\u00e3o podem ser afetados diversamente por isto.\u00a0\u00a0<\/span><\/p>\n<p><span style=\"font-weight: 400\">O direito \u00e0 portabilidade de dados n\u00e3o vale para um processamento de dados pessoais que \u00e9 necess\u00e1rio para a realiza\u00e7\u00e3o de tarefa no interesse p\u00fablico ou no exerc\u00edcio de poder p\u00fablico transmitido ao respons\u00e1vel. <\/span><\/p>\n<h3><strong>7. Direito \u00e0 obje\u00e7\u00e3o <\/strong><\/h3>\n<p><span style=\"font-weight: 400\">Voc\u00ea tem o direito, por motivos oriundos de sua situa\u00e7\u00e3o especial, a interpor obje\u00e7\u00e3o a qualquer tempo contra o processamento dos dados pessoais que o afetam, que ocorre com base no art. 6 al\u00ednea 1 letra e ou f do RGPD; isto tamb\u00e9m vale para um profiling baseado nestes dispositivos.\u00a0\u00a0<\/span><\/p>\n<p><span style=\"font-weight: 400\">N\u00f3s n\u00e3o processaremos mais os dados pessoais que o afetam neste caso, a n\u00e3o ser que haja motivos mandat\u00f3rios de prote\u00e7\u00e3o para o processamento que prevale\u00e7am sobre seus interesses, direitos e liberdades, ou o processamento serve para fazer valer, exercer ou defender direitos.\u00a0\u00a0<\/span><\/p>\n<p><span style=\"font-weight: 400\">Caso os dados pessoais que o afetam sejam processados para operar publicidade direta, voc\u00ea tem o direito a interpor obje\u00e7\u00e3o a qualquer tempo contra o processamento dos dados pessoais que o afetam para fins de publicidade desta natureza; isto vale tamb\u00e9m para o profiling, desde que esteja em conex\u00e3o com tal publicidade direta.\u00a0\u00a0<\/span><\/p>\n<p><span style=\"font-weight: 400\">Se voc\u00ea interpuser obje\u00e7\u00e3o do processamento para fins de publicidade direta, n\u00f3s n\u00e3o mais processaremos os dados pessoais que o afetam para estes fins.\u00a0 <\/span><\/p>\n<h3>8. <strong>Direito \u00e0 revoga\u00e7\u00e3o da declara\u00e7\u00e3o de consentimento relativa \u00e0 prote\u00e7\u00e3o de dados <\/strong><\/h3>\n<p><span style=\"font-weight: 400\">Voc\u00ea tem o direito de revogar a sua declara\u00e7\u00e3o de consentimento relativa \u00e0 prote\u00e7\u00e3o de dados a qualquer momento. Por meio da revoga\u00e7\u00e3o do consentimento, a legalidade do processamento ocorrido com base no consentimento at\u00e9 a revoga\u00e7\u00e3o n\u00e3o \u00e9 afetada. <\/span><\/p>\n<h3>9. Automated decision on a case-by-case basis, including profiling<\/h3>\n<p><span style=\"font-weight: 400\">Voc\u00ea tem o direito de n\u00e3o ser sujeitado a uma decis\u00e3o baseada exclusivamente em processamento automatizado \u2013 incluindo profiling \u2013 que desenvolva efeito legal perante voc\u00ea ou que de forma semelhante o afete de forma relevante adversa.\u00a0\u00a0<\/span><\/p>\n<p><span style=\"font-weight: 400\">Isto n\u00e3o vale se a decis\u00e3o<\/span><\/p>\n<p>(1) <span style=\"font-weight: 400\">for necess\u00e1ria para a celebra\u00e7\u00e3o ou cumprimento de contrato entre voc\u00ea e n\u00f3s,<\/span><\/p>\n<p>(2) <span style=\"font-weight: 400\">por conta das determina\u00e7\u00f5es legais da Uni\u00e3o ou dos Estados-membros a que o respons\u00e1vel est\u00e1 sujeito, seja permitida e estas determina\u00e7\u00f5es legais contenham medidas adequadas para a preserva\u00e7\u00e3o de seus direitos e liberdades, bem como seus direitos justificados ou<\/span><\/p>\n<p>(3) <span style=\"font-weight: 400\">ocorrer com seu consentimento expresso.\u00a0 <\/span><\/p>\n<p><span style=\"font-weight: 400\">Relativamente aos casos citados em (1) e (3), o respons\u00e1vel toma medidas adequadas para preservar os direitos e liberdades, bem como seus direitos justificados, o que inclui o direito para realiza\u00e7\u00e3o da interfer\u00eancia de pessoa de nossa empresa sobre a apresenta\u00e7\u00e3o do pr\u00f3prio ponto de vista e a contesta\u00e7\u00e3o da decis\u00e3o.\u00a0 <\/span><\/p>\n<h3><strong>10. Direito \u00e0 queixa perante autoridade de supervis\u00e3o <\/strong><\/h3>\n<p><span style=\"font-weight: 400\">Sem preju\u00edzo de outro rem\u00e9dio administrativo ou jur\u00eddico, assiste-lhe o direito \u00e0 queixa perante autoridade de supervis\u00e3o, em especial no Estado-membro de seu domic\u00edlio, seu local de trabalho ou no local da suposta viola\u00e7\u00e3o, se for da opini\u00e3o que o processamento dos dados pessoais que o afetam viola o RGPD. Nomes e informa\u00e7\u00f5es de contato das autoridades competentes na Uni\u00e3o Europeia podem ser encontrados em <a href=\"https:\/\/ec.europa.eu\/justice\/article-29\/structure\/data-protection-authorities\/index_en.htm\" target=\"_blank\" rel=\"noopener\">https:\/\/ec.europa.eu\/justice\/article-29\/structure\/data-protection-authorities\/index_en.htm<\/a><\/span><\/p>\n<p><span style=\"font-weight: 400\">A autoridade de supervis\u00e3o a quem a queixa for apresentada, instrui o queixoso sobre o estado e os resultados da queixa, incluindo a possibilidade de rem\u00e9dio jur\u00eddico conforme art. 78 RGPD.<\/span><\/p>\n        <\/div>\n    <\/div>\n<\/div>\n\n\n<div class=\"uc-accordion-item\" id=\"uc-accordion-item-12\">\n    <h3 class=\"uc-accordion-item__title no-default-margin\">    <button class=\"uc-accordion-item__button\"\n            id=\"uc-accordion-item-12-button\"\n            aria-expanded=\"false\"\n            aria-controls=\"uc-accordion-item-12-content\">\n        XI. SEGURAN\u00c7A E INTEGRIDADE DOS DADOS     <\/button>\n    <\/h3>    <div class=\"uc-accordion-item__content\"\n         id=\"uc-accordion-item-12-content\"\n         aria-labelledby=\"uc-accordion-item-12-button\">\n        <div class=\"uc-accordion-item__content__inner\">\n            <p><span style=\"font-weight: 400\">A prote\u00e7\u00e3o dos dados que voc\u00ea nos forneceu ou que obtivemos sobre voc\u00ea tem prioridade para n\u00f3s. Tomamos medidas adequadas de seguran\u00e7a para proteger seus dados de perda, mau uso e acesso, altera\u00e7\u00e3o, divulga\u00e7\u00e3o ou destrui\u00e7\u00e3o n\u00e3o autorizados. A Usercentrics tomou medidas para garantir a confidencialidade, integridade, disponibilidade e seguran\u00e7a correntes contra parada de sistemas e servi\u00e7os que processam dados pessoais e recuperar\u00e1 a disponibilidade e o acesso das informa\u00e7\u00f5es em caso de ocorr\u00eancia f\u00edsica ou t\u00e9cnica em tempo.<\/span><\/p>\n        <\/div>\n    <\/div>\n<\/div>\n\n\n<div class=\"uc-accordion-item\" id=\"uc-accordion-item-13\">\n    <h3 class=\"uc-accordion-item__title no-default-margin\">    <button class=\"uc-accordion-item__button\"\n            id=\"uc-accordion-item-13-button\"\n            aria-expanded=\"false\"\n            aria-controls=\"uc-accordion-item-13-content\">\n        XII. ATUALIZA\u00c7\u00d5ES    <\/button>\n    <\/h3>    <div class=\"uc-accordion-item__content\"\n         id=\"uc-accordion-item-13-content\"\n         aria-labelledby=\"uc-accordion-item-13-button\">\n        <div class=\"uc-accordion-item__content__inner\">\n            <p><span style=\"font-weight: 400\">N\u00f3s nos reservamos o direito de atualizar esta declara\u00e7\u00e3o de prote\u00e7\u00e3o de dados de tempos em tempos. Caso realizemos altera\u00e7\u00f5es substanciais que restrinjam seus direitos ou as obriga\u00e7\u00f5es da Usercentrics no \u00e2mbito desta declara\u00e7\u00e3o de prote\u00e7\u00e3o de dados, n\u00f3s publicaremos nesta se\u00e7\u00e3o da declara\u00e7\u00e3o de dados uma instru\u00e7\u00e3o clara que informa os usu\u00e1rios quando esta for atualizada.<\/span><\/p>\n        <\/div>\n    <\/div>\n<\/div>\n\n\n\n\n\n\n\n<p data-pm-slice=\"1 1 []\">Clicar <a href=\"https:\/\/usercentrics.com\/pt\/declaracao-de-protecao-de-dados\/\" target=\"_blank\" rel=\"noopener\">aqui<\/a> para ver a Declara\u00e7\u00e3o de Prote\u00e7\u00e3o de Dados v\u00e1lida a partir de agosto de 2023.<\/p>\n\n<\/div>\n<\/div>","protected":false},"excerpt":{"rendered":"","protected":false},"author":6,"featured_media":0,"parent":0,"menu_order":0,"comment_status":"closed","ping_status":"closed","template":"","meta":{"_acf_changed":false,"editor_notices":[],"footnotes":""},"class_list":["post-3767","page","type-page","status-publish","hentry"],"acf":[],"yoast_head":"<title>Declara\u00e7\u00e3o de Prote\u00e7\u00e3o de Dados da Usercentrics<\/title>\n<meta name=\"description\" content=\"Na Declara\u00e7\u00e3o de Prote\u00e7\u00e3o de Dados da Usercentrics, voc\u00ea encontra todas as informa\u00e7\u00f5es necess\u00e1rias sobre dados coletados e processados, bem como todas as tecnologias que usamos neste site.\" \/>\n<meta name=\"robots\" content=\"noindex, nofollow\" \/>\n<meta property=\"og:locale\" content=\"pt_BR\" \/>\n<meta property=\"og:type\" content=\"article\" \/>\n<meta property=\"og:title\" content=\"Privacy Policy valid until November\" \/>\n<meta property=\"og:description\" content=\"Na Declara\u00e7\u00e3o de Prote\u00e7\u00e3o de Dados da Usercentrics, voc\u00ea encontra todas as informa\u00e7\u00f5es necess\u00e1rias sobre dados coletados e processados, bem como todas as tecnologias que usamos neste site.\" \/>\n<meta property=\"og:url\" content=\"https:\/\/usercentrics.com\/pt\/declaracao-protecao-de-dados-ate-nov-2022\/\" \/>\n<meta property=\"og:site_name\" content=\"Consent Management Platform (CMP) Usercentrics\" \/>\n<meta property=\"article:publisher\" content=\"https:\/\/www.facebook.com\/usercentrics\" \/>\n<meta property=\"article:modified_time\" content=\"2025-11-17T06:22:13+00:00\" \/>\n<meta property=\"og:image\" content=\"https:\/\/usercentrics.com\/pt\/wp-content\/uploads\/sites\/3\/2024\/09\/Asset-93-100.jpg\" \/>\n\t<meta property=\"og:image:width\" content=\"1201\" \/>\n\t<meta property=\"og:image:height\" content=\"631\" \/>\n\t<meta property=\"og:image:type\" content=\"image\/jpeg\" \/>\n<meta name=\"twitter:card\" content=\"summary_large_image\" \/>\n<meta name=\"twitter:site\" content=\"@usercentrics\" \/>\n<script type=\"application\/ld+json\" class=\"yoast-schema-graph\">{\"@context\":\"https:\\\/\\\/schema.org\",\"@graph\":[{\"@type\":\"WebPage\",\"@id\":\"https:\\\/\\\/usercentrics.com\\\/pt\\\/declaracao-protecao-de-dados-ate-nov-2022\\\/\",\"url\":\"https:\\\/\\\/usercentrics.com\\\/pt\\\/declaracao-protecao-de-dados-ate-nov-2022\\\/\",\"name\":\"Declara\u00e7\u00e3o de Prote\u00e7\u00e3o de Dados da Usercentrics\",\"isPartOf\":{\"@id\":\"https:\\\/\\\/usercentrics.com\\\/pt\\\/#website\"},\"datePublished\":\"2022-12-06T14:21:27+00:00\",\"dateModified\":\"2025-11-17T06:22:13+00:00\",\"description\":\"Na Declara\u00e7\u00e3o de Prote\u00e7\u00e3o de Dados da Usercentrics, voc\u00ea encontra todas as informa\u00e7\u00f5es necess\u00e1rias sobre dados coletados e processados, bem como todas as tecnologias que usamos neste site.\",\"inLanguage\":\"pt-BR\",\"potentialAction\":[{\"@type\":\"ReadAction\",\"target\":\"https:\\\/\\\/usercentrics.com\\\/pt\\\/declaracao-protecao-de-dados-ate-nov-2022\\\/\"}]},{\"@type\":\"WebSite\",\"@id\":\"https:\\\/\\\/usercentrics.com\\\/pt\\\/#website\",\"url\":\"https:\\\/\\\/usercentrics.com\\\/pt\\\/\",\"name\":\"Consent Management Platform (CMP) Usercentrics\",\"description\":\"Consent Management Platform (CMP) Usercentrics\",\"potentialAction\":[{\"@type\":\"SearchAction\",\"target\":{\"@type\":\"EntryPoint\",\"urlTemplate\":\"https:\\\/\\\/usercentrics.com\\\/pt\\\/?s={search_term_string}\"}}],\"inLanguage\":\"pt-BR\"}]}<\/script>","yoast_head_json":{"title":"Declara\u00e7\u00e3o de Prote\u00e7\u00e3o de Dados da Usercentrics","description":"Na Declara\u00e7\u00e3o de Prote\u00e7\u00e3o de Dados da Usercentrics, voc\u00ea encontra todas as informa\u00e7\u00f5es necess\u00e1rias sobre dados coletados e processados, bem como todas as tecnologias que usamos neste site.","robots":{"index":"noindex","follow":"nofollow"},"og_locale":"pt_BR","og_type":"article","og_title":"Privacy Policy valid until November","og_description":"Na Declara\u00e7\u00e3o de Prote\u00e7\u00e3o de Dados da Usercentrics, voc\u00ea encontra todas as informa\u00e7\u00f5es necess\u00e1rias sobre dados coletados e processados, bem como todas as tecnologias que usamos neste site.","og_url":"https:\/\/usercentrics.com\/pt\/declaracao-protecao-de-dados-ate-nov-2022\/","og_site_name":"Consent Management Platform (CMP) Usercentrics","article_publisher":"https:\/\/www.facebook.com\/usercentrics","article_modified_time":"2025-11-17T06:22:13+00:00","og_image":[{"width":1201,"height":631,"url":"https:\/\/usercentrics.com\/pt\/wp-content\/uploads\/sites\/3\/2024\/09\/Asset-93-100.jpg","type":"image\/jpeg"}],"twitter_card":"summary_large_image","twitter_site":"@usercentrics","schema":{"@context":"https:\/\/schema.org","@graph":[{"@type":"WebPage","@id":"https:\/\/usercentrics.com\/pt\/declaracao-protecao-de-dados-ate-nov-2022\/","url":"https:\/\/usercentrics.com\/pt\/declaracao-protecao-de-dados-ate-nov-2022\/","name":"Declara\u00e7\u00e3o de Prote\u00e7\u00e3o de Dados da Usercentrics","isPartOf":{"@id":"https:\/\/usercentrics.com\/pt\/#website"},"datePublished":"2022-12-06T14:21:27+00:00","dateModified":"2025-11-17T06:22:13+00:00","description":"Na Declara\u00e7\u00e3o de Prote\u00e7\u00e3o de Dados da Usercentrics, voc\u00ea encontra todas as informa\u00e7\u00f5es necess\u00e1rias sobre dados coletados e processados, bem como todas as tecnologias que usamos neste site.","inLanguage":"pt-BR","potentialAction":[{"@type":"ReadAction","target":"https:\/\/usercentrics.com\/pt\/declaracao-protecao-de-dados-ate-nov-2022\/"}]},{"@type":"WebSite","@id":"https:\/\/usercentrics.com\/pt\/#website","url":"https:\/\/usercentrics.com\/pt\/","name":"Consent Management Platform (CMP) Usercentrics","description":"Consent Management Platform (CMP) Usercentrics","potentialAction":[{"@type":"SearchAction","target":{"@type":"EntryPoint","urlTemplate":"https:\/\/usercentrics.com\/pt\/?s={search_term_string}"}}],"inLanguage":"pt-BR"}]}},"_links":{"self":[{"href":"https:\/\/usercentrics.com\/pt\/wp-json\/wp\/v2\/pages\/3767","targetHints":{"allow":["GET"]}}],"collection":[{"href":"https:\/\/usercentrics.com\/pt\/wp-json\/wp\/v2\/pages"}],"about":[{"href":"https:\/\/usercentrics.com\/pt\/wp-json\/wp\/v2\/types\/page"}],"author":[{"embeddable":true,"href":"https:\/\/usercentrics.com\/pt\/wp-json\/wp\/v2\/users\/6"}],"replies":[{"embeddable":true,"href":"https:\/\/usercentrics.com\/pt\/wp-json\/wp\/v2\/comments?post=3767"}],"version-history":[{"count":0,"href":"https:\/\/usercentrics.com\/pt\/wp-json\/wp\/v2\/pages\/3767\/revisions"}],"wp:attachment":[{"href":"https:\/\/usercentrics.com\/pt\/wp-json\/wp\/v2\/media?parent=3767"}],"curies":[{"name":"wp","href":"https:\/\/api.w.org\/{rel}","templated":true}]}}